{"id":1230,"date":"2024-06-07T14:35:27","date_gmt":"2024-06-07T17:35:27","guid":{"rendered":"https:\/\/jacareirugby.com.br\/?page_id=1230"},"modified":"2026-03-24T17:26:39","modified_gmt":"2026-03-24T20:26:39","slug":"galeria-de-titulos","status":"publish","type":"page","link":"https:\/\/jacareirugby.com.br\/?page_id=1230","title":{"rendered":"T\u00edtulos"},"content":{"rendered":"\t\t<div data-elementor-type=\"wp-page\" data-elementor-id=\"1230\" class=\"elementor elementor-1230\" data-elementor-post-type=\"page\">\n\t\t\t\t<div class=\"elementor-element elementor-element-bdce632 e-flex e-con-boxed e-con e-parent\" data-id=\"bdce632\" data-element_type=\"container\" data-e-type=\"container\">\n\t\t\t\t\t<div class=\"e-con-inner\">\n\t\t\t\t<div class=\"elementor-element elementor-element-2606168 elementor-nav-menu--dropdown-tablet elementor-nav-menu__text-align-aside elementor-nav-menu--toggle elementor-nav-menu--burger elementor-widget elementor-widget-nav-menu\" data-id=\"2606168\" data-element_type=\"widget\" data-e-type=\"widget\" data-settings=\"{&quot;layout&quot;:&quot;horizontal&quot;,&quot;submenu_icon&quot;:{&quot;value&quot;:&quot;&lt;svg class=\\&quot;e-font-icon-svg e-fas-caret-down\\&quot; viewBox=\\&quot;0 0 320 512\\&quot; xmlns=\\&quot;http:\\\/\\\/www.w3.org\\\/2000\\\/svg\\&quot;&gt;&lt;path d=\\&quot;M31.3 192h257.3c17.8 0 26.7 21.5 14.1 34.1L174.1 354.8c-7.8 7.8-20.5 7.8-28.3 0L17.2 226.1C4.6 213.5 13.5 192 31.3 192z\\&quot;&gt;&lt;\\\/path&gt;&lt;\\\/svg&gt;&quot;,&quot;library&quot;:&quot;fa-solid&quot;},&quot;toggle&quot;:&quot;burger&quot;}\" data-widget_type=\"nav-menu.default\">\n\t\t\t\t<div class=\"elementor-widget-container\">\n\t\t\t\t\t\t\t\t<nav class=\"elementor-nav-menu--main elementor-nav-menu__container elementor-nav-menu--layout-horizontal e--pointer-underline e--animation-fade\">\n\t\t\t\t<ul id=\"menu-1-2606168\" class=\"elementor-nav-menu\"><li class=\"menu-item menu-item-type-custom menu-item-object-custom menu-item-home menu-item-144\"><a href=\"https:\/\/jacareirugby.com.br\/\" class=\"elementor-item\">Home<\/a><\/li>\n<li class=\"menu-item menu-item-type-post_type menu-item-object-page menu-item-1419\"><a href=\"https:\/\/jacareirugby.com.br\/?page_id=1403\" class=\"elementor-item\">Treinos<\/a><\/li>\n<li class=\"menu-item menu-item-type-custom menu-item-object-custom menu-item-home menu-item-1237\"><a href=\"https:\/\/jacareirugby.com.br\/\" class=\"elementor-item\">O Clube<\/a><\/li>\n<li class=\"menu-item menu-item-type-post_type menu-item-object-page menu-item-441\"><a href=\"https:\/\/jacareirugby.com.br\/?page_id=364\" class=\"elementor-item\">Sobre n\u00f3s<\/a><\/li>\n<li class=\"menu-item menu-item-type-post_type menu-item-object-page menu-item-1235\"><a href=\"https:\/\/jacareirugby.com.br\/?page_id=1230\" class=\"elementor-item\">T\u00edtulos<\/a><\/li>\n<li class=\"menu-item menu-item-type-post_type menu-item-object-page menu-item-1345\"><a href=\"https:\/\/jacareirugby.com.br\/?page_id=1305\" class=\"elementor-item\">Premia\u00e7\u00f5es do Clube<\/a><\/li>\n<li class=\"menu-item menu-item-type-post_type menu-item-object-page menu-item-861\"><a href=\"https:\/\/jacareirugby.com.br\/?page_id=843\" class=\"elementor-item\">Not\u00edcias<\/a><\/li>\n<li class=\"menu-item menu-item-type-post_type menu-item-object-page menu-item-442\"><a href=\"https:\/\/jacareirugby.com.br\/?page_id=381\" class=\"elementor-item\">Transpar\u00eancia<\/a><\/li>\n<\/ul>\t\t\t<\/nav>\n\t\t\t\t\t<div class=\"elementor-menu-toggle\" role=\"button\" tabindex=\"0\" aria-label=\"Alternar menu\" aria-expanded=\"false\">\n\t\t\t<svg aria-hidden=\"true\" role=\"presentation\" class=\"elementor-menu-toggle__icon--open e-font-icon-svg e-eicon-menu-bar\" viewBox=\"0 0 1000 1000\" xmlns=\"http:\/\/www.w3.org\/2000\/svg\"><path d=\"M104 333H896C929 333 958 304 958 271S929 208 896 208H104C71 208 42 237 42 271S71 333 104 333ZM104 583H896C929 583 958 554 958 521S929 458 896 458H104C71 458 42 487 42 521S71 583 104 583ZM104 833H896C929 833 958 804 958 771S929 708 896 708H104C71 708 42 737 42 771S71 833 104 833Z\"><\/path><\/svg><svg aria-hidden=\"true\" role=\"presentation\" class=\"elementor-menu-toggle__icon--close e-font-icon-svg e-eicon-close\" viewBox=\"0 0 1000 1000\" xmlns=\"http:\/\/www.w3.org\/2000\/svg\"><path d=\"M742 167L500 408 258 167C246 154 233 150 217 150 196 150 179 158 167 167 154 179 150 196 150 212 150 229 154 242 171 254L408 500 167 742C138 771 138 800 167 829 196 858 225 858 254 829L496 587 738 829C750 842 767 846 783 846 800 846 817 842 829 829 842 817 846 804 846 783 846 767 842 750 829 737L588 500 833 258C863 229 863 200 833 171 804 137 775 137 742 167Z\"><\/path><\/svg>\t\t\t<span class=\"elementor-screen-only\">Menu<\/span>\n\t\t<\/div>\n\t\t\t\t\t<nav class=\"elementor-nav-menu--dropdown elementor-nav-menu__container\" aria-hidden=\"true\">\n\t\t\t\t<ul id=\"menu-2-2606168\" class=\"elementor-nav-menu\"><li class=\"menu-item menu-item-type-custom menu-item-object-custom menu-item-home menu-item-144\"><a href=\"https:\/\/jacareirugby.com.br\/\" class=\"elementor-item\" tabindex=\"-1\">Home<\/a><\/li>\n<li class=\"menu-item menu-item-type-post_type menu-item-object-page menu-item-1419\"><a href=\"https:\/\/jacareirugby.com.br\/?page_id=1403\" class=\"elementor-item\" tabindex=\"-1\">Treinos<\/a><\/li>\n<li class=\"menu-item menu-item-type-custom menu-item-object-custom menu-item-home menu-item-1237\"><a href=\"https:\/\/jacareirugby.com.br\/\" class=\"elementor-item\" tabindex=\"-1\">O Clube<\/a><\/li>\n<li class=\"menu-item menu-item-type-post_type menu-item-object-page menu-item-441\"><a href=\"https:\/\/jacareirugby.com.br\/?page_id=364\" class=\"elementor-item\" tabindex=\"-1\">Sobre n\u00f3s<\/a><\/li>\n<li class=\"menu-item menu-item-type-post_type menu-item-object-page menu-item-1235\"><a href=\"https:\/\/jacareirugby.com.br\/?page_id=1230\" class=\"elementor-item\" tabindex=\"-1\">T\u00edtulos<\/a><\/li>\n<li class=\"menu-item menu-item-type-post_type menu-item-object-page menu-item-1345\"><a href=\"https:\/\/jacareirugby.com.br\/?page_id=1305\" class=\"elementor-item\" tabindex=\"-1\">Premia\u00e7\u00f5es do Clube<\/a><\/li>\n<li class=\"menu-item menu-item-type-post_type menu-item-object-page menu-item-861\"><a href=\"https:\/\/jacareirugby.com.br\/?page_id=843\" class=\"elementor-item\" tabindex=\"-1\">Not\u00edcias<\/a><\/li>\n<li class=\"menu-item menu-item-type-post_type menu-item-object-page menu-item-442\"><a href=\"https:\/\/jacareirugby.com.br\/?page_id=381\" class=\"elementor-item\" tabindex=\"-1\">Transpar\u00eancia<\/a><\/li>\n<\/ul>\t\t\t<\/nav>\n\t\t\t\t\t\t<\/div>\n\t\t\t\t<\/div>\n\t\t\t\t\t<\/div>\n\t\t\t\t<\/div>\n\t\t<div class=\"elementor-element elementor-element-2894a02 e-con-full e-flex e-con e-parent\" data-id=\"2894a02\" data-element_type=\"container\" data-e-type=\"container\">\n\t\t<div class=\"elementor-element elementor-element-bbacf31 e-con-full e-flex e-con e-child\" data-id=\"bbacf31\" data-element_type=\"container\" data-e-type=\"container\">\n\t\t\t\t<div class=\"elementor-element elementor-element-bb15045 elementor-widget__width-initial elementor-widget elementor-widget-heading\" data-id=\"bb15045\" data-element_type=\"widget\" data-e-type=\"widget\" data-widget_type=\"heading.default\">\n\t\t\t\t<div class=\"elementor-widget-container\">\n\t\t\t\t\t<h1 class=\"elementor-heading-title elementor-size-default\">Galeria de T\u00edtulos<\/h1>\t\t\t\t<\/div>\n\t\t\t\t<\/div>\n\t\t\t\t<div class=\"elementor-element elementor-element-6b0a54d elementor-widget__width-initial elementor-widget elementor-widget-text-editor\" data-id=\"6b0a54d\" data-element_type=\"widget\" data-e-type=\"widget\" data-widget_type=\"text-editor.default\">\n\t\t\t\t<div class=\"elementor-widget-container\">\n\t\t\t\t\t\t\t\t\t<p><strong>Adulto Masculino<\/strong><\/p>\t\t\t\t\t\t\t\t<\/div>\n\t\t\t\t<\/div>\n\t\t\t\t<div class=\"elementor-element elementor-element-c9be4b1 elementor-widget__width-initial elementor-widget elementor-widget-text-editor\" data-id=\"c9be4b1\" data-element_type=\"widget\" data-e-type=\"widget\" data-widget_type=\"text-editor.default\">\n\t\t\t\t<div class=\"elementor-widget-container\">\n\t\t\t\t\t\t\t\t\t<p><span style=\"color: var( --e-global-color-text ); font-size: var( --e-global-typography-b2ce6af-font-size ); letter-spacing: var( --e-global-typography-b2ce6af-letter-spacing ); text-align: var(--text-align); word-spacing: var( --e-global-typography-b2ce6af-word-spacing );\">,Campe\u00e3o<\/span><\/p>\n<ul>\n<li>Campeonato Brasileiro XV: 2017, 2024, 2025<\/li>\n<li>Campeonato Paulista XV: 2025<\/li>\n<li>Campeonato Brasileiro 7s: 2017, 2018, 2019, 2022<\/li>\n<li>Ta\u00e7a Tupi &#8211; 2\u00aa Divis\u00e3o: 2014, 2016<\/li>\n<li>Campeonato Paulista 7s: 2015, 2026<\/li>\n<li>Copa Caipira XV: 2024<\/li>\n<li>Copa Caipira 7s: 2024<\/li>\n<li>Copa S\u00e3o Paulo XV &#8211; Paulista 2\u00aaD: 2013<\/li>\n<\/ul>\n<p><span style=\"font-size: 16px;\">Vice-Campe\u00e3o<\/span><\/p>\n<ul>\n<li>Campeonato Brasileiro XV: 2022<\/li>\n<li>Campeonato Brasileiro 7s: 2013<\/li>\n<li>Campeonato Paulista XV: 2017, 2023<\/li>\n<\/ul>\n<div>3\u00ba lugar<\/div>\n<ul>\n<li>Campeonato Brasileiro XV: 2023<\/li>\n<li>Campeonato Brasileiro 7s: 2021, 2024<\/li>\n<li>Campeonato Paulista XV: 2018<\/li>\n<li>Campeonato Paulista 7s: 2024<\/li>\n<li>Copa Caipira 7s: 2025<\/li>\n<\/ul>\t\t\t\t\t\t\t\t<\/div>\n\t\t\t\t<\/div>\n\t\t\t\t<\/div>\n\t\t<div class=\"elementor-element elementor-element-059d6ba e-con-full e-flex e-con e-child\" data-id=\"059d6ba\" data-element_type=\"container\" data-e-type=\"container\" data-settings=\"{&quot;background_background&quot;:&quot;classic&quot;}\">\n\t\t\t\t<div class=\"elementor-element elementor-element-7285583 elementor-widget elementor-widget-image\" data-id=\"7285583\" data-element_type=\"widget\" data-e-type=\"widget\" data-widget_type=\"image.default\">\n\t\t\t\t<div class=\"elementor-widget-container\">\n\t\t\t\t\t\t\t\t\t\t\t\t<figure class=\"wp-caption\">\n\t\t\t\t\t\t\t\t\t\t<img fetchpriority=\"high\" decoding=\"async\" width=\"640\" height=\"427\" src=\"https:\/\/jacareirugby.com.br\/wp-content\/uploads\/2024\/06\/Foto-Icaro-Leal-Valendo-Esportes-352-1024x683.jpg\" class=\"attachment-large size-large wp-image-1256\" alt=\"\" srcset=\"https:\/\/jacareirugby.com.br\/wp-content\/uploads\/2024\/06\/Foto-Icaro-Leal-Valendo-Esportes-352-1024x683.jpg 1024w, https:\/\/jacareirugby.com.br\/wp-content\/uploads\/2024\/06\/Foto-Icaro-Leal-Valendo-Esportes-352-300x200.jpg 300w, https:\/\/jacareirugby.com.br\/wp-content\/uploads\/2024\/06\/Foto-Icaro-Leal-Valendo-Esportes-352-768x512.jpg 768w, https:\/\/jacareirugby.com.br\/wp-content\/uploads\/2024\/06\/Foto-Icaro-Leal-Valendo-Esportes-352-1536x1024.jpg 1536w, https:\/\/jacareirugby.com.br\/wp-content\/uploads\/2024\/06\/Foto-Icaro-Leal-Valendo-Esportes-352-2048x1365.jpg 2048w, https:\/\/jacareirugby.com.br\/wp-content\/uploads\/2024\/06\/Foto-Icaro-Leal-Valendo-Esportes-352-1568x1045.jpg 1568w\" sizes=\"(max-width: 640px) 100vw, 640px\" \/>\t\t\t\t\t\t\t\t\t\t\t<figcaption class=\"widget-image-caption wp-caption-text\">Jacare\u00ed Rugby campe\u00e3o brasileiro de XV 2017 - Foto \u00cdcaro Leal\/Jacare\u00ed Rugby<\/figcaption>\n\t\t\t\t\t\t\t\t\t\t<\/figure>\n\t\t\t\t\t\t\t\t\t<\/div>\n\t\t\t\t<\/div>\n\t\t\t\t<div class=\"elementor-element elementor-element-a7d13bd elementor-widget elementor-widget-image\" data-id=\"a7d13bd\" data-element_type=\"widget\" data-e-type=\"widget\" data-widget_type=\"image.default\">\n\t\t\t\t<div class=\"elementor-widget-container\">\n\t\t\t\t\t\t\t\t\t\t\t\t<figure class=\"wp-caption\">\n\t\t\t\t\t\t\t\t\t\t<img decoding=\"async\" width=\"640\" height=\"406\" src=\"https:\/\/jacareirugby.com.br\/wp-content\/uploads\/2024\/06\/Jacarei-Tetracampeao-Sevens-1-1024x650.jpg\" class=\"attachment-large size-large wp-image-1257\" alt=\"\" srcset=\"https:\/\/jacareirugby.com.br\/wp-content\/uploads\/2024\/06\/Jacarei-Tetracampeao-Sevens-1-1024x650.jpg 1024w, https:\/\/jacareirugby.com.br\/wp-content\/uploads\/2024\/06\/Jacarei-Tetracampeao-Sevens-1-300x190.jpg 300w, https:\/\/jacareirugby.com.br\/wp-content\/uploads\/2024\/06\/Jacarei-Tetracampeao-Sevens-1-768x488.jpg 768w, https:\/\/jacareirugby.com.br\/wp-content\/uploads\/2024\/06\/Jacarei-Tetracampeao-Sevens-1-1536x975.jpg 1536w, https:\/\/jacareirugby.com.br\/wp-content\/uploads\/2024\/06\/Jacarei-Tetracampeao-Sevens-1-1568x995.jpg 1568w, https:\/\/jacareirugby.com.br\/wp-content\/uploads\/2024\/06\/Jacarei-Tetracampeao-Sevens-1.jpg 2048w\" sizes=\"(max-width: 640px) 100vw, 640px\" \/>\t\t\t\t\t\t\t\t\t\t\t<figcaption class=\"widget-image-caption wp-caption-text\">Jacare\u00ed Rugby tetracampe\u00e3o brasileiro de Sevens em 2022 - Foto Fotojump<\/figcaption>\n\t\t\t\t\t\t\t\t\t\t<\/figure>\n\t\t\t\t\t\t\t\t\t<\/div>\n\t\t\t\t<\/div>\n\t\t\t\t<\/div>\n\t\t\t\t<\/div>\n\t\t<div class=\"elementor-element elementor-element-2431669 e-flex e-con-boxed e-con e-parent\" data-id=\"2431669\" data-element_type=\"container\" data-e-type=\"container\">\n\t\t\t\t\t<div class=\"e-con-inner\">\n\t\t<div class=\"elementor-element elementor-element-e2e96a2 e-con-full e-flex e-con e-child\" data-id=\"e2e96a2\" data-element_type=\"container\" data-e-type=\"container\">\n\t\t\t\t<div class=\"elementor-element elementor-element-c4881e5 elementor-widget__width-initial elementor-widget elementor-widget-text-editor\" data-id=\"c4881e5\" data-element_type=\"widget\" data-e-type=\"widget\" data-widget_type=\"text-editor.default\">\n\t\t\t\t<div class=\"elementor-widget-container\">\n\t\t\t\t\t\t\t\t\t<p><strong>Adulto Feminino<\/strong><\/p>\t\t\t\t\t\t\t\t<\/div>\n\t\t\t\t<\/div>\n\t\t\t\t<div class=\"elementor-element elementor-element-dae26a2 elementor-widget__width-initial elementor-widget elementor-widget-text-editor\" data-id=\"dae26a2\" data-element_type=\"widget\" data-e-type=\"widget\" data-widget_type=\"text-editor.default\">\n\t\t\t\t<div class=\"elementor-widget-container\">\n\t\t\t\t\t\t\t\t\t<p><span style=\"font-size: 16px;\">Campe\u00e3o<\/span><\/p><ul><li>Campeonato Paulista XV: 2025<\/li><li>Copa Caipira XV: 2025<\/li><\/ul><p><span style=\"color: var( --e-global-color-text ); text-align: var(--text-align); letter-spacing: var( --e-global-typography-b2ce6af-letter-spacing ); word-spacing: var( --e-global-typography-b2ce6af-word-spacing );\">Vice-Campe\u00e3o<\/span><\/p><div><ul><li>Campeonato Paulista de XV: 2023, 2024<\/li><li>Super Sevens &#8211; 2\u00aa divis\u00e3o: 2022, 2024, 2025<\/li><li>Campeonato Paulista de Sevens: 2026<\/li><\/ul><p>3\u00ba lugar<\/p><ul><li>Copa do Brasil XV: 2025<\/li><li>Super Sevens &#8211; 2\u00aa divis\u00e3o: 2023<\/li><li>Campeonato Paulista de 7s: 2024, 2025<\/li><\/ul><\/div><div>\u00a0<\/div>\t\t\t\t\t\t\t\t<\/div>\n\t\t\t\t<\/div>\n\t\t\t\t<\/div>\n\t\t<div class=\"elementor-element elementor-element-35286c5 e-con-full e-flex e-con e-child\" data-id=\"35286c5\" data-element_type=\"container\" data-e-type=\"container\" data-settings=\"{&quot;background_background&quot;:&quot;classic&quot;}\">\n\t\t\t\t<div class=\"elementor-element elementor-element-fd3a67f elementor-widget elementor-widget-image\" data-id=\"fd3a67f\" data-element_type=\"widget\" data-e-type=\"widget\" data-widget_type=\"image.default\">\n\t\t\t\t<div class=\"elementor-widget-container\">\n\t\t\t\t\t\t\t\t\t\t\t\t<figure class=\"wp-caption\">\n\t\t\t\t\t\t\t\t\t\t<img decoding=\"async\" width=\"640\" height=\"480\" src=\"https:\/\/jacareirugby.com.br\/wp-content\/uploads\/2024\/06\/20240427_171701-1024x768.jpg\" class=\"attachment-large size-large wp-image-1258\" alt=\"\" srcset=\"https:\/\/jacareirugby.com.br\/wp-content\/uploads\/2024\/06\/20240427_171701-1024x768.jpg 1024w, https:\/\/jacareirugby.com.br\/wp-content\/uploads\/2024\/06\/20240427_171701-300x225.jpg 300w, https:\/\/jacareirugby.com.br\/wp-content\/uploads\/2024\/06\/20240427_171701-768x576.jpg 768w, https:\/\/jacareirugby.com.br\/wp-content\/uploads\/2024\/06\/20240427_171701-1536x1152.jpg 1536w, https:\/\/jacareirugby.com.br\/wp-content\/uploads\/2024\/06\/20240427_171701-2048x1536.jpg 2048w, https:\/\/jacareirugby.com.br\/wp-content\/uploads\/2024\/06\/20240427_171701-1568x1176.jpg 1568w\" sizes=\"(max-width: 640px) 100vw, 640px\" \/>\t\t\t\t\t\t\t\t\t\t\t<figcaption class=\"widget-image-caption wp-caption-text\">Jacare\u00ed Rugby vice-campe\u00e3o Paulista de XV 2024 - Foto \u00cdcaro Leal\/Jacare\u00ed Rugby<\/figcaption>\n\t\t\t\t\t\t\t\t\t\t<\/figure>\n\t\t\t\t\t\t\t\t\t<\/div>\n\t\t\t\t<\/div>\n\t\t\t\t<\/div>\n\t\t\t\t\t<\/div>\n\t\t\t\t<\/div>\n\t\t<div class=\"elementor-element elementor-element-e686ca5 e-con-full e-flex e-con e-parent\" data-id=\"e686ca5\" data-element_type=\"container\" data-e-type=\"container\">\n\t\t<div class=\"elementor-element elementor-element-81fe233 e-con-full e-flex e-con e-child\" data-id=\"81fe233\" data-element_type=\"container\" data-e-type=\"container\">\n\t\t\t\t<div class=\"elementor-element elementor-element-e1928c9 elementor-widget__width-initial elementor-widget elementor-widget-text-editor\" data-id=\"e1928c9\" data-element_type=\"widget\" data-e-type=\"widget\" data-widget_type=\"text-editor.default\">\n\t\t\t\t<div class=\"elementor-widget-container\">\n\t\t\t\t\t\t\t\t\t<p><strong>Categorias de Base<\/strong><\/p>\t\t\t\t\t\t\t\t<\/div>\n\t\t\t\t<\/div>\n\t\t\t\t<div class=\"elementor-element elementor-element-5bae8d1 elementor-widget__width-initial elementor-widget elementor-widget-text-editor\" data-id=\"5bae8d1\" data-element_type=\"widget\" data-e-type=\"widget\" data-widget_type=\"text-editor.default\">\n\t\t\t\t<div class=\"elementor-widget-container\">\n\t\t\t\t\t\t\t\t\t<p><strong>Nacionais<\/strong><\/p>\t\t\t\t\t\t\t\t<\/div>\n\t\t\t\t<\/div>\n\t\t\t\t<div class=\"elementor-element elementor-element-c3749c1 elementor-widget__width-initial elementor-widget elementor-widget-text-editor\" data-id=\"c3749c1\" data-element_type=\"widget\" data-e-type=\"widget\" data-widget_type=\"text-editor.default\">\n\t\t\t\t<div class=\"elementor-widget-container\">\n\t\t\t\t\t\t\t\t\t<p><span style=\"color: var( --e-global-color-text ); font-size: var( --e-global-typography-b2ce6af-font-size ); letter-spacing: var( --e-global-typography-b2ce6af-letter-spacing ); text-align: var(--text-align); word-spacing: var( --e-global-typography-b2ce6af-word-spacing );\">Campe\u00e3o<\/span><\/p>\n<ul>\n<li>Copa do Brasil XV Sub-18 Feminino: 2025<\/li>\n<li>Copa do Brasil XV Sub-18 Masculino: 2025<\/li>\n<li>Super Sevens Sub-19 Feminino: 2023, 2025<\/li>\n<li>Super Sevens Sub-19 Feminino: 2025<\/li><li>BR Sevens Sub-19 Feminino: 2025<\/li>\n<li>Brasileiro de 7s Sub-18 Masculino: 2011<\/li>\n<li>Brasileiro de 7s Sub-16 Masculino: 2013<\/li>\n<\/ul>\n<p><span style=\"font-size: 16px;\">Vice-Campe\u00e3o<\/span><\/p>\n<ul>\n<li>Brasileiro de 7s Sub-18 Masculino: 2009, 2013<\/li><li>BR Sevens Sub-19 Masculino: 2025<\/li><li>BR Sevens Sub-17 Feminino: 2025<\/li>\n<\/ul>\n<p><span style=\"font-size: 16px;\">3\u00ba lugar<\/span><\/p>\n<ul>\n<li>Brasileiro de 7s M18 Masculino: 2008, 2010<\/li><li>BR Sevens Sub-17 Masculino: 2025<\/li>\n<li>Super Sevens M16 Feminino: 2023<\/li>\n<li>Super Sevens M17 Feminino: 2024<\/li>\n<\/ul>\t\t\t\t\t\t\t\t<\/div>\n\t\t\t\t<\/div>\n\t\t\t\t<div class=\"elementor-element elementor-element-e816b3d elementor-widget__width-initial elementor-widget elementor-widget-text-editor\" data-id=\"e816b3d\" data-element_type=\"widget\" data-e-type=\"widget\" data-widget_type=\"text-editor.default\">\n\t\t\t\t<div class=\"elementor-widget-container\">\n\t\t\t\t\t\t\t\t\t<p><strong>Estaduais<\/strong><\/p>\t\t\t\t\t\t\t\t<\/div>\n\t\t\t\t<\/div>\n\t\t\t\t<div class=\"elementor-element elementor-element-a985067 elementor-widget__width-initial elementor-widget elementor-widget-text-editor\" data-id=\"a985067\" data-element_type=\"widget\" data-e-type=\"widget\" data-widget_type=\"text-editor.default\">\n\t\t\t\t<div class=\"elementor-widget-container\">\n\t\t\t\t\t\t\t\t\t<p><span style=\"color: var( --e-global-color-text ); font-size: var( --e-global-typography-b2ce6af-font-size ); letter-spacing: var( --e-global-typography-b2ce6af-letter-spacing ); text-align: var(--text-align); word-spacing: var( --e-global-typography-b2ce6af-word-spacing );\">Campe\u00e3o<\/span><\/p><ul><li>Paulista XV M21 Masculino: 2022<\/li><li>Paulista XV M19 Masculino: 2015, 2023, 2024, 2025<\/li><li>Paulista XV M18 Masculino: 2022<\/li><li>Paulista XV M17 Masculino: 2017, 2018, 2025<\/li><li>Paulista XV M16 Masculino: 2012, 2019, 2023<\/li><li>Paulista XV M15 Masculino: 2018, 2022<\/li><li>Paulista XV M14 Masculino: 2019<\/li><li>Paulista XV M14 Misto: 2023<\/li><\/ul><ul><li>Paulista 7s M19 Masculino: 2023, 2025<\/li><li>Paulista 7s M17 Masculino: 2017<\/li><li>Paulista 7s M16 Masculino: 2023<\/li><li>Paulista 7s M15 Masculino: 2017, 2018, 2025<\/li><\/ul><ul><li>Torneio In\u00edcio M19 Masculino: 2024<\/li><li>Torneio In\u00edcio 10s M18 Masculino: 2019<\/li><li>Circuito Paulista de Rugby XV Juvenil Masculino &#8211; Campe\u00e3o Geral: 2019<\/li><\/ul><ul><li>Paulista XV M19 Feminino: 2025<\/li><li>Paulista 7s M19 Feminino: 2017, 2019<\/li><li>Paulista 7s Sub-17 Feminino: 2025, 2026<\/li><li>Paulista 7s M16 Feminino: 2018, 2019, 2022<\/li><\/ul><div>Vice-campe\u00e3o<\/div><ul><li>Paulista XV M15 Masculino: 2017<\/li><li>Paulista XV M16 Masculino: 2019, 2024<\/li><li>Paulista XV M17 Feminino: 2025<\/li><li>Paulista 7s M15 Feminino: 2025<\/li><li>Paulista 7s Sub-17 Masculino: 2026<\/li><\/ul><div>3\u00ba lugar<\/div><ul><li>Paulista Juvenil: 2007<\/li><li>Paulista XV M19 Masculino: 2017<\/li><li>Paulista XV M15 Feminino: 2025<\/li><li>Paulista 7s M17 Masculino: 2025<\/li><\/ul>\t\t\t\t\t\t\t\t<\/div>\n\t\t\t\t<\/div>\n\t\t\t\t<div class=\"elementor-element elementor-element-46623a1 elementor-widget__width-initial elementor-widget elementor-widget-text-editor\" data-id=\"46623a1\" data-element_type=\"widget\" data-e-type=\"widget\" data-widget_type=\"text-editor.default\">\n\t\t\t\t<div class=\"elementor-widget-container\">\n\t\t\t\t\t\t\t\t\t<p><strong>Regionais<\/strong><\/p>\t\t\t\t\t\t\t\t<\/div>\n\t\t\t\t<\/div>\n\t\t\t\t<div class=\"elementor-element elementor-element-2de719d elementor-widget__width-initial elementor-widget elementor-widget-text-editor\" data-id=\"2de719d\" data-element_type=\"widget\" data-e-type=\"widget\" data-widget_type=\"text-editor.default\">\n\t\t\t\t<div class=\"elementor-widget-container\">\n\t\t\t\t\t\t\t\t\t<p><span style=\"color: var( --e-global-color-text ); font-size: var( --e-global-typography-b2ce6af-font-size ); letter-spacing: var( --e-global-typography-b2ce6af-letter-spacing ); text-align: var(--text-align); word-spacing: var( --e-global-typography-b2ce6af-word-spacing );\">Campe\u00e3o<\/span><\/p><ul><li>Copa Caipira 7s Sub-15 Feminino: 2026<\/li><li>Copa Caipira 7s Sub-17 Feminino: 2026<\/li><li>Copa Caipira 7s Sub-19 Masculino: 2026<\/li><\/ul><div>3\u00ba lugar<\/div><ul><li>Copa Caipira 7s Sub-15 Masculino: 2026<\/li><li>Copa Caipira 7s Sub-17 Masculino: 2026<\/li><\/ul>\t\t\t\t\t\t\t\t<\/div>\n\t\t\t\t<\/div>\n\t\t\t\t<\/div>\n\t\t<div class=\"elementor-element elementor-element-49c7acd e-con-full e-flex e-con e-child\" data-id=\"49c7acd\" data-element_type=\"container\" data-e-type=\"container\" data-settings=\"{&quot;background_background&quot;:&quot;classic&quot;}\">\n\t\t\t\t<div class=\"elementor-element elementor-element-765935f elementor-widget elementor-widget-image\" data-id=\"765935f\" data-element_type=\"widget\" data-e-type=\"widget\" data-widget_type=\"image.default\">\n\t\t\t\t<div class=\"elementor-widget-container\">\n\t\t\t\t\t\t\t\t\t\t\t\t<figure class=\"wp-caption\">\n\t\t\t\t\t\t\t\t\t\t<img loading=\"lazy\" decoding=\"async\" width=\"640\" height=\"427\" src=\"https:\/\/jacareirugby.com.br\/wp-content\/uploads\/2024\/06\/SESI-Jacarei-Rugby-campeao-do-Super-Sevens-M19-Foto-Icaro-Leal-Jacarei-Rugby-1024x683.jpg\" class=\"attachment-large size-large wp-image-1259\" alt=\"\" srcset=\"https:\/\/jacareirugby.com.br\/wp-content\/uploads\/2024\/06\/SESI-Jacarei-Rugby-campeao-do-Super-Sevens-M19-Foto-Icaro-Leal-Jacarei-Rugby-1024x683.jpg 1024w, https:\/\/jacareirugby.com.br\/wp-content\/uploads\/2024\/06\/SESI-Jacarei-Rugby-campeao-do-Super-Sevens-M19-Foto-Icaro-Leal-Jacarei-Rugby-300x200.jpg 300w, https:\/\/jacareirugby.com.br\/wp-content\/uploads\/2024\/06\/SESI-Jacarei-Rugby-campeao-do-Super-Sevens-M19-Foto-Icaro-Leal-Jacarei-Rugby-768x512.jpg 768w, https:\/\/jacareirugby.com.br\/wp-content\/uploads\/2024\/06\/SESI-Jacarei-Rugby-campeao-do-Super-Sevens-M19-Foto-Icaro-Leal-Jacarei-Rugby-1536x1024.jpg 1536w, https:\/\/jacareirugby.com.br\/wp-content\/uploads\/2024\/06\/SESI-Jacarei-Rugby-campeao-do-Super-Sevens-M19-Foto-Icaro-Leal-Jacarei-Rugby-2048x1365.jpg 2048w, https:\/\/jacareirugby.com.br\/wp-content\/uploads\/2024\/06\/SESI-Jacarei-Rugby-campeao-do-Super-Sevens-M19-Foto-Icaro-Leal-Jacarei-Rugby-1568x1045.jpg 1568w\" sizes=\"(max-width: 640px) 100vw, 640px\" \/>\t\t\t\t\t\t\t\t\t\t\t<figcaption class=\"widget-image-caption wp-caption-text\">SESI Jacare\u00ed Rugby M19 campe\u00e3o brasileiro 2023 - Foto \u00cdcaro Leal\/Jacare\u00ed Rugby<\/figcaption>\n\t\t\t\t\t\t\t\t\t\t<\/figure>\n\t\t\t\t\t\t\t\t\t<\/div>\n\t\t\t\t<\/div>\n\t\t\t\t<div class=\"elementor-element elementor-element-23e0a9b elementor-widget elementor-widget-image\" data-id=\"23e0a9b\" data-element_type=\"widget\" data-e-type=\"widget\" data-widget_type=\"image.default\">\n\t\t\t\t<div class=\"elementor-widget-container\">\n\t\t\t\t\t\t\t\t\t\t\t\t<figure class=\"wp-caption\">\n\t\t\t\t\t\t\t\t\t\t<img loading=\"lazy\" decoding=\"async\" width=\"640\" height=\"480\" src=\"https:\/\/jacareirugby.com.br\/wp-content\/uploads\/2024\/06\/20231022_115824-1024x768.jpg\" class=\"attachment-large size-large wp-image-1260\" alt=\"\" srcset=\"https:\/\/jacareirugby.com.br\/wp-content\/uploads\/2024\/06\/20231022_115824-1024x768.jpg 1024w, https:\/\/jacareirugby.com.br\/wp-content\/uploads\/2024\/06\/20231022_115824-300x225.jpg 300w, https:\/\/jacareirugby.com.br\/wp-content\/uploads\/2024\/06\/20231022_115824-768x576.jpg 768w, https:\/\/jacareirugby.com.br\/wp-content\/uploads\/2024\/06\/20231022_115824-1536x1152.jpg 1536w, https:\/\/jacareirugby.com.br\/wp-content\/uploads\/2024\/06\/20231022_115824-2048x1536.jpg 2048w, https:\/\/jacareirugby.com.br\/wp-content\/uploads\/2024\/06\/20231022_115824-1568x1176.jpg 1568w\" sizes=\"(max-width: 640px) 100vw, 640px\" \/>\t\t\t\t\t\t\t\t\t\t\t<figcaption class=\"widget-image-caption wp-caption-text\">Equipe M14 Mista campe\u00e3o paulista 2023 - Foto \u00cdcaro Leal\/Jacare\u00ed Rugby<\/figcaption>\n\t\t\t\t\t\t\t\t\t\t<\/figure>\n\t\t\t\t\t\t\t\t\t<\/div>\n\t\t\t\t<\/div>\n\t\t\t\t<div class=\"elementor-element elementor-element-4a5724a elementor-widget elementor-widget-image\" data-id=\"4a5724a\" data-element_type=\"widget\" data-e-type=\"widget\" data-widget_type=\"image.default\">\n\t\t\t\t<div class=\"elementor-widget-container\">\n\t\t\t\t\t\t\t\t\t\t\t\t<figure class=\"wp-caption\">\n\t\t\t\t\t\t\t\t\t\t<img loading=\"lazy\" decoding=\"async\" width=\"640\" height=\"427\" src=\"https:\/\/jacareirugby.com.br\/wp-content\/uploads\/2024\/06\/20191109-Final-M16-Jac-Preto-x-Jac-Vermelho-Foto-Icaro-Leal-Jacarei-Rugby-106-1024x683.jpg\" class=\"attachment-large size-large wp-image-1261\" alt=\"\" srcset=\"https:\/\/jacareirugby.com.br\/wp-content\/uploads\/2024\/06\/20191109-Final-M16-Jac-Preto-x-Jac-Vermelho-Foto-Icaro-Leal-Jacarei-Rugby-106-1024x683.jpg 1024w, https:\/\/jacareirugby.com.br\/wp-content\/uploads\/2024\/06\/20191109-Final-M16-Jac-Preto-x-Jac-Vermelho-Foto-Icaro-Leal-Jacarei-Rugby-106-300x200.jpg 300w, https:\/\/jacareirugby.com.br\/wp-content\/uploads\/2024\/06\/20191109-Final-M16-Jac-Preto-x-Jac-Vermelho-Foto-Icaro-Leal-Jacarei-Rugby-106-768x512.jpg 768w, https:\/\/jacareirugby.com.br\/wp-content\/uploads\/2024\/06\/20191109-Final-M16-Jac-Preto-x-Jac-Vermelho-Foto-Icaro-Leal-Jacarei-Rugby-106-1536x1024.jpg 1536w, https:\/\/jacareirugby.com.br\/wp-content\/uploads\/2024\/06\/20191109-Final-M16-Jac-Preto-x-Jac-Vermelho-Foto-Icaro-Leal-Jacarei-Rugby-106-2048x1365.jpg 2048w, https:\/\/jacareirugby.com.br\/wp-content\/uploads\/2024\/06\/20191109-Final-M16-Jac-Preto-x-Jac-Vermelho-Foto-Icaro-Leal-Jacarei-Rugby-106-1568x1045.jpg 1568w\" sizes=\"(max-width: 640px) 100vw, 640px\" \/>\t\t\t\t\t\t\t\t\t\t\t<figcaption class=\"widget-image-caption wp-caption-text\">SESI Jacare\u00ed Vermelho e Preto, campe\u00e3o e vice-campe\u00e3o Paulista M16 Masculino 2019 - Foto \u00cdcaro Leal\/Jacare\u00ed Rugby<\/figcaption>\n\t\t\t\t\t\t\t\t\t\t<\/figure>\n\t\t\t\t\t\t\t\t\t<\/div>\n\t\t\t\t<\/div>\n\t\t\t\t<\/div>\n\t\t\t\t<\/div>\n\t\t<div class=\"elementor-element elementor-element-f1a6401 e-flex e-con-boxed e-con e-parent\" data-id=\"f1a6401\" data-element_type=\"container\" data-e-type=\"container\">\n\t\t\t\t\t<div class=\"e-con-inner\">\n\t\t<div class=\"elementor-element elementor-element-a3f03db e-con-full e-flex e-con e-child\" data-id=\"a3f03db\" data-element_type=\"container\" data-e-type=\"container\">\n\t\t\t\t<div class=\"elementor-element elementor-element-09dcf6b elementor-widget__width-initial elementor-widget elementor-widget-text-editor\" data-id=\"09dcf6b\" data-element_type=\"widget\" data-e-type=\"widget\" data-widget_type=\"text-editor.default\">\n\t\t\t\t<div class=\"elementor-widget-container\">\n\t\t\t\t\t\t\t\t\t<p><strong>Outros t\u00edtulos<\/strong><\/p>\t\t\t\t\t\t\t\t<\/div>\n\t\t\t\t<\/div>\n\t\t\t\t<div class=\"elementor-element elementor-element-5c438e3 elementor-widget__width-initial elementor-widget elementor-widget-text-editor\" data-id=\"5c438e3\" data-element_type=\"widget\" data-e-type=\"widget\" data-widget_type=\"text-editor.default\">\n\t\t\t\t<div class=\"elementor-widget-container\">\n\t\t\t\t\t\t\t\t\t<p><span style=\"font-size: 16px;\">Campe\u00e3o<\/span><\/p><ul><li>Ta\u00e7a Ubaldo Rivero &#8211; Jogo entre Jacare\u00ed x Guanabara &#8211; Adulto Masculino: 2018<\/li><li>Festival Beach Rugby Ilhabela M11: 2011<\/li><li>Festival Beach Rugby Ilhabela M13: 2011<\/li><li>Festival Beach Rugby Ilhabela M15: 2011<\/li><li>Liga SESI Treinamento M14 Feminino: 2023<\/li><li>Liga SESI Treinamento M14 Masculino: 2023<\/li><li>Liga SESI Treinamento M16 Masculino: 2023<\/li><li>Liga SESI M17 Masculino: 2024<\/li><li>Liga SESI M15 Feminino: 2024, 2025<\/li><li>Liga SESI M15 Masculino: 2024, 2025<\/li><\/ul><div>Vice-Campe\u00e3o<\/div><ul><li>Liga SESI M13 Misto: 2025<\/li><\/ul><p><span style=\"font-size: 16px;\">3\u00ba lugar<\/span><\/p><ul><li>Liga SESI Treinamento M16 Feminino: 2023<\/li><li>Liga SESI M17 Feminino: 2024<\/li><\/ul>\t\t\t\t\t\t\t\t<\/div>\n\t\t\t\t<\/div>\n\t\t\t\t<\/div>\n\t\t<div class=\"elementor-element elementor-element-6aa3cec e-con-full e-flex e-con e-child\" data-id=\"6aa3cec\" data-element_type=\"container\" data-e-type=\"container\" data-settings=\"{&quot;background_background&quot;:&quot;classic&quot;}\">\n\t\t\t\t<div class=\"elementor-element elementor-element-a7ae78a elementor-widget elementor-widget-image\" data-id=\"a7ae78a\" data-element_type=\"widget\" data-e-type=\"widget\" data-widget_type=\"image.default\">\n\t\t\t\t<div class=\"elementor-widget-container\">\n\t\t\t\t\t\t\t\t\t\t\t\t<figure class=\"wp-caption\">\n\t\t\t\t\t\t\t\t\t\t<img loading=\"lazy\" decoding=\"async\" width=\"640\" height=\"480\" src=\"https:\/\/jacareirugby.com.br\/wp-content\/uploads\/2024\/06\/DSC00072-1024x768.jpg\" class=\"attachment-large size-large wp-image-1262\" alt=\"\" srcset=\"https:\/\/jacareirugby.com.br\/wp-content\/uploads\/2024\/06\/DSC00072-1024x768.jpg 1024w, https:\/\/jacareirugby.com.br\/wp-content\/uploads\/2024\/06\/DSC00072-300x225.jpg 300w, https:\/\/jacareirugby.com.br\/wp-content\/uploads\/2024\/06\/DSC00072-768x576.jpg 768w, https:\/\/jacareirugby.com.br\/wp-content\/uploads\/2024\/06\/DSC00072-1536x1152.jpg 1536w, https:\/\/jacareirugby.com.br\/wp-content\/uploads\/2024\/06\/DSC00072-2048x1536.jpg 2048w, https:\/\/jacareirugby.com.br\/wp-content\/uploads\/2024\/06\/DSC00072-1568x1176.jpg 1568w\" sizes=\"(max-width: 640px) 100vw, 640px\" \/>\t\t\t\t\t\t\t\t\t\t\t<figcaption class=\"widget-image-caption wp-caption-text\">Jacare\u00ed Rugby no Festival Beach Rugby Ilhabela 2011 - Foto Arquivo\/Jacare\u00ed Rugby<\/figcaption>\n\t\t\t\t\t\t\t\t\t\t<\/figure>\n\t\t\t\t\t\t\t\t\t<\/div>\n\t\t\t\t<\/div>\n\t\t\t\t<\/div>\n\t\t\t\t\t<\/div>\n\t\t\t\t<\/div>\n\t\t<div class=\"elementor-element elementor-element-ffb9a6e e-con-full e-flex e-con e-parent\" data-id=\"ffb9a6e\" data-element_type=\"container\" data-e-type=\"container\">\n\t\t<div class=\"elementor-element elementor-element-84f75f0 e-con-full e-flex e-con e-child\" data-id=\"84f75f0\" data-element_type=\"container\" data-e-type=\"container\">\n\t\t\t\t<div class=\"elementor-element elementor-element-1dfdc4c elementor-widget__width-initial elementor-widget elementor-widget-heading\" data-id=\"1dfdc4c\" data-element_type=\"widget\" data-e-type=\"widget\" data-widget_type=\"heading.default\">\n\t\t\t\t<div class=\"elementor-widget-container\">\n\t\t\t\t\t<h1 class=\"elementor-heading-title elementor-size-default\">Pr\u00eamia\u00e7\u00f5es<\/h1>\t\t\t\t<\/div>\n\t\t\t\t<\/div>\n\t\t\t\t<div class=\"elementor-element elementor-element-26b1d97 elementor-widget__width-initial elementor-widget elementor-widget-text-editor\" data-id=\"26b1d97\" data-element_type=\"widget\" data-e-type=\"widget\" data-widget_type=\"text-editor.default\">\n\t\t\t\t<div class=\"elementor-widget-container\">\n\t\t\t\t\t\t\t\t\t<p><strong>Trof\u00e9u Brasil Rugby<\/strong><\/p>\t\t\t\t\t\t\t\t<\/div>\n\t\t\t\t<\/div>\n\t\t\t\t<div class=\"elementor-element elementor-element-867bbf6 elementor-widget__width-initial elementor-widget elementor-widget-text-editor\" data-id=\"867bbf6\" data-element_type=\"widget\" data-e-type=\"widget\" data-widget_type=\"text-editor.default\">\n\t\t\t\t<div class=\"elementor-widget-container\">\n\t\t\t\t\t\t\t\t\t<p><strong>Clube<\/strong><\/p>\t\t\t\t\t\t\t\t<\/div>\n\t\t\t\t<\/div>\n\t\t\t\t<div class=\"elementor-element elementor-element-59f0f2c elementor-widget__width-initial elementor-widget elementor-widget-text-editor\" data-id=\"59f0f2c\" data-element_type=\"widget\" data-e-type=\"widget\" data-widget_type=\"text-editor.default\">\n\t\t\t\t<div class=\"elementor-widget-container\">\n\t\t\t\t\t\t\t\t\t<ul><li>Clube Revela\u00e7\u00e3o 2013 &#8211; <b>Venceu<\/b><\/li><li>Clube Fair Play Masculino 2016 &#8211; Indicado<\/li><li>Clube Fair Play Masculino 2017 &#8211; <b>Venceu<\/b><\/li><li>Clube Fair Play Masculino 2025 &#8211; Indicado<\/li><li>\u00a0<\/li><\/ul>\t\t\t\t\t\t\t\t<\/div>\n\t\t\t\t<\/div>\n\t\t\t\t<div class=\"elementor-element elementor-element-980f270 elementor-widget__width-initial elementor-widget elementor-widget-text-editor\" data-id=\"980f270\" data-element_type=\"widget\" data-e-type=\"widget\" data-widget_type=\"text-editor.default\">\n\t\t\t\t<div class=\"elementor-widget-container\">\n\t\t\t\t\t\t\t\t\t<p><strong>Treinador<\/strong><\/p>\t\t\t\t\t\t\t\t<\/div>\n\t\t\t\t<\/div>\n\t\t\t\t<div class=\"elementor-element elementor-element-13d7ae5 elementor-widget__width-initial elementor-widget elementor-widget-text-editor\" data-id=\"13d7ae5\" data-element_type=\"widget\" data-e-type=\"widget\" data-widget_type=\"text-editor.default\">\n\t\t\t\t<div class=\"elementor-widget-container\">\n\t\t\t\t\t\t\t\t\t<div>Melhor Treinador de Rugby 7s<\/div><ul><li>J\u00falio Faria 2016 &#8211; <b>Venceu<\/b><\/li><li>J\u00falio Faria 2017 &#8211; <b>Venceu<\/b><\/li><li>J\u00falio Faria 2018 &#8211; Indicado<\/li><\/ul><div>Melhor Treinador de Rugby XV<\/div><ul><li>J\u00falio Faria 2016 &#8211; Indicado<\/li><li>J\u00falio Faria 2017 &#8211; <b>Venceu<\/b><\/li><\/ul><div>Melhor Treinador de Clubes &#8211; Adulto<\/div><div><ul><li>Matheus Cruz 2025 &#8211; <b>Venceu<\/b><\/li><\/ul><\/div><div>Melhor Treinador de Clubes &#8211; Base<\/div><div><ul><li>Arthur Mota 2025 &#8211; <b>Venceu<\/b><\/li><\/ul><p>Melhor Treinadora de Clubes &#8211; Base<\/p><ul><li>Arielly Medeiros 2025 &#8211; Indicado<\/li><\/ul><\/div><div>\u00a0<\/div>\t\t\t\t\t\t\t\t<\/div>\n\t\t\t\t<\/div>\n\t\t\t\t<div class=\"elementor-element elementor-element-7d33c7a elementor-widget__width-initial elementor-widget elementor-widget-text-editor\" data-id=\"7d33c7a\" data-element_type=\"widget\" data-e-type=\"widget\" data-widget_type=\"text-editor.default\">\n\t\t\t\t<div class=\"elementor-widget-container\">\n\t\t\t\t\t\t\t\t\t<p><strong>Atleta<\/strong><\/p>\t\t\t\t\t\t\t\t<\/div>\n\t\t\t\t<\/div>\n\t\t\t\t<div class=\"elementor-element elementor-element-a716425 elementor-widget__width-initial elementor-widget elementor-widget-text-editor\" data-id=\"a716425\" data-element_type=\"widget\" data-e-type=\"widget\" data-widget_type=\"text-editor.default\">\n\t\t\t\t<div class=\"elementor-widget-container\">\n\t\t\t\t\t\t\t\t\t<div><strong>Atleta Revela\u00e7\u00e3o Juvenil Masculino<\/strong><\/div><ul><li>Rog\u00e9rio Fernandes 2010 &#8211; Indicado<\/li><li>Maur\u00edcio Costa 2011 &#8211; Indicado<\/li><\/ul><div><strong>Melhor Atleta Juvenil Masculino\/Curumins<\/strong><\/div><ul><li>Rog\u00e9rio Fernandes 2010 &#8211; Indicado<\/li><li>Lucas Drudi 2011 &#8211; Indicado<\/li><li>Matheus Cruz 2013 &#8211; <b>Venceu<\/b><\/li><li>Matheus Cruz 2015 &#8211; <b>Venceu<\/b><\/li><li>Leonardo Ceccarelli 2015 &#8211; Indicado<\/li><li>Matheus Augusto 2016 &#8211; <b>Venceu<\/b><\/li><li>Matheus Rocha 2016 &#8211; Indicado<\/li><li>Ariel Rodrigues 2016 &#8211; Indicado<\/li><li>Ariel Rodrigues 2017 &#8211; <b>Venceu<\/b><\/li><li>Matheus Augusto 2017 &#8211; Indicado<\/li><li>Cau\u00e3 Oliveira 2025 &#8211; Indicado<\/li><\/ul><div><strong>Melhor Atleta Juvenil Feminino<\/strong><\/div><ul><li>Arielly Medeiros 2018 &#8211; Indicado<\/li><\/ul><div><strong>Atleta Revela\u00e7\u00e3o Masculino Rugby XV<\/strong><\/div><ul><li>Matheus Daniel 2012 &#8211; Indicado<\/li><li>Matheus Cruz 2016 &#8211; Indicado<\/li><\/ul><div><strong>Atleta Revela\u00e7\u00e3o Masculino Rugby 7s<\/strong><\/div><ul><li>Lucas Drudi 2013 &#8211; <b>Venceu<\/b><\/li><\/ul><div><strong>Melhor Atleta Rugby XV Masculino<\/strong><\/div><ul><li>Matheus Daniel 2014 &#8211; Indicado<\/li><li>Ariel Rodrigues 2017 &#8211; Indicado<\/li><\/ul><div><strong>Melhor Atleta Rugby 7s Masculino<\/strong><\/div><ul><li>Ariel Rodrigues 2017 &#8211; Indicado<\/li><li>Lucas Drudi 2025 &#8211; Indicado<\/li><\/ul><p><strong>Melhor Jogador Super 12<\/strong><\/p><ul><li>Maiki Lemes 2025 &#8211; <b>Venceu<\/b><\/li><li>Nicolas Azevedo 2025 &#8211; Indicado<\/li><\/ul><p><strong>Melhor Jogador Copa do Brasil Sub-18<\/strong><\/p><ul><li>Jo\u00e3o Vitor Vilas Boas 2025 &#8211; Indicado<\/li><li>Gustavo Gon\u00e7alves 2025 &#8211; Indicado<\/li><\/ul><p><strong>Melhor Jogadora Copa do Brasil Sub-18<\/strong><\/p><ul><li>Nara Cristina 2025 &#8211; Indicado<\/li><li>Byanca Marchesini 2025 &#8211; Indicado<\/li><\/ul><p><strong>Melhor Jogadora BR Sevens Sub-19<\/strong><\/p><ul><li>Beatriz Tavares 2025 &#8211; <b>Venceu<\/b><\/li><\/ul>\t\t\t\t\t\t\t\t<\/div>\n\t\t\t\t<\/div>\n\t\t\t\t<div class=\"elementor-element elementor-element-84fe07e elementor-widget__width-initial elementor-widget elementor-widget-text-editor\" data-id=\"84fe07e\" data-element_type=\"widget\" data-e-type=\"widget\" data-widget_type=\"text-editor.default\">\n\t\t\t\t<div class=\"elementor-widget-container\">\n\t\t\t\t\t\t\t\t\t<p><strong>Arbitragem<\/strong><\/p>\t\t\t\t\t\t\t\t<\/div>\n\t\t\t\t<\/div>\n\t\t\t\t<div class=\"elementor-element elementor-element-73f3322 elementor-widget__width-initial elementor-widget elementor-widget-text-editor\" data-id=\"73f3322\" data-element_type=\"widget\" data-e-type=\"widget\" data-widget_type=\"text-editor.default\">\n\t\t\t\t<div class=\"elementor-widget-container\">\n\t\t\t\t\t\t\t\t\t<div>\u00c1rbitro Revela\u00e7\u00e3o<\/div><ul><li>J\u00falio Faria &#8211; <b>Venceu<\/b><\/li><\/ul>\t\t\t\t\t\t\t\t<\/div>\n\t\t\t\t<\/div>\n\t\t\t\t<\/div>\n\t\t<div class=\"elementor-element elementor-element-ba57f58 e-con-full e-flex e-con e-child\" data-id=\"ba57f58\" data-element_type=\"container\" data-e-type=\"container\" data-settings=\"{&quot;background_background&quot;:&quot;classic&quot;}\">\n\t\t\t\t<div class=\"elementor-element elementor-element-57d6591 elementor-widget elementor-widget-image\" data-id=\"57d6591\" data-element_type=\"widget\" data-e-type=\"widget\" data-widget_type=\"image.default\">\n\t\t\t\t<div class=\"elementor-widget-container\">\n\t\t\t\t\t\t\t\t\t\t\t\t<figure class=\"wp-caption\">\n\t\t\t\t\t\t\t\t\t\t<img loading=\"lazy\" decoding=\"async\" width=\"640\" height=\"480\" src=\"https:\/\/jacareirugby.com.br\/wp-content\/uploads\/2024\/06\/999930_10152883927924298_13757061_n.jpg\" class=\"attachment-large size-large wp-image-1272\" alt=\"\" srcset=\"https:\/\/jacareirugby.com.br\/wp-content\/uploads\/2024\/06\/999930_10152883927924298_13757061_n.jpg 960w, https:\/\/jacareirugby.com.br\/wp-content\/uploads\/2024\/06\/999930_10152883927924298_13757061_n-300x225.jpg 300w, https:\/\/jacareirugby.com.br\/wp-content\/uploads\/2024\/06\/999930_10152883927924298_13757061_n-768x576.jpg 768w\" sizes=\"(max-width: 640px) 100vw, 640px\" \/>\t\t\t\t\t\t\t\t\t\t\t<figcaption class=\"widget-image-caption wp-caption-text\">Lucas Drudi recebe pr\u00eamio de Atleta Revela\u00e7\u00e3o Masculino Rugby 7s 2013 - Foto Fotojump<\/figcaption>\n\t\t\t\t\t\t\t\t\t\t<\/figure>\n\t\t\t\t\t\t\t\t\t<\/div>\n\t\t\t\t<\/div>\n\t\t\t\t<div class=\"elementor-element elementor-element-de7b7cd elementor-widget elementor-widget-image\" data-id=\"de7b7cd\" data-element_type=\"widget\" data-e-type=\"widget\" data-widget_type=\"image.default\">\n\t\t\t\t<div class=\"elementor-widget-container\">\n\t\t\t\t\t\t\t\t\t\t\t\t<figure class=\"wp-caption\">\n\t\t\t\t\t\t\t\t\t\t<img loading=\"lazy\" decoding=\"async\" width=\"640\" height=\"427\" src=\"https:\/\/jacareirugby.com.br\/wp-content\/uploads\/2024\/06\/13735623_10155055235474298_5900559452415256368_o-1024x683.jpg\" class=\"attachment-large size-large wp-image-1267\" alt=\"\" srcset=\"https:\/\/jacareirugby.com.br\/wp-content\/uploads\/2024\/06\/13735623_10155055235474298_5900559452415256368_o-1024x683.jpg 1024w, https:\/\/jacareirugby.com.br\/wp-content\/uploads\/2024\/06\/13735623_10155055235474298_5900559452415256368_o-300x200.jpg 300w, https:\/\/jacareirugby.com.br\/wp-content\/uploads\/2024\/06\/13735623_10155055235474298_5900559452415256368_o-768x512.jpg 768w, https:\/\/jacareirugby.com.br\/wp-content\/uploads\/2024\/06\/13735623_10155055235474298_5900559452415256368_o-1536x1024.jpg 1536w, https:\/\/jacareirugby.com.br\/wp-content\/uploads\/2024\/06\/13735623_10155055235474298_5900559452415256368_o-1568x1046.jpg 1568w, https:\/\/jacareirugby.com.br\/wp-content\/uploads\/2024\/06\/13735623_10155055235474298_5900559452415256368_o.jpg 1999w\" sizes=\"(max-width: 640px) 100vw, 640px\" \/>\t\t\t\t\t\t\t\t\t\t\t<figcaption class=\"widget-image-caption wp-caption-text\">Leonardo Ceccarelli e Matheus Cruz recebem indica\u00e7\u00f5es para Melhor Atleta Juvenil Masculino 2015 - Foto Fotojump<\/figcaption>\n\t\t\t\t\t\t\t\t\t\t<\/figure>\n\t\t\t\t\t\t\t\t\t<\/div>\n\t\t\t\t<\/div>\n\t\t\t\t<div class=\"elementor-element elementor-element-c669063 elementor-widget elementor-widget-image\" data-id=\"c669063\" data-element_type=\"widget\" data-e-type=\"widget\" data-widget_type=\"image.default\">\n\t\t\t\t<div class=\"elementor-widget-container\">\n\t\t\t\t\t\t\t\t\t\t\t\t<figure class=\"wp-caption\">\n\t\t\t\t\t\t\t\t\t\t<img loading=\"lazy\" decoding=\"async\" width=\"640\" height=\"426\" src=\"https:\/\/jacareirugby.com.br\/wp-content\/uploads\/2024\/06\/17835224_10155888131014298_3319736656727781281_o-1024x682.jpg\" class=\"attachment-large size-large wp-image-1270\" alt=\"\" srcset=\"https:\/\/jacareirugby.com.br\/wp-content\/uploads\/2024\/06\/17835224_10155888131014298_3319736656727781281_o-1024x682.jpg 1024w, https:\/\/jacareirugby.com.br\/wp-content\/uploads\/2024\/06\/17835224_10155888131014298_3319736656727781281_o-300x200.jpg 300w, https:\/\/jacareirugby.com.br\/wp-content\/uploads\/2024\/06\/17835224_10155888131014298_3319736656727781281_o-768x512.jpg 768w, https:\/\/jacareirugby.com.br\/wp-content\/uploads\/2024\/06\/17835224_10155888131014298_3319736656727781281_o-1536x1024.jpg 1536w, https:\/\/jacareirugby.com.br\/wp-content\/uploads\/2024\/06\/17835224_10155888131014298_3319736656727781281_o-1568x1045.jpg 1568w, https:\/\/jacareirugby.com.br\/wp-content\/uploads\/2024\/06\/17835224_10155888131014298_3319736656727781281_o.jpg 2000w\" sizes=\"(max-width: 640px) 100vw, 640px\" \/>\t\t\t\t\t\t\t\t\t\t\t<figcaption class=\"widget-image-caption wp-caption-text\">Jacare\u00ed Rugby tem os tr\u00eas indicados do pr\u00eamio Melhor Atleta Juvenil Masculino no Trof\u00e9u Brasil Rugby 2016 - Foto Fotojump<\/figcaption>\n\t\t\t\t\t\t\t\t\t\t<\/figure>\n\t\t\t\t\t\t\t\t\t<\/div>\n\t\t\t\t<\/div>\n\t\t\t\t<div class=\"elementor-element elementor-element-58fd770 elementor-widget elementor-widget-image\" data-id=\"58fd770\" data-element_type=\"widget\" data-e-type=\"widget\" data-widget_type=\"image.default\">\n\t\t\t\t<div class=\"elementor-widget-container\">\n\t\t\t\t\t\t\t\t\t\t\t\t<figure class=\"wp-caption\">\n\t\t\t\t\t\t\t\t\t\t<img loading=\"lazy\" decoding=\"async\" width=\"640\" height=\"426\" src=\"https:\/\/jacareirugby.com.br\/wp-content\/uploads\/2024\/06\/29425915_10156890977839298_9202406600675950592_n-1024x682.jpg\" class=\"attachment-large size-large wp-image-1269\" alt=\"\" srcset=\"https:\/\/jacareirugby.com.br\/wp-content\/uploads\/2024\/06\/29425915_10156890977839298_9202406600675950592_n-1024x682.jpg 1024w, https:\/\/jacareirugby.com.br\/wp-content\/uploads\/2024\/06\/29425915_10156890977839298_9202406600675950592_n-300x200.jpg 300w, https:\/\/jacareirugby.com.br\/wp-content\/uploads\/2024\/06\/29425915_10156890977839298_9202406600675950592_n-768x512.jpg 768w, https:\/\/jacareirugby.com.br\/wp-content\/uploads\/2024\/06\/29425915_10156890977839298_9202406600675950592_n-1536x1024.jpg 1536w, https:\/\/jacareirugby.com.br\/wp-content\/uploads\/2024\/06\/29425915_10156890977839298_9202406600675950592_n-1568x1045.jpg 1568w, https:\/\/jacareirugby.com.br\/wp-content\/uploads\/2024\/06\/29425915_10156890977839298_9202406600675950592_n.jpg 2000w\" sizes=\"(max-width: 640px) 100vw, 640px\" \/>\t\t\t\t\t\t\t\t\t\t\t<figcaption class=\"widget-image-caption wp-caption-text\">Jacare\u00ed Rugby recebe 4 pr\u00eamios no Trof\u00e9u Brasil Rugby 2017 - Foto Fotojump<\/figcaption>\n\t\t\t\t\t\t\t\t\t\t<\/figure>\n\t\t\t\t\t\t\t\t\t<\/div>\n\t\t\t\t<\/div>\n\t\t\t\t<\/div>\n\t\t\t\t<\/div>\n\t\t<div class=\"elementor-element elementor-element-9b20660 e-con-full e-flex e-con e-parent\" data-id=\"9b20660\" data-element_type=\"container\" data-e-type=\"container\">\n\t\t<div class=\"elementor-element elementor-element-2a9dadb e-con-full e-flex e-con e-child\" data-id=\"2a9dadb\" data-element_type=\"container\" data-e-type=\"container\">\n\t\t\t\t<div class=\"elementor-element elementor-element-140f6ad elementor-widget__width-initial elementor-widget elementor-widget-text-editor\" data-id=\"140f6ad\" data-element_type=\"widget\" data-e-type=\"widget\" data-widget_type=\"text-editor.default\">\n\t\t\t\t<div class=\"elementor-widget-container\">\n\t\t\t\t\t\t\t\t\t<p><strong>Prefeitura de Jacare\u00ed<\/strong><\/p>\t\t\t\t\t\t\t\t<\/div>\n\t\t\t\t<\/div>\n\t\t\t\t<div class=\"elementor-element elementor-element-63b3b76 elementor-widget__width-initial elementor-widget elementor-widget-text-editor\" data-id=\"63b3b76\" data-element_type=\"widget\" data-e-type=\"widget\" data-widget_type=\"text-editor.default\">\n\t\t\t\t<div class=\"elementor-widget-container\">\n\t\t\t\t\t\t\t\t\t<p><strong>Especiais<\/strong><\/p>\t\t\t\t\t\t\t\t<\/div>\n\t\t\t\t<\/div>\n\t\t\t\t<div class=\"elementor-element elementor-element-4f14ba1 elementor-widget__width-initial elementor-widget elementor-widget-text-editor\" data-id=\"4f14ba1\" data-element_type=\"widget\" data-e-type=\"widget\" data-widget_type=\"text-editor.default\">\n\t\t\t\t<div class=\"elementor-widget-container\">\n\t\t\t\t\t\t\t\t\t<p>Treinador Destaque<\/p><ul><li>Ubaldo Rivero 2014<\/li><\/ul><p>Treinador Revela\u00e7\u00e3o<\/p><ul><li>J\u00falio Faria 2012<\/li><\/ul>\t\t\t\t\t\t\t\t<\/div>\n\t\t\t\t<\/div>\n\t\t\t\t<div class=\"elementor-element elementor-element-bdbd45c elementor-widget__width-initial elementor-widget elementor-widget-text-editor\" data-id=\"bdbd45c\" data-element_type=\"widget\" data-e-type=\"widget\" data-widget_type=\"text-editor.default\">\n\t\t\t\t<div class=\"elementor-widget-container\">\n\t\t\t\t\t\t\t\t\t<p><strong>Feminino<\/strong><\/p>\t\t\t\t\t\t\t\t<\/div>\n\t\t\t\t<\/div>\n\t\t\t\t<div class=\"elementor-element elementor-element-efc6d80 elementor-widget__width-initial elementor-widget elementor-widget-text-editor\" data-id=\"efc6d80\" data-element_type=\"widget\" data-e-type=\"widget\" data-widget_type=\"text-editor.default\">\n\t\t\t\t<div class=\"elementor-widget-container\">\n\t\t\t\t\t\t\t\t\t<p>Atleta Destaque<\/p><ul><li>2011 &#8211; Stephanie Pflamminger<\/li><li>2012 &#8211; Let\u00edcia Medeiros<\/li><li>2013 &#8211; Let\u00edcia Medeiros<\/li><li>2014 &#8211; Andrielle Chaves<\/li><li>2015 &#8211; Giulia Mota<\/li><li>2016 &#8211; Arielly Medeiros<\/li><li>2017 &#8211; Giovana Oleg\u00e1rio<\/li><li>2018 &#8211; Giulia Mota<\/li><li>2019 &#8211; Let\u00edcia Medeiros<\/li><li>2022 &#8211; Raissa Andraus<\/li><li>2023 &#8211; Giovana Pires<\/li><li>2024 &#8211; Raissa Andraus<\/li><\/ul>\t\t\t\t\t\t\t\t<\/div>\n\t\t\t\t<\/div>\n\t\t\t\t<div class=\"elementor-element elementor-element-dcbf82a elementor-widget__width-initial elementor-widget elementor-widget-text-editor\" data-id=\"dcbf82a\" data-element_type=\"widget\" data-e-type=\"widget\" data-widget_type=\"text-editor.default\">\n\t\t\t\t<div class=\"elementor-widget-container\">\n\t\t\t\t\t\t\t\t\t<p><strong>Masculino<\/strong><\/p>\t\t\t\t\t\t\t\t<\/div>\n\t\t\t\t<\/div>\n\t\t\t\t<div class=\"elementor-element elementor-element-8c22bd8 elementor-widget__width-initial elementor-widget elementor-widget-text-editor\" data-id=\"8c22bd8\" data-element_type=\"widget\" data-e-type=\"widget\" data-widget_type=\"text-editor.default\">\n\t\t\t\t<div class=\"elementor-widget-container\">\n\t\t\t\t\t\t\t\t\t<p>Atleta Destaque<\/p><ul><li>2011 &#8211; Ariel Rodrigues<\/li><li>2012 &#8211; Lucas Drudi<\/li><li>2013 &#8211; Matheus Daniel<\/li><li>2014 &#8211; Bruno Garcia<\/li><li>2015 &#8211; Matheus Augusto<\/li><li>2016 &#8211; Luan Almeida<\/li><li>2017 &#8211; Carlos Rafael Moura<\/li><li>2018 &#8211; Matheus Rocha<\/li><li>2019 &#8211; Gabriel Henrique Oliveira<\/li><li>2022 &#8211; Andr\u00e9 Brand\u00e3o<\/li><li>2023 &#8211; Matheus Augusto<\/li><li>2024 &#8211; Brayan Carriel<\/li><\/ul>\t\t\t\t\t\t\t\t<\/div>\n\t\t\t\t<\/div>\n\t\t\t\t<\/div>\n\t\t<div class=\"elementor-element elementor-element-8a231a1 e-con-full e-flex e-con e-child\" data-id=\"8a231a1\" data-element_type=\"container\" data-e-type=\"container\" data-settings=\"{&quot;background_background&quot;:&quot;classic&quot;}\">\n\t\t\t\t<div class=\"elementor-element elementor-element-8140e13 elementor-widget elementor-widget-image\" data-id=\"8140e13\" data-element_type=\"widget\" data-e-type=\"widget\" data-widget_type=\"image.default\">\n\t\t\t\t<div class=\"elementor-widget-container\">\n\t\t\t\t\t\t\t\t\t\t\t\t<figure class=\"wp-caption\">\n\t\t\t\t\t\t\t\t\t\t<img loading=\"lazy\" decoding=\"async\" width=\"640\" height=\"480\" src=\"https:\/\/jacareirugby.com.br\/wp-content\/uploads\/2024\/06\/DSCN7832-1024x768.jpg\" class=\"attachment-large size-large wp-image-1283\" alt=\"\" srcset=\"https:\/\/jacareirugby.com.br\/wp-content\/uploads\/2024\/06\/DSCN7832-1024x768.jpg 1024w, https:\/\/jacareirugby.com.br\/wp-content\/uploads\/2024\/06\/DSCN7832-300x225.jpg 300w, https:\/\/jacareirugby.com.br\/wp-content\/uploads\/2024\/06\/DSCN7832-768x576.jpg 768w, https:\/\/jacareirugby.com.br\/wp-content\/uploads\/2024\/06\/DSCN7832-1536x1152.jpg 1536w, https:\/\/jacareirugby.com.br\/wp-content\/uploads\/2024\/06\/DSCN7832-1568x1176.jpg 1568w, https:\/\/jacareirugby.com.br\/wp-content\/uploads\/2024\/06\/DSCN7832.jpg 2048w\" sizes=\"(max-width: 640px) 100vw, 640px\" \/>\t\t\t\t\t\t\t\t\t\t\t<figcaption class=\"widget-image-caption wp-caption-text\">Ariel Rodrigues e Stephanie Pflamminger s\u00e3o os atletas destaques da Prefeitura em 2011 - Foto Arquivo\/Jacare\u00ed Rugby<\/figcaption>\n\t\t\t\t\t\t\t\t\t\t<\/figure>\n\t\t\t\t\t\t\t\t\t<\/div>\n\t\t\t\t<\/div>\n\t\t\t\t<div class=\"elementor-element elementor-element-8a10c5c elementor-widget elementor-widget-image\" data-id=\"8a10c5c\" data-element_type=\"widget\" data-e-type=\"widget\" data-widget_type=\"image.default\">\n\t\t\t\t<div class=\"elementor-widget-container\">\n\t\t\t\t\t\t\t\t\t\t\t\t<figure class=\"wp-caption\">\n\t\t\t\t\t\t\t\t\t\t<img loading=\"lazy\" decoding=\"async\" width=\"640\" height=\"451\" src=\"https:\/\/jacareirugby.com.br\/wp-content\/uploads\/2024\/06\/IMG_4820-1024x721.jpg\" class=\"attachment-large size-large wp-image-1284\" alt=\"\" srcset=\"https:\/\/jacareirugby.com.br\/wp-content\/uploads\/2024\/06\/IMG_4820-1024x721.jpg 1024w, https:\/\/jacareirugby.com.br\/wp-content\/uploads\/2024\/06\/IMG_4820-300x211.jpg 300w, https:\/\/jacareirugby.com.br\/wp-content\/uploads\/2024\/06\/IMG_4820-768x541.jpg 768w, https:\/\/jacareirugby.com.br\/wp-content\/uploads\/2024\/06\/IMG_4820-1536x1082.jpg 1536w, https:\/\/jacareirugby.com.br\/wp-content\/uploads\/2024\/06\/IMG_4820-1568x1104.jpg 1568w, https:\/\/jacareirugby.com.br\/wp-content\/uploads\/2024\/06\/IMG_4820.jpg 1600w\" sizes=\"(max-width: 640px) 100vw, 640px\" \/>\t\t\t\t\t\t\t\t\t\t\t<figcaption class=\"widget-image-caption wp-caption-text\">Let\u00edcia Medeiros e Matheus Daniel s\u00e3o os atletas destaques da Prefeitura em 2013 - Foto Arquivo\/Jacare\u00ed Rugby<\/figcaption>\n\t\t\t\t\t\t\t\t\t\t<\/figure>\n\t\t\t\t\t\t\t\t\t<\/div>\n\t\t\t\t<\/div>\n\t\t\t\t<div class=\"elementor-element elementor-element-bd22a63 elementor-widget elementor-widget-image\" data-id=\"bd22a63\" data-element_type=\"widget\" data-e-type=\"widget\" data-widget_type=\"image.default\">\n\t\t\t\t<div class=\"elementor-widget-container\">\n\t\t\t\t\t\t\t\t\t\t\t\t<figure class=\"wp-caption\">\n\t\t\t\t\t\t\t\t\t\t<img loading=\"lazy\" decoding=\"async\" width=\"640\" height=\"427\" src=\"https:\/\/jacareirugby.com.br\/wp-content\/uploads\/2024\/06\/20191210-Melhores-do-Ano-Prefeitura-13-Foto-Icaro-Leal-Jacarei-Rugby-1024x683.jpg\" class=\"attachment-large size-large wp-image-1285\" alt=\"\" srcset=\"https:\/\/jacareirugby.com.br\/wp-content\/uploads\/2024\/06\/20191210-Melhores-do-Ano-Prefeitura-13-Foto-Icaro-Leal-Jacarei-Rugby-1024x683.jpg 1024w, https:\/\/jacareirugby.com.br\/wp-content\/uploads\/2024\/06\/20191210-Melhores-do-Ano-Prefeitura-13-Foto-Icaro-Leal-Jacarei-Rugby-300x200.jpg 300w, https:\/\/jacareirugby.com.br\/wp-content\/uploads\/2024\/06\/20191210-Melhores-do-Ano-Prefeitura-13-Foto-Icaro-Leal-Jacarei-Rugby-768x512.jpg 768w, https:\/\/jacareirugby.com.br\/wp-content\/uploads\/2024\/06\/20191210-Melhores-do-Ano-Prefeitura-13-Foto-Icaro-Leal-Jacarei-Rugby-1536x1024.jpg 1536w, https:\/\/jacareirugby.com.br\/wp-content\/uploads\/2024\/06\/20191210-Melhores-do-Ano-Prefeitura-13-Foto-Icaro-Leal-Jacarei-Rugby-2048x1365.jpg 2048w, https:\/\/jacareirugby.com.br\/wp-content\/uploads\/2024\/06\/20191210-Melhores-do-Ano-Prefeitura-13-Foto-Icaro-Leal-Jacarei-Rugby-1568x1045.jpg 1568w\" sizes=\"(max-width: 640px) 100vw, 640px\" \/>\t\t\t\t\t\t\t\t\t\t\t<figcaption class=\"widget-image-caption wp-caption-text\">Let\u00edcia Medeiros e Gabriel Oliveira s\u00e3o os atletas destaques da Prefeitura em 2019 - Foto Arquivo\/Jacare\u00ed Rugby<\/figcaption>\n\t\t\t\t\t\t\t\t\t\t<\/figure>\n\t\t\t\t\t\t\t\t\t<\/div>\n\t\t\t\t<\/div>\n\t\t\t\t<\/div>\n\t\t\t\t<\/div>\n\t\t<div class=\"elementor-element elementor-element-74d9111 e-con-full e-flex e-con e-parent\" data-id=\"74d9111\" data-element_type=\"container\" data-e-type=\"container\">\n\t\t<div class=\"elementor-element elementor-element-297992a e-con-full e-flex e-con e-child\" data-id=\"297992a\" data-element_type=\"container\" data-e-type=\"container\">\n\t\t\t\t<div class=\"elementor-element elementor-element-0b8aa2a elementor-widget__width-initial elementor-widget elementor-widget-text-editor\" data-id=\"0b8aa2a\" data-element_type=\"widget\" data-e-type=\"widget\" data-widget_type=\"text-editor.default\">\n\t\t\t\t<div class=\"elementor-widget-container\">\n\t\t\t\t\t\t\t\t\t<p><strong>SESI<\/strong><\/p>\t\t\t\t\t\t\t\t<\/div>\n\t\t\t\t<\/div>\n\t\t\t\t<div class=\"elementor-element elementor-element-d1a3e40 elementor-widget__width-initial elementor-widget elementor-widget-text-editor\" data-id=\"d1a3e40\" data-element_type=\"widget\" data-e-type=\"widget\" data-widget_type=\"text-editor.default\">\n\t\t\t\t<div class=\"elementor-widget-container\">\n\t\t\t\t\t\t\t\t\t<p><strong>Feminino<\/strong><\/p>\t\t\t\t\t\t\t\t<\/div>\n\t\t\t\t<\/div>\n\t\t\t\t<div class=\"elementor-element elementor-element-1c7cfae elementor-widget__width-initial elementor-widget elementor-widget-text-editor\" data-id=\"1c7cfae\" data-element_type=\"widget\" data-e-type=\"widget\" data-widget_type=\"text-editor.default\">\n\t\t\t\t<div class=\"elementor-widget-container\">\n\t\t\t\t\t\t\t\t\t<p>Atleta Destaque<\/p><ul><li>2022 &#8211; Raissa Andraus<\/li><li>2023 &#8211; Ana Caroline Ara\u00fajo<\/li><li>2024 &#8211; Ana Caroline Ara\u00fajo<\/li><\/ul>\t\t\t\t\t\t\t\t<\/div>\n\t\t\t\t<\/div>\n\t\t\t\t<div class=\"elementor-element elementor-element-374189f elementor-widget__width-initial elementor-widget elementor-widget-text-editor\" data-id=\"374189f\" data-element_type=\"widget\" data-e-type=\"widget\" data-widget_type=\"text-editor.default\">\n\t\t\t\t<div class=\"elementor-widget-container\">\n\t\t\t\t\t\t\t\t\t<p><strong>Masculino<\/strong><\/p>\t\t\t\t\t\t\t\t<\/div>\n\t\t\t\t<\/div>\n\t\t\t\t<div class=\"elementor-element elementor-element-6ffc048 elementor-widget__width-initial elementor-widget elementor-widget-text-editor\" data-id=\"6ffc048\" data-element_type=\"widget\" data-e-type=\"widget\" data-widget_type=\"text-editor.default\">\n\t\t\t\t<div class=\"elementor-widget-container\">\n\t\t\t\t\t\t\t\t\t<p>Atleta Destaque<\/p><ul><li>2022 &#8211; Andr\u00e9 Brand\u00e3o<\/li><li>2023 &#8211; Gustavo Gon\u00e7alves<\/li><\/ul>\t\t\t\t\t\t\t\t<\/div>\n\t\t\t\t<\/div>\n\t\t\t\t<\/div>\n\t\t<div class=\"elementor-element elementor-element-453d3c3 e-con-full e-flex e-con e-child\" data-id=\"453d3c3\" data-element_type=\"container\" data-e-type=\"container\" data-settings=\"{&quot;background_background&quot;:&quot;classic&quot;}\">\n\t\t\t\t<div class=\"elementor-element elementor-element-0b0ad75 elementor-widget elementor-widget-image\" data-id=\"0b0ad75\" data-element_type=\"widget\" data-e-type=\"widget\" data-widget_type=\"image.default\">\n\t\t\t\t<div class=\"elementor-widget-container\">\n\t\t\t\t\t\t\t\t\t\t\t\t<figure class=\"wp-caption\">\n\t\t\t\t\t\t\t\t\t\t<img loading=\"lazy\" decoding=\"async\" width=\"640\" height=\"482\" src=\"https:\/\/jacareirugby.com.br\/wp-content\/uploads\/2024\/06\/IMG-20221209-WA0006-1024x771.jpg\" class=\"attachment-large size-large wp-image-1255\" alt=\"\" srcset=\"https:\/\/jacareirugby.com.br\/wp-content\/uploads\/2024\/06\/IMG-20221209-WA0006-1024x771.jpg 1024w, https:\/\/jacareirugby.com.br\/wp-content\/uploads\/2024\/06\/IMG-20221209-WA0006-300x226.jpg 300w, https:\/\/jacareirugby.com.br\/wp-content\/uploads\/2024\/06\/IMG-20221209-WA0006-768x578.jpg 768w, https:\/\/jacareirugby.com.br\/wp-content\/uploads\/2024\/06\/IMG-20221209-WA0006-1536x1156.jpg 1536w, https:\/\/jacareirugby.com.br\/wp-content\/uploads\/2024\/06\/IMG-20221209-WA0006-1568x1180.jpg 1568w, https:\/\/jacareirugby.com.br\/wp-content\/uploads\/2024\/06\/IMG-20221209-WA0006.jpg 1600w\" sizes=\"(max-width: 640px) 100vw, 640px\" \/>\t\t\t\t\t\t\t\t\t\t\t<figcaption class=\"widget-image-caption wp-caption-text\">Raissa Andraus e Andr\u00e9 Brand\u00e3o recebem pr\u00eamio Destaque do SESI - Foto Divulga\u00e7\u00e3o<\/figcaption>\n\t\t\t\t\t\t\t\t\t\t<\/figure>\n\t\t\t\t\t\t\t\t\t<\/div>\n\t\t\t\t<\/div>\n\t\t\t\t<\/div>\n\t\t\t\t<\/div>\n\t\t<div class=\"elementor-element elementor-element-7beef06 e-con-full e-flex e-con e-parent\" data-id=\"7beef06\" data-element_type=\"container\" data-e-type=\"container\">\n\t\t<div class=\"elementor-element elementor-element-74c982e e-con-full e-flex e-con e-child\" data-id=\"74c982e\" data-element_type=\"container\" data-e-type=\"container\">\n\t\t\t\t<div class=\"elementor-element elementor-element-7021f6f elementor-widget__width-initial elementor-widget elementor-widget-text-editor\" data-id=\"7021f6f\" data-element_type=\"widget\" data-e-type=\"widget\" data-widget_type=\"text-editor.default\">\n\t\t\t\t<div class=\"elementor-widget-container\">\n\t\t\t\t\t\t\t\t\t<p><strong>Outros<\/strong><\/p>\t\t\t\t\t\t\t\t<\/div>\n\t\t\t\t<\/div>\n\t\t\t\t<div class=\"elementor-element elementor-element-cbc51d9 elementor-widget__width-initial elementor-widget elementor-widget-text-editor\" data-id=\"cbc51d9\" data-element_type=\"widget\" data-e-type=\"widget\" data-widget_type=\"text-editor.default\">\n\t\t\t\t<div class=\"elementor-widget-container\">\n\t\t\t\t\t\t\t\t\t<p><strong>Honrarias Clube<\/strong><\/p>\t\t\t\t\t\t\t\t<\/div>\n\t\t\t\t<\/div>\n\t\t\t\t<div class=\"elementor-element elementor-element-2620553 elementor-widget__width-initial elementor-widget elementor-widget-text-editor\" data-id=\"2620553\" data-element_type=\"widget\" data-e-type=\"widget\" data-widget_type=\"text-editor.default\">\n\t\t\t\t<div class=\"elementor-widget-container\">\n\t\t\t\t\t\t\t\t\t<ul><li>T\u00edtulo de Utilidade P\u00fablica 2011<\/li><li>Alexandre Santos condutor da Tocha Ol\u00edmpica 2016<\/li><\/ul>\t\t\t\t\t\t\t\t<\/div>\n\t\t\t\t<\/div>\n\t\t\t\t<div class=\"elementor-element elementor-element-e5a4b04 elementor-widget__width-initial elementor-widget elementor-widget-text-editor\" data-id=\"e5a4b04\" data-element_type=\"widget\" data-e-type=\"widget\" data-widget_type=\"text-editor.default\">\n\t\t\t\t<div class=\"elementor-widget-container\">\n\t\t\t\t\t\t\t\t\t<p><strong>Honrarias Jogadores<\/strong><\/p>\t\t\t\t\t\t\t\t<\/div>\n\t\t\t\t<\/div>\n\t\t\t\t<div class=\"elementor-element elementor-element-a09fe29 elementor-widget__width-initial elementor-widget elementor-widget-text-editor\" data-id=\"a09fe29\" data-element_type=\"widget\" data-e-type=\"widget\" data-widget_type=\"text-editor.default\">\n\t\t\t\t<div class=\"elementor-widget-container\">\n\t\t\t\t\t\t\t\t\t<ul><li>Matheus Daniel condutor da Tocha Ol\u00edmpica 2016<\/li><\/ul>\t\t\t\t\t\t\t\t<\/div>\n\t\t\t\t<\/div>\n\t\t\t\t<div class=\"elementor-element elementor-element-73d46b3 elementor-widget__width-initial elementor-widget elementor-widget-text-editor\" data-id=\"73d46b3\" data-element_type=\"widget\" data-e-type=\"widget\" data-widget_type=\"text-editor.default\">\n\t\t\t\t<div class=\"elementor-widget-container\">\n\t\t\t\t\t\t\t\t\t<p><strong>Pr\u00eamio Jorge Ara\u00fajo de Destaque Esportivo<\/strong><\/p>\t\t\t\t\t\t\t\t<\/div>\n\t\t\t\t<\/div>\n\t\t\t\t<div class=\"elementor-element elementor-element-c8d1973 elementor-widget__width-initial elementor-widget elementor-widget-text-editor\" data-id=\"c8d1973\" data-element_type=\"widget\" data-e-type=\"widget\" data-widget_type=\"text-editor.default\">\n\t\t\t\t<div class=\"elementor-widget-container\">\n\t\t\t\t\t\t\t\t\t<p>Atleta Destaque Juvenil<\/p><ul><li>2023 &#8211; Brayan Carriel<\/li><\/ul><p>Atleta Destaque Adulto<\/p><ul><li>2023 &#8211; Felipe Silva<\/li><\/ul>\t\t\t\t\t\t\t\t<\/div>\n\t\t\t\t<\/div>\n\t\t\t\t<div class=\"elementor-element elementor-element-9699285 elementor-widget__width-initial elementor-widget elementor-widget-text-editor\" data-id=\"9699285\" data-element_type=\"widget\" data-e-type=\"widget\" data-widget_type=\"text-editor.default\">\n\t\t\t\t<div class=\"elementor-widget-container\">\n\t\t\t\t\t\t\t\t\t<p><strong>Pr\u00eamio Trof\u00e9u Chagas e Silva<\/strong><\/p>\t\t\t\t\t\t\t\t<\/div>\n\t\t\t\t<\/div>\n\t\t\t\t<div class=\"elementor-element elementor-element-e36d677 elementor-widget__width-initial elementor-widget elementor-widget-text-editor\" data-id=\"e36d677\" data-element_type=\"widget\" data-e-type=\"widget\" data-widget_type=\"text-editor.default\">\n\t\t\t\t<div class=\"elementor-widget-container\">\n\t\t\t\t\t\t\t\t\t<ul><li>2022 &#8211; J\u00falio Faria<\/li><\/ul>\t\t\t\t\t\t\t\t<\/div>\n\t\t\t\t<\/div>\n\t\t\t\t<\/div>\n\t\t<div class=\"elementor-element elementor-element-fa621f1 e-con-full e-flex e-con e-child\" data-id=\"fa621f1\" data-element_type=\"container\" data-e-type=\"container\" data-settings=\"{&quot;background_background&quot;:&quot;classic&quot;}\">\n\t\t\t\t<div class=\"elementor-element elementor-element-fd511dc elementor-widget elementor-widget-image\" data-id=\"fd511dc\" data-element_type=\"widget\" data-e-type=\"widget\" data-widget_type=\"image.default\">\n\t\t\t\t<div class=\"elementor-widget-container\">\n\t\t\t\t\t\t\t\t\t\t\t\t<figure class=\"wp-caption\">\n\t\t\t\t\t\t\t\t\t\t<img loading=\"lazy\" decoding=\"async\" width=\"640\" height=\"361\" src=\"https:\/\/jacareirugby.com.br\/wp-content\/uploads\/2024\/06\/20240318_201111-1024x577.jpg\" class=\"attachment-large size-large wp-image-1253\" alt=\"\" srcset=\"https:\/\/jacareirugby.com.br\/wp-content\/uploads\/2024\/06\/20240318_201111-1024x577.jpg 1024w, https:\/\/jacareirugby.com.br\/wp-content\/uploads\/2024\/06\/20240318_201111-300x169.jpg 300w, https:\/\/jacareirugby.com.br\/wp-content\/uploads\/2024\/06\/20240318_201111-768x432.jpg 768w, https:\/\/jacareirugby.com.br\/wp-content\/uploads\/2024\/06\/20240318_201111-1536x865.jpg 1536w, https:\/\/jacareirugby.com.br\/wp-content\/uploads\/2024\/06\/20240318_201111-2048x1153.jpg 2048w, https:\/\/jacareirugby.com.br\/wp-content\/uploads\/2024\/06\/20240318_201111-1568x883.jpg 1568w\" sizes=\"(max-width: 640px) 100vw, 640px\" \/>\t\t\t\t\t\t\t\t\t\t\t<figcaption class=\"widget-image-caption wp-caption-text\">Felipe Silva recebe Pr\u00eamio Jorge Ara\u00fajo de Destaque Esportivo Adulto - Foto Assessoria\/CMJ<\/figcaption>\n\t\t\t\t\t\t\t\t\t\t<\/figure>\n\t\t\t\t\t\t\t\t\t<\/div>\n\t\t\t\t<\/div>\n\t\t\t\t<div class=\"elementor-element elementor-element-bfa6fd7 elementor-widget elementor-widget-image\" data-id=\"bfa6fd7\" data-element_type=\"widget\" data-e-type=\"widget\" data-widget_type=\"image.default\">\n\t\t\t\t<div class=\"elementor-widget-container\">\n\t\t\t\t\t\t\t\t\t\t\t\t<figure class=\"wp-caption\">\n\t\t\t\t\t\t\t\t\t\t<img loading=\"lazy\" decoding=\"async\" width=\"640\" height=\"359\" src=\"https:\/\/jacareirugby.com.br\/wp-content\/uploads\/2024\/06\/IMG_1327-1024x575.jpg\" class=\"attachment-large size-large wp-image-1254\" alt=\"\" srcset=\"https:\/\/jacareirugby.com.br\/wp-content\/uploads\/2024\/06\/IMG_1327-1024x575.jpg 1024w, https:\/\/jacareirugby.com.br\/wp-content\/uploads\/2024\/06\/IMG_1327-300x168.jpg 300w, https:\/\/jacareirugby.com.br\/wp-content\/uploads\/2024\/06\/IMG_1327-768x431.jpg 768w, https:\/\/jacareirugby.com.br\/wp-content\/uploads\/2024\/06\/IMG_1327-1536x863.jpg 1536w, https:\/\/jacareirugby.com.br\/wp-content\/uploads\/2024\/06\/IMG_1327-2048x1150.jpg 2048w, https:\/\/jacareirugby.com.br\/wp-content\/uploads\/2024\/06\/IMG_1327-1568x880.jpg 1568w\" sizes=\"(max-width: 640px) 100vw, 640px\" \/>\t\t\t\t\t\t\t\t\t\t\t<figcaption class=\"widget-image-caption wp-caption-text\">Brayan Carriel recebe Pr\u00eamio Jorge Ara\u00fajo de Destaque Esportivo Juvenil - Foto Assessoria\/CMJ<\/figcaption>\n\t\t\t\t\t\t\t\t\t\t<\/figure>\n\t\t\t\t\t\t\t\t\t<\/div>\n\t\t\t\t<\/div>\n\t\t\t\t<\/div>\n\t\t\t\t<\/div>\n\t\t\t\t<\/div>\n\t\t","protected":false},"excerpt":{"rendered":"<p>Galeria de T\u00edtulos Adulto Masculino ,Campe\u00e3o Campeonato Brasileiro XV: 2017, 2024, 2025 Campeonato Paulista XV: 2025 Campeonato Brasileiro 7s: 2017, 2018, 2019, 2022 Ta\u00e7a Tupi &#8211; 2\u00aa Divis\u00e3o: 2014, 2016 Campeonato Paulista 7s: 2015, 2026 Copa Caipira XV: 2024 Copa Caipira 7s: 2024 Copa S\u00e3o Paulo XV &#8211; Paulista 2\u00aaD: 2013 Vice-Campe\u00e3o Campeonato Brasileiro XV: &hellip; <\/p>\n<p class=\"link-more\"><a href=\"https:\/\/jacareirugby.com.br\/?page_id=1230\" class=\"more-link\">Continue lendo<span class=\"screen-reader-text\"> &#8220;T\u00edtulos&#8221;<\/span><\/a><\/p>\n","protected":false},"author":2,"featured_media":0,"parent":0,"menu_order":0,"comment_status":"closed","ping_status":"closed","template":"","meta":{"footnotes":""},"class_list":["post-1230","page","type-page","status-publish","hentry","entry"],"_links":{"self":[{"href":"https:\/\/jacareirugby.com.br\/index.php?rest_route=\/wp\/v2\/pages\/1230","targetHints":{"allow":["GET"]}}],"collection":[{"href":"https:\/\/jacareirugby.com.br\/index.php?rest_route=\/wp\/v2\/pages"}],"about":[{"href":"https:\/\/jacareirugby.com.br\/index.php?rest_route=\/wp\/v2\/types\/page"}],"author":[{"embeddable":true,"href":"https:\/\/jacareirugby.com.br\/index.php?rest_route=\/wp\/v2\/users\/2"}],"replies":[{"embeddable":true,"href":"https:\/\/jacareirugby.com.br\/index.php?rest_route=%2Fwp%2Fv2%2Fcomments&post=1230"}],"version-history":[{"count":90,"href":"https:\/\/jacareirugby.com.br\/index.php?rest_route=\/wp\/v2\/pages\/1230\/revisions"}],"predecessor-version":[{"id":1858,"href":"https:\/\/jacareirugby.com.br\/index.php?rest_route=\/wp\/v2\/pages\/1230\/revisions\/1858"}],"wp:attachment":[{"href":"https:\/\/jacareirugby.com.br\/index.php?rest_route=%2Fwp%2Fv2%2Fmedia&parent=1230"}],"curies":[{"name":"wp","href":"https:\/\/api.w.org\/{rel}","templated":true}]}}