{"id":1305,"date":"2024-06-12T15:00:16","date_gmt":"2024-06-12T18:00:16","guid":{"rendered":"https:\/\/jacareirugby.com.br\/?page_id=1305"},"modified":"2025-04-17T17:49:33","modified_gmt":"2025-04-17T20:49:33","slug":"premiacao-clube","status":"publish","type":"page","link":"https:\/\/jacareirugby.com.br\/?page_id=1305","title":{"rendered":"Premia\u00e7\u00f5es do Clube"},"content":{"rendered":"\t\t<div data-elementor-type=\"wp-page\" data-elementor-id=\"1305\" class=\"elementor elementor-1305\" data-elementor-post-type=\"page\">\n\t\t\t\t<div class=\"elementor-element elementor-element-bdce632 e-flex e-con-boxed e-con e-parent\" data-id=\"bdce632\" data-element_type=\"container\" data-e-type=\"container\">\n\t\t\t\t\t<div class=\"e-con-inner\">\n\t\t\t\t<div class=\"elementor-element elementor-element-2606168 elementor-nav-menu--dropdown-tablet elementor-nav-menu__text-align-aside elementor-nav-menu--toggle elementor-nav-menu--burger elementor-widget elementor-widget-nav-menu\" data-id=\"2606168\" data-element_type=\"widget\" data-e-type=\"widget\" data-settings=\"{&quot;layout&quot;:&quot;horizontal&quot;,&quot;submenu_icon&quot;:{&quot;value&quot;:&quot;&lt;svg class=\\&quot;e-font-icon-svg e-fas-caret-down\\&quot; viewBox=\\&quot;0 0 320 512\\&quot; xmlns=\\&quot;http:\\\/\\\/www.w3.org\\\/2000\\\/svg\\&quot;&gt;&lt;path d=\\&quot;M31.3 192h257.3c17.8 0 26.7 21.5 14.1 34.1L174.1 354.8c-7.8 7.8-20.5 7.8-28.3 0L17.2 226.1C4.6 213.5 13.5 192 31.3 192z\\&quot;&gt;&lt;\\\/path&gt;&lt;\\\/svg&gt;&quot;,&quot;library&quot;:&quot;fa-solid&quot;},&quot;toggle&quot;:&quot;burger&quot;}\" data-widget_type=\"nav-menu.default\">\n\t\t\t\t<div class=\"elementor-widget-container\">\n\t\t\t\t\t\t\t\t<nav class=\"elementor-nav-menu--main elementor-nav-menu__container elementor-nav-menu--layout-horizontal e--pointer-underline e--animation-fade\">\n\t\t\t\t<ul id=\"menu-1-2606168\" class=\"elementor-nav-menu\"><li class=\"menu-item menu-item-type-custom menu-item-object-custom menu-item-home menu-item-144\"><a href=\"https:\/\/jacareirugby.com.br\/\" class=\"elementor-item\">Home<\/a><\/li>\n<li class=\"menu-item menu-item-type-post_type menu-item-object-page menu-item-1419\"><a href=\"https:\/\/jacareirugby.com.br\/?page_id=1403\" class=\"elementor-item\">Treinos<\/a><\/li>\n<li class=\"menu-item menu-item-type-custom menu-item-object-custom menu-item-home menu-item-1237\"><a href=\"https:\/\/jacareirugby.com.br\/\" class=\"elementor-item\">O Clube<\/a><\/li>\n<li class=\"menu-item menu-item-type-post_type menu-item-object-page menu-item-441\"><a href=\"https:\/\/jacareirugby.com.br\/?page_id=364\" class=\"elementor-item\">Sobre n\u00f3s<\/a><\/li>\n<li class=\"menu-item menu-item-type-post_type menu-item-object-page menu-item-1235\"><a href=\"https:\/\/jacareirugby.com.br\/?page_id=1230\" class=\"elementor-item\">T\u00edtulos<\/a><\/li>\n<li class=\"menu-item menu-item-type-post_type menu-item-object-page menu-item-1345\"><a href=\"https:\/\/jacareirugby.com.br\/?page_id=1305\" class=\"elementor-item\">Premia\u00e7\u00f5es do Clube<\/a><\/li>\n<li class=\"menu-item menu-item-type-post_type menu-item-object-page menu-item-861\"><a href=\"https:\/\/jacareirugby.com.br\/?page_id=843\" class=\"elementor-item\">Not\u00edcias<\/a><\/li>\n<li class=\"menu-item menu-item-type-post_type menu-item-object-page menu-item-442\"><a href=\"https:\/\/jacareirugby.com.br\/?page_id=381\" class=\"elementor-item\">Transpar\u00eancia<\/a><\/li>\n<\/ul>\t\t\t<\/nav>\n\t\t\t\t\t<div class=\"elementor-menu-toggle\" role=\"button\" tabindex=\"0\" aria-label=\"Alternar menu\" aria-expanded=\"false\">\n\t\t\t<svg aria-hidden=\"true\" role=\"presentation\" class=\"elementor-menu-toggle__icon--open e-font-icon-svg e-eicon-menu-bar\" viewBox=\"0 0 1000 1000\" xmlns=\"http:\/\/www.w3.org\/2000\/svg\"><path d=\"M104 333H896C929 333 958 304 958 271S929 208 896 208H104C71 208 42 237 42 271S71 333 104 333ZM104 583H896C929 583 958 554 958 521S929 458 896 458H104C71 458 42 487 42 521S71 583 104 583ZM104 833H896C929 833 958 804 958 771S929 708 896 708H104C71 708 42 737 42 771S71 833 104 833Z\"><\/path><\/svg><svg aria-hidden=\"true\" role=\"presentation\" class=\"elementor-menu-toggle__icon--close e-font-icon-svg e-eicon-close\" viewBox=\"0 0 1000 1000\" xmlns=\"http:\/\/www.w3.org\/2000\/svg\"><path d=\"M742 167L500 408 258 167C246 154 233 150 217 150 196 150 179 158 167 167 154 179 150 196 150 212 150 229 154 242 171 254L408 500 167 742C138 771 138 800 167 829 196 858 225 858 254 829L496 587 738 829C750 842 767 846 783 846 800 846 817 842 829 829 842 817 846 804 846 783 846 767 842 750 829 737L588 500 833 258C863 229 863 200 833 171 804 137 775 137 742 167Z\"><\/path><\/svg>\t\t\t<span class=\"elementor-screen-only\">Menu<\/span>\n\t\t<\/div>\n\t\t\t\t\t<nav class=\"elementor-nav-menu--dropdown elementor-nav-menu__container\" aria-hidden=\"true\">\n\t\t\t\t<ul id=\"menu-2-2606168\" class=\"elementor-nav-menu\"><li class=\"menu-item menu-item-type-custom menu-item-object-custom menu-item-home menu-item-144\"><a href=\"https:\/\/jacareirugby.com.br\/\" class=\"elementor-item\" tabindex=\"-1\">Home<\/a><\/li>\n<li class=\"menu-item menu-item-type-post_type menu-item-object-page menu-item-1419\"><a href=\"https:\/\/jacareirugby.com.br\/?page_id=1403\" class=\"elementor-item\" tabindex=\"-1\">Treinos<\/a><\/li>\n<li class=\"menu-item menu-item-type-custom menu-item-object-custom menu-item-home menu-item-1237\"><a href=\"https:\/\/jacareirugby.com.br\/\" class=\"elementor-item\" tabindex=\"-1\">O Clube<\/a><\/li>\n<li class=\"menu-item menu-item-type-post_type menu-item-object-page menu-item-441\"><a href=\"https:\/\/jacareirugby.com.br\/?page_id=364\" class=\"elementor-item\" tabindex=\"-1\">Sobre n\u00f3s<\/a><\/li>\n<li class=\"menu-item menu-item-type-post_type menu-item-object-page menu-item-1235\"><a href=\"https:\/\/jacareirugby.com.br\/?page_id=1230\" class=\"elementor-item\" tabindex=\"-1\">T\u00edtulos<\/a><\/li>\n<li class=\"menu-item menu-item-type-post_type menu-item-object-page menu-item-1345\"><a href=\"https:\/\/jacareirugby.com.br\/?page_id=1305\" class=\"elementor-item\" tabindex=\"-1\">Premia\u00e7\u00f5es do Clube<\/a><\/li>\n<li class=\"menu-item menu-item-type-post_type menu-item-object-page menu-item-861\"><a href=\"https:\/\/jacareirugby.com.br\/?page_id=843\" class=\"elementor-item\" tabindex=\"-1\">Not\u00edcias<\/a><\/li>\n<li class=\"menu-item menu-item-type-post_type menu-item-object-page menu-item-442\"><a href=\"https:\/\/jacareirugby.com.br\/?page_id=381\" class=\"elementor-item\" tabindex=\"-1\">Transpar\u00eancia<\/a><\/li>\n<\/ul>\t\t\t<\/nav>\n\t\t\t\t\t\t<\/div>\n\t\t\t\t<\/div>\n\t\t\t\t\t<\/div>\n\t\t\t\t<\/div>\n\t\t<div class=\"elementor-element elementor-element-2894a02 e-con-full e-flex e-con e-parent\" data-id=\"2894a02\" data-element_type=\"container\" data-e-type=\"container\">\n\t\t<div class=\"elementor-element elementor-element-bbacf31 e-con-full e-flex e-con e-child\" data-id=\"bbacf31\" data-element_type=\"container\" data-e-type=\"container\">\n\t\t\t\t<div class=\"elementor-element elementor-element-bb15045 elementor-widget__width-initial elementor-widget elementor-widget-heading\" data-id=\"bb15045\" data-element_type=\"widget\" data-e-type=\"widget\" data-widget_type=\"heading.default\">\n\t\t\t\t<div class=\"elementor-widget-container\">\n\t\t\t\t\t<h1 class=\"elementor-heading-title elementor-size-default\">Pr\u00eamio R\u00f4mulo Rambaldi<\/h1>\t\t\t\t<\/div>\n\t\t\t\t<\/div>\n\t\t\t\t<div class=\"elementor-element elementor-element-c9be4b1 elementor-widget__width-initial elementor-widget elementor-widget-text-editor\" data-id=\"c9be4b1\" data-element_type=\"widget\" data-e-type=\"widget\" data-widget_type=\"text-editor.default\">\n\t\t\t\t<div class=\"elementor-widget-container\">\n\t\t\t\t\t\t\t\t\t<p>O Pr\u00eamio R\u00f4mulo Rambaldi \u00e9 um evento criado pelo Jacare\u00ed Rugby para reconhecimento dos melhores atletas da Associa\u00e7\u00e3o Esportiva Jacare\u00ed Rugby durante o ano.<\/p><p>A primeira edi\u00e7\u00e3o do evento aconteceu em 2014. Confira todos os indicados e vencedores.<\/p>\t\t\t\t\t\t\t\t<\/div>\n\t\t\t\t<\/div>\n\t\t\t\t<\/div>\n\t\t<div class=\"elementor-element elementor-element-059d6ba e-con-full e-flex e-con e-child\" data-id=\"059d6ba\" data-element_type=\"container\" data-e-type=\"container\" data-settings=\"{&quot;background_background&quot;:&quot;classic&quot;}\">\n\t\t\t\t<div class=\"elementor-element elementor-element-a7d13bd elementor-widget elementor-widget-image\" data-id=\"a7d13bd\" data-element_type=\"widget\" data-e-type=\"widget\" data-widget_type=\"image.default\">\n\t\t\t\t<div class=\"elementor-widget-container\">\n\t\t\t\t\t\t\t\t\t\t\t\t<figure class=\"wp-caption\">\n\t\t\t\t\t\t\t\t\t\t<img fetchpriority=\"high\" decoding=\"async\" width=\"640\" height=\"427\" src=\"https:\/\/jacareirugby.com.br\/wp-content\/uploads\/2024\/06\/20191213-Romulo-Rambaldi-Foto-Icaro-Leal-Jacarei-Rugby-2-1024x683.jpg\" class=\"attachment-large size-large wp-image-1325\" alt=\"\" srcset=\"https:\/\/jacareirugby.com.br\/wp-content\/uploads\/2024\/06\/20191213-Romulo-Rambaldi-Foto-Icaro-Leal-Jacarei-Rugby-2-1024x683.jpg 1024w, https:\/\/jacareirugby.com.br\/wp-content\/uploads\/2024\/06\/20191213-Romulo-Rambaldi-Foto-Icaro-Leal-Jacarei-Rugby-2-300x200.jpg 300w, https:\/\/jacareirugby.com.br\/wp-content\/uploads\/2024\/06\/20191213-Romulo-Rambaldi-Foto-Icaro-Leal-Jacarei-Rugby-2-768x512.jpg 768w, https:\/\/jacareirugby.com.br\/wp-content\/uploads\/2024\/06\/20191213-Romulo-Rambaldi-Foto-Icaro-Leal-Jacarei-Rugby-2-1536x1024.jpg 1536w, https:\/\/jacareirugby.com.br\/wp-content\/uploads\/2024\/06\/20191213-Romulo-Rambaldi-Foto-Icaro-Leal-Jacarei-Rugby-2-2048x1365.jpg 2048w, https:\/\/jacareirugby.com.br\/wp-content\/uploads\/2024\/06\/20191213-Romulo-Rambaldi-Foto-Icaro-Leal-Jacarei-Rugby-2-1568x1045.jpg 1568w\" sizes=\"(max-width: 640px) 100vw, 640px\" \/>\t\t\t\t\t\t\t\t\t\t\t<figcaption class=\"widget-image-caption wp-caption-text\">6\u00aa Edi\u00e7\u00e3o do Pr\u00eamio R\u00f4mulo Rambaldi - Foto Icaro Leal\/Jacarei Rugby<\/figcaption>\n\t\t\t\t\t\t\t\t\t\t<\/figure>\n\t\t\t\t\t\t\t\t\t<\/div>\n\t\t\t\t<\/div>\n\t\t\t\t<\/div>\n\t\t\t\t<\/div>\n\t\t<div class=\"elementor-element elementor-element-9b20660 e-con-full e-flex e-con e-parent\" data-id=\"9b20660\" data-element_type=\"container\" data-e-type=\"container\">\n\t\t<div class=\"elementor-element elementor-element-2a9dadb e-con-full e-flex e-con e-child\" data-id=\"2a9dadb\" data-element_type=\"container\" data-e-type=\"container\">\n\t\t\t\t<div class=\"elementor-element elementor-element-140f6ad elementor-widget__width-initial elementor-widget elementor-widget-text-editor\" data-id=\"140f6ad\" data-element_type=\"widget\" data-e-type=\"widget\" data-widget_type=\"text-editor.default\">\n\t\t\t\t<div class=\"elementor-widget-container\">\n\t\t\t\t\t\t\t\t\t<p><strong>Edi\u00e7\u00e3o 2014<\/strong><\/p>\t\t\t\t\t\t\t\t<\/div>\n\t\t\t\t<\/div>\n\t\t\t\t<div class=\"elementor-element elementor-element-4f14ba1 elementor-widget__width-initial elementor-widget elementor-widget-text-editor\" data-id=\"4f14ba1\" data-element_type=\"widget\" data-e-type=\"widget\" data-widget_type=\"text-editor.default\">\n\t\t\t\t<div class=\"elementor-widget-container\">\n\t\t\t\t\t\t\t\t\t<p>Atleta Destaque M15<\/p><ul><li>Carlos Eduardo Proen\u00e7a<\/li><li>Guilherme Santos &#8211; <strong>Venceu<\/strong><\/li><li>Thiago Richard<\/li><\/ul><p>Atleta Destaque M17<\/p><ul><li>Eliel Silva &#8211; <strong>Venceu<\/strong><\/li><li>Matheus Augusto<\/li><li>Paulo Henrique Silva<\/li><\/ul><p>Atleta Destaque M19<\/p><ul><li>Thiago Carvalho &#8211; <strong>Venceu<\/strong><\/li><\/ul><p>Atleta Destaque Feminino<\/p><ul><li>Brenda Kimberly<\/li><li>Giulia Mota &#8211; <strong>Venceu<\/strong><\/li><li>Let\u00edcia Medeiros<\/li><\/ul><p>Atleta Destaque Adulto Masculino<\/p><ul><li>Luan Almeida<\/li><li>Luiz Gustavo Andreoti &#8211; <strong>Venceu<\/strong><\/li><li>Matheus Daniel<\/li><\/ul><p>Atleta Destaque 2014<\/p><ul><li>Matheus Cruz<\/li><li>Matheus Daniel<\/li><li>Pedro Nicolas Rivero &#8211; <strong>Venceu<\/strong><\/li><\/ul><p>\u00a0<\/p>\t\t\t\t\t\t\t\t<\/div>\n\t\t\t\t<\/div>\n\t\t\t\t<\/div>\n\t\t<div class=\"elementor-element elementor-element-8a231a1 e-con-full e-flex e-con e-child\" data-id=\"8a231a1\" data-element_type=\"container\" data-e-type=\"container\" data-settings=\"{&quot;background_background&quot;:&quot;classic&quot;}\">\n\t\t\t\t<div class=\"elementor-element elementor-element-8140e13 elementor-widget elementor-widget-image\" data-id=\"8140e13\" data-element_type=\"widget\" data-e-type=\"widget\" data-widget_type=\"image.default\">\n\t\t\t\t<div class=\"elementor-widget-container\">\n\t\t\t\t\t\t\t\t\t\t\t\t<figure class=\"wp-caption\">\n\t\t\t\t\t\t\t\t\t\t<img decoding=\"async\" width=\"640\" height=\"427\" src=\"https:\/\/jacareirugby.com.br\/wp-content\/uploads\/2024\/06\/10441031_896654913699626_1821394438140461487_n_896654913699626.jpg\" class=\"attachment-large size-large wp-image-1309\" alt=\"\" srcset=\"https:\/\/jacareirugby.com.br\/wp-content\/uploads\/2024\/06\/10441031_896654913699626_1821394438140461487_n_896654913699626.jpg 960w, https:\/\/jacareirugby.com.br\/wp-content\/uploads\/2024\/06\/10441031_896654913699626_1821394438140461487_n_896654913699626-300x200.jpg 300w, https:\/\/jacareirugby.com.br\/wp-content\/uploads\/2024\/06\/10441031_896654913699626_1821394438140461487_n_896654913699626-768x512.jpg 768w\" sizes=\"(max-width: 640px) 100vw, 640px\" \/>\t\t\t\t\t\t\t\t\t\t\t<figcaption class=\"widget-image-caption wp-caption-text\">Pedro Nicolas Rivero foi o Atleta Destaque 2014 - Foto Adriano Matos\/Jacare\u00ed Rugby<\/figcaption>\n\t\t\t\t\t\t\t\t\t\t<\/figure>\n\t\t\t\t\t\t\t\t\t<\/div>\n\t\t\t\t<\/div>\n\t\t\t\t<div class=\"elementor-element elementor-element-8a10c5c elementor-widget elementor-widget-image\" data-id=\"8a10c5c\" data-element_type=\"widget\" data-e-type=\"widget\" data-widget_type=\"image.default\">\n\t\t\t\t<div class=\"elementor-widget-container\">\n\t\t\t\t\t\t\t\t\t\t\t\t<figure class=\"wp-caption\">\n\t\t\t\t\t\t\t\t\t\t<img decoding=\"async\" width=\"640\" height=\"427\" src=\"https:\/\/jacareirugby.com.br\/wp-content\/uploads\/2024\/06\/10451785_896652233699894_7448500371148515197_n_896652233699894.jpg\" class=\"attachment-large size-large wp-image-1310\" alt=\"\" srcset=\"https:\/\/jacareirugby.com.br\/wp-content\/uploads\/2024\/06\/10451785_896652233699894_7448500371148515197_n_896652233699894.jpg 960w, https:\/\/jacareirugby.com.br\/wp-content\/uploads\/2024\/06\/10451785_896652233699894_7448500371148515197_n_896652233699894-300x200.jpg 300w, https:\/\/jacareirugby.com.br\/wp-content\/uploads\/2024\/06\/10451785_896652233699894_7448500371148515197_n_896652233699894-768x512.jpg 768w\" sizes=\"(max-width: 640px) 100vw, 640px\" \/>\t\t\t\t\t\t\t\t\t\t\t<figcaption class=\"widget-image-caption wp-caption-text\">Giulia Mota foi a vencedora da categoria Atleta Destaque Feminino 2014 - Foto Adriano Matos\/Jacare\u00ed Rugby<\/figcaption>\n\t\t\t\t\t\t\t\t\t\t<\/figure>\n\t\t\t\t\t\t\t\t\t<\/div>\n\t\t\t\t<\/div>\n\t\t\t\t<\/div>\n\t\t\t\t<\/div>\n\t\t<div class=\"elementor-element elementor-element-24bf252 e-con-full e-flex e-con e-parent\" data-id=\"24bf252\" data-element_type=\"container\" data-e-type=\"container\">\n\t\t<div class=\"elementor-element elementor-element-ab25a71 e-con-full e-flex e-con e-child\" data-id=\"ab25a71\" data-element_type=\"container\" data-e-type=\"container\">\n\t\t\t\t<div class=\"elementor-element elementor-element-2dbd2d4 elementor-widget__width-initial elementor-widget elementor-widget-text-editor\" data-id=\"2dbd2d4\" data-element_type=\"widget\" data-e-type=\"widget\" data-widget_type=\"text-editor.default\">\n\t\t\t\t<div class=\"elementor-widget-container\">\n\t\t\t\t\t\t\t\t\t<p><strong>Edi\u00e7\u00e3o 2015<\/strong><\/p>\t\t\t\t\t\t\t\t<\/div>\n\t\t\t\t<\/div>\n\t\t\t\t<div class=\"elementor-element elementor-element-740d6de elementor-widget__width-initial elementor-widget elementor-widget-text-editor\" data-id=\"740d6de\" data-element_type=\"widget\" data-e-type=\"widget\" data-widget_type=\"text-editor.default\">\n\t\t\t\t<div class=\"elementor-widget-container\">\n\t\t\t\t\t\t\t\t\t<p>Torcedor Destaque<\/p><ul><li>Eli Ferreira &#8211; <strong>Venceu<\/strong><\/li><li>Ketlin Nadine<\/li><li>Yasmin Maiara<\/li><\/ul><p>Categoria Destaque<\/p><ul><li>M15<\/li><li>M19 &#8211; <strong>Venceu<\/strong><\/li><li>Feminino<\/li><\/ul><p>Atleta Destaque M15<\/p><ul><li>Felipe Miyakawa<\/li><li>Jo\u00e3o Marcelo Borges<\/li><li>Mateus Luciano &#8211; <strong>Venceu<\/strong><\/li><\/ul><p>Atleta Destaque M17<\/p><ul><li>Ariel Rodrigues<\/li><li>Eliel Silva<\/li><li>Matheus Augusto &#8211; <strong>Venceu<\/strong><\/li><\/ul><p>Atleta Destaque M19<\/p><ul><li>\u00c1lvaro Baruc<\/li><li>Matheus Cruz &#8211; <strong>Venceu<\/strong><\/li><li>Thiago Carvalho<\/li><\/ul><p>Atleta Destaque Feminino<\/p><ul><li>Arielly Medeiros<\/li><li>Beatriz Ijano &#8211; <strong>Venceu<\/strong><\/li><li>Lidiane Carmo<\/li><\/ul><p>Atleta Destaque Adulto Masculino<\/p><ul><li>J\u00falio Faria &#8211; <strong>Venceu<\/strong><\/li><li>Matheus Daniel<\/li><li>Rafael Goes<\/li><\/ul><p>Atleta Destaque 2015<\/p><ul><li>J\u00falio Faria<\/li><li>Matheus Augusto &#8211; <strong>Venceu<\/strong><\/li><li>Matheus Daniel<\/li><\/ul>\t\t\t\t\t\t\t\t<\/div>\n\t\t\t\t<\/div>\n\t\t\t\t<\/div>\n\t\t<div class=\"elementor-element elementor-element-0f9314a e-con-full e-flex e-con e-child\" data-id=\"0f9314a\" data-element_type=\"container\" data-e-type=\"container\" data-settings=\"{&quot;background_background&quot;:&quot;classic&quot;}\">\n\t\t\t\t<div class=\"elementor-element elementor-element-dd99db4 elementor-widget elementor-widget-image\" data-id=\"dd99db4\" data-element_type=\"widget\" data-e-type=\"widget\" data-widget_type=\"image.default\">\n\t\t\t\t<div class=\"elementor-widget-container\">\n\t\t\t\t\t\t\t\t\t\t\t\t<figure class=\"wp-caption\">\n\t\t\t\t\t\t\t\t\t\t<img loading=\"lazy\" decoding=\"async\" width=\"640\" height=\"427\" src=\"https:\/\/jacareirugby.com.br\/wp-content\/uploads\/2024\/06\/12291201_1110612238970558_3813983324219156301_o_1110612238970558-1024x683.jpg\" class=\"attachment-large size-large wp-image-1311\" alt=\"\" srcset=\"https:\/\/jacareirugby.com.br\/wp-content\/uploads\/2024\/06\/12291201_1110612238970558_3813983324219156301_o_1110612238970558-1024x683.jpg 1024w, https:\/\/jacareirugby.com.br\/wp-content\/uploads\/2024\/06\/12291201_1110612238970558_3813983324219156301_o_1110612238970558-300x200.jpg 300w, https:\/\/jacareirugby.com.br\/wp-content\/uploads\/2024\/06\/12291201_1110612238970558_3813983324219156301_o_1110612238970558-768x512.jpg 768w, https:\/\/jacareirugby.com.br\/wp-content\/uploads\/2024\/06\/12291201_1110612238970558_3813983324219156301_o_1110612238970558.jpg 1296w\" sizes=\"(max-width: 640px) 100vw, 640px\" \/>\t\t\t\t\t\t\t\t\t\t\t<figcaption class=\"widget-image-caption wp-caption-text\">2\u00aa Edi\u00e7\u00e3o do Pr\u00eamio R\u00f4mulo Rambaldi - Foto Adriano Matos\/Jacare\u00ed Rugby<\/figcaption>\n\t\t\t\t\t\t\t\t\t\t<\/figure>\n\t\t\t\t\t\t\t\t\t<\/div>\n\t\t\t\t<\/div>\n\t\t\t\t<div class=\"elementor-element elementor-element-cf02adc elementor-widget elementor-widget-image\" data-id=\"cf02adc\" data-element_type=\"widget\" data-e-type=\"widget\" data-widget_type=\"image.default\">\n\t\t\t\t<div class=\"elementor-widget-container\">\n\t\t\t\t\t\t\t\t\t\t\t\t<figure class=\"wp-caption\">\n\t\t\t\t\t\t\t\t\t\t<img loading=\"lazy\" decoding=\"async\" width=\"640\" height=\"427\" src=\"https:\/\/jacareirugby.com.br\/wp-content\/uploads\/2024\/06\/12239203_1110611718970610_3693539148622842776_o_1110611718970610-1024x683.jpg\" class=\"attachment-large size-large wp-image-1313\" alt=\"\" srcset=\"https:\/\/jacareirugby.com.br\/wp-content\/uploads\/2024\/06\/12239203_1110611718970610_3693539148622842776_o_1110611718970610-1024x683.jpg 1024w, https:\/\/jacareirugby.com.br\/wp-content\/uploads\/2024\/06\/12239203_1110611718970610_3693539148622842776_o_1110611718970610-300x200.jpg 300w, https:\/\/jacareirugby.com.br\/wp-content\/uploads\/2024\/06\/12239203_1110611718970610_3693539148622842776_o_1110611718970610-768x512.jpg 768w, https:\/\/jacareirugby.com.br\/wp-content\/uploads\/2024\/06\/12239203_1110611718970610_3693539148622842776_o_1110611718970610.jpg 1296w\" sizes=\"(max-width: 640px) 100vw, 640px\" \/>\t\t\t\t\t\t\t\t\t\t\t<figcaption class=\"widget-image-caption wp-caption-text\">Mateus Luciano foi eleito o Melhor Atleta M15 de 2015 - Foto Adriano Matos\/Jacare\u00ed Rugby<\/figcaption>\n\t\t\t\t\t\t\t\t\t\t<\/figure>\n\t\t\t\t\t\t\t\t\t<\/div>\n\t\t\t\t<\/div>\n\t\t\t\t<div class=\"elementor-element elementor-element-8086814 elementor-widget elementor-widget-image\" data-id=\"8086814\" data-element_type=\"widget\" data-e-type=\"widget\" data-widget_type=\"image.default\">\n\t\t\t\t<div class=\"elementor-widget-container\">\n\t\t\t\t\t\t\t\t\t\t\t\t<figure class=\"wp-caption\">\n\t\t\t\t\t\t\t\t\t\t<img loading=\"lazy\" decoding=\"async\" width=\"640\" height=\"427\" src=\"https:\/\/jacareirugby.com.br\/wp-content\/uploads\/2024\/06\/12310071_1110612168970565_6850216657904617351_o_1110612168970565-1024x683.jpg\" class=\"attachment-large size-large wp-image-1312\" alt=\"Categoria M19\" srcset=\"https:\/\/jacareirugby.com.br\/wp-content\/uploads\/2024\/06\/12310071_1110612168970565_6850216657904617351_o_1110612168970565-1024x683.jpg 1024w, https:\/\/jacareirugby.com.br\/wp-content\/uploads\/2024\/06\/12310071_1110612168970565_6850216657904617351_o_1110612168970565-300x200.jpg 300w, https:\/\/jacareirugby.com.br\/wp-content\/uploads\/2024\/06\/12310071_1110612168970565_6850216657904617351_o_1110612168970565-768x512.jpg 768w, https:\/\/jacareirugby.com.br\/wp-content\/uploads\/2024\/06\/12310071_1110612168970565_6850216657904617351_o_1110612168970565.jpg 1296w\" sizes=\"(max-width: 640px) 100vw, 640px\" \/>\t\t\t\t\t\t\t\t\t\t\t<figcaption class=\"widget-image-caption wp-caption-text\">Categoria M19 foi a destaque de 2015 - Foto Adriano Matos\/Jacare\u00ed Rugby<\/figcaption>\n\t\t\t\t\t\t\t\t\t\t<\/figure>\n\t\t\t\t\t\t\t\t\t<\/div>\n\t\t\t\t<\/div>\n\t\t\t\t<\/div>\n\t\t\t\t<\/div>\n\t\t<div class=\"elementor-element elementor-element-679cebb e-con-full e-flex e-con e-parent\" data-id=\"679cebb\" data-element_type=\"container\" data-e-type=\"container\">\n\t\t<div class=\"elementor-element elementor-element-4875f30 e-con-full e-flex e-con e-child\" data-id=\"4875f30\" data-element_type=\"container\" data-e-type=\"container\">\n\t\t\t\t<div class=\"elementor-element elementor-element-7440b8b elementor-widget__width-initial elementor-widget elementor-widget-text-editor\" data-id=\"7440b8b\" data-element_type=\"widget\" data-e-type=\"widget\" data-widget_type=\"text-editor.default\">\n\t\t\t\t<div class=\"elementor-widget-container\">\n\t\t\t\t\t\t\t\t\t<p><strong>Edi\u00e7\u00e3o 2016<\/strong><\/p>\t\t\t\t\t\t\t\t<\/div>\n\t\t\t\t<\/div>\n\t\t\t\t<div class=\"elementor-element elementor-element-f574459 elementor-widget__width-initial elementor-widget elementor-widget-text-editor\" data-id=\"f574459\" data-element_type=\"widget\" data-e-type=\"widget\" data-widget_type=\"text-editor.default\">\n\t\t\t\t<div class=\"elementor-widget-container\">\n\t\t\t\t\t\t\t\t\t<p>Categoria Destaque<\/p><ul><li>M15<\/li><li>Adulto Masculino<\/li><li>Feminino &#8211; <strong>Venceu<\/strong><\/li><\/ul><p>Atleta Destaque M15<\/p><ul><li>Gabriel Rodrigues<\/li><li>Jo\u00e3o Marcelo Borges &#8211; <strong>Venceu<\/strong><\/li><li>Lucas Alves<\/li><\/ul><p>Atleta Destaque M17<\/p><ul><li>Augusto Prado<\/li><li>Carlos Eduardo Proen\u00e7a &#8211; <strong>Venceu<\/strong><\/li><li>Lucas Kassab<\/li><\/ul><p>Atleta Destaque M19<\/p><ul><li>Ariel Rodrigues &#8211; <strong>Venceu<\/strong><\/li><li>Gabriel Borges<\/li><li>Pedro Sabino<\/li><\/ul><p>Atleta Destaque Feminino<\/p><ul><li>Arielly Medeiros &#8211; <strong>Venceu<\/strong><\/li><li>Giulia Mota<\/li><li>Sheron Estevam<\/li><\/ul><p>Atleta Destaque Adulto Masculino<\/p><ul><li>Jonathan Dias &#8211; <strong>Venceu<\/strong><\/li><li>Rafael Goes<\/li><li>Warlen J\u00fanior<\/li><\/ul><p>Atleta Destaque 2016<\/p><ul><li>Matheus Rocha<\/li><li>Rafael Goes<\/li><li>Warlen J\u00fanior &#8211; <strong>Venceu<\/strong><\/li><\/ul>\t\t\t\t\t\t\t\t<\/div>\n\t\t\t\t<\/div>\n\t\t\t\t<\/div>\n\t\t<div class=\"elementor-element elementor-element-a407b24 e-con-full e-flex e-con e-child\" data-id=\"a407b24\" data-element_type=\"container\" data-e-type=\"container\" data-settings=\"{&quot;background_background&quot;:&quot;classic&quot;}\">\n\t\t\t\t<div class=\"elementor-element elementor-element-26a2e4e elementor-widget elementor-widget-image\" data-id=\"26a2e4e\" data-element_type=\"widget\" data-e-type=\"widget\" data-widget_type=\"image.default\">\n\t\t\t\t<div class=\"elementor-widget-container\">\n\t\t\t\t\t\t\t\t\t\t\t\t<figure class=\"wp-caption\">\n\t\t\t\t\t\t\t\t\t\t<img loading=\"lazy\" decoding=\"async\" width=\"640\" height=\"427\" src=\"https:\/\/jacareirugby.com.br\/wp-content\/uploads\/2024\/06\/15403728_1410263525672093_6390378856356872053_o_1410263525672093-1024x683.jpg\" class=\"attachment-large size-large wp-image-1315\" alt=\"\" srcset=\"https:\/\/jacareirugby.com.br\/wp-content\/uploads\/2024\/06\/15403728_1410263525672093_6390378856356872053_o_1410263525672093-1024x683.jpg 1024w, https:\/\/jacareirugby.com.br\/wp-content\/uploads\/2024\/06\/15403728_1410263525672093_6390378856356872053_o_1410263525672093-300x200.jpg 300w, https:\/\/jacareirugby.com.br\/wp-content\/uploads\/2024\/06\/15403728_1410263525672093_6390378856356872053_o_1410263525672093-768x512.jpg 768w, https:\/\/jacareirugby.com.br\/wp-content\/uploads\/2024\/06\/15403728_1410263525672093_6390378856356872053_o_1410263525672093.jpg 1296w\" sizes=\"(max-width: 640px) 100vw, 640px\" \/>\t\t\t\t\t\t\t\t\t\t\t<figcaption class=\"widget-image-caption wp-caption-text\">Carlos Eduardo Proen\u00e7a foi eleito o Atleta Destaque M17 - Foto Adriano Matos\/Jacare\u00ed Rugby<\/figcaption>\n\t\t\t\t\t\t\t\t\t\t<\/figure>\n\t\t\t\t\t\t\t\t\t<\/div>\n\t\t\t\t<\/div>\n\t\t\t\t<div class=\"elementor-element elementor-element-d84700b elementor-widget elementor-widget-image\" data-id=\"d84700b\" data-element_type=\"widget\" data-e-type=\"widget\" data-widget_type=\"image.default\">\n\t\t\t\t<div class=\"elementor-widget-container\">\n\t\t\t\t\t\t\t\t\t\t\t\t<figure class=\"wp-caption\">\n\t\t\t\t\t\t\t\t\t\t<img loading=\"lazy\" decoding=\"async\" width=\"640\" height=\"427\" src=\"https:\/\/jacareirugby.com.br\/wp-content\/uploads\/2024\/06\/15326270_1410263782338734_9005632358303858158_o_1410263782338734-1024x683.jpg\" class=\"attachment-large size-large wp-image-1316\" alt=\"\" srcset=\"https:\/\/jacareirugby.com.br\/wp-content\/uploads\/2024\/06\/15326270_1410263782338734_9005632358303858158_o_1410263782338734-1024x683.jpg 1024w, https:\/\/jacareirugby.com.br\/wp-content\/uploads\/2024\/06\/15326270_1410263782338734_9005632358303858158_o_1410263782338734-300x200.jpg 300w, https:\/\/jacareirugby.com.br\/wp-content\/uploads\/2024\/06\/15326270_1410263782338734_9005632358303858158_o_1410263782338734-768x512.jpg 768w, https:\/\/jacareirugby.com.br\/wp-content\/uploads\/2024\/06\/15326270_1410263782338734_9005632358303858158_o_1410263782338734.jpg 1296w\" sizes=\"(max-width: 640px) 100vw, 640px\" \/>\t\t\t\t\t\t\t\t\t\t\t<figcaption class=\"widget-image-caption wp-caption-text\">Arielly Medeiros venceu o pr\u00eamio de Destaque Feminino 2016 - Foto Adriano Matos\/Jacare\u00ed Rugby<\/figcaption>\n\t\t\t\t\t\t\t\t\t\t<\/figure>\n\t\t\t\t\t\t\t\t\t<\/div>\n\t\t\t\t<\/div>\n\t\t\t\t<div class=\"elementor-element elementor-element-dbe3904 elementor-widget elementor-widget-image\" data-id=\"dbe3904\" data-element_type=\"widget\" data-e-type=\"widget\" data-widget_type=\"image.default\">\n\t\t\t\t<div class=\"elementor-widget-container\">\n\t\t\t\t\t\t\t\t\t\t\t\t<figure class=\"wp-caption\">\n\t\t\t\t\t\t\t\t\t\t<img loading=\"lazy\" decoding=\"async\" width=\"640\" height=\"427\" src=\"https:\/\/jacareirugby.com.br\/wp-content\/uploads\/2024\/06\/15385354_1410263825672063_4785058710999005247_o_1410263825672063-1024x683.jpg\" class=\"attachment-large size-large wp-image-1314\" alt=\"\" srcset=\"https:\/\/jacareirugby.com.br\/wp-content\/uploads\/2024\/06\/15385354_1410263825672063_4785058710999005247_o_1410263825672063-1024x683.jpg 1024w, https:\/\/jacareirugby.com.br\/wp-content\/uploads\/2024\/06\/15385354_1410263825672063_4785058710999005247_o_1410263825672063-300x200.jpg 300w, https:\/\/jacareirugby.com.br\/wp-content\/uploads\/2024\/06\/15385354_1410263825672063_4785058710999005247_o_1410263825672063-768x512.jpg 768w, https:\/\/jacareirugby.com.br\/wp-content\/uploads\/2024\/06\/15385354_1410263825672063_4785058710999005247_o_1410263825672063.jpg 1296w\" sizes=\"(max-width: 640px) 100vw, 640px\" \/>\t\t\t\t\t\t\t\t\t\t\t<figcaption class=\"widget-image-caption wp-caption-text\">Jonathan Dias foi eleito o Atleta Destaque Adulto Masculino 2016 - Foto Adriano Matos\/Jacare\u00ed Rugby<\/figcaption>\n\t\t\t\t\t\t\t\t\t\t<\/figure>\n\t\t\t\t\t\t\t\t\t<\/div>\n\t\t\t\t<\/div>\n\t\t\t\t<\/div>\n\t\t\t\t<\/div>\n\t\t<div class=\"elementor-element elementor-element-ff79adf e-con-full e-flex e-con e-parent\" data-id=\"ff79adf\" data-element_type=\"container\" data-e-type=\"container\">\n\t\t<div class=\"elementor-element elementor-element-0f25e8e e-con-full e-flex e-con e-child\" data-id=\"0f25e8e\" data-element_type=\"container\" data-e-type=\"container\">\n\t\t\t\t<div class=\"elementor-element elementor-element-8d074af elementor-widget__width-initial elementor-widget elementor-widget-text-editor\" data-id=\"8d074af\" data-element_type=\"widget\" data-e-type=\"widget\" data-widget_type=\"text-editor.default\">\n\t\t\t\t<div class=\"elementor-widget-container\">\n\t\t\t\t\t\t\t\t\t<p><strong>Edi\u00e7\u00e3o 2017<\/strong><\/p>\t\t\t\t\t\t\t\t<\/div>\n\t\t\t\t<\/div>\n\t\t\t\t<div class=\"elementor-element elementor-element-d67338a elementor-widget__width-initial elementor-widget elementor-widget-text-editor\" data-id=\"d67338a\" data-element_type=\"widget\" data-e-type=\"widget\" data-widget_type=\"text-editor.default\">\n\t\t\t\t<div class=\"elementor-widget-container\">\n\t\t\t\t\t\t\t\t\t<p>Categoria Destaque<\/p><ul><li>Infantil<\/li><li>M17 Masculino<\/li><li>Adulto Masculino &#8211; <strong>Venceu<\/strong><\/li><\/ul><p>Atletas Destaques Infantil<\/p><ul><li>M7 &#8211; Victor Oliveira &#8211; <strong>Venceu<\/strong><\/li><li>M9 &#8211; Vin\u00edcius Correa\u00a0&#8211; <strong>Venceu<\/strong><\/li><li>M11 &#8211; Ruan Pablo\u00a0&#8211; <strong>Venceu<\/strong><\/li><li>M13 &#8211; Yago Miyakawa\u00a0&#8211; <strong>Venceu<\/strong><\/li><\/ul><p>Destaque M15<\/p><ul><li>Andr\u00e9 Brand\u00e3o &#8211; <strong>Venceu<\/strong><\/li><li>Jo\u00e3o Marcelo Borges<\/li><li>Sandro Severino<\/li><\/ul><p>Atleta Destaque M17<\/p><ul><li>Carlos Rafael Moura &#8211; <strong>Venceu<\/strong><\/li><li>Gabriel Correa<\/li><li>Jo\u00e3o Victor Neves<\/li><\/ul><p>Atleta Destaque M19<\/p><ul><li>Carlos Eduardo Proen\u00e7a &#8211; <strong>Venceu<\/strong><\/li><li>Higor Milhomen<\/li><li>Pedro Sabino<\/li><\/ul><p>Atleta Destaque Feminino<\/p><ul><li>Arielly Medeiros<\/li><li>Gabryelle Fran\u00e7a<\/li><li>Giovanna Oleg\u00e1rio &#8211; <strong>Venceu<\/strong><\/li><\/ul><p>Atleta Destaque Adulto Masculino<\/p><ul><li>Alexandre Alves &#8211; <strong>Venceu<\/strong><\/li><li>Luan Almeida<\/li><li>Warlen J\u00fanior<\/li><\/ul><p>Atleta Revela\u00e7\u00e3o 2017<\/p><ul><li>Andr\u00e9 Brand\u00e3o<\/li><li>Gabriel Oliveira &#8211; <strong>Venceu<\/strong><\/li><li>Ra\u00edssa Andraus<\/li><\/ul><p>Atleta Destaque 2017<\/p><ul><li>Ariel Rodrigues &#8211; <strong>Venceu<\/strong><\/li><li>Carlos Rafael Moura<\/li><li>Luan Almeida<\/li><\/ul>\t\t\t\t\t\t\t\t<\/div>\n\t\t\t\t<\/div>\n\t\t\t\t<\/div>\n\t\t<div class=\"elementor-element elementor-element-a8a363e e-con-full e-flex e-con e-child\" data-id=\"a8a363e\" data-element_type=\"container\" data-e-type=\"container\" data-settings=\"{&quot;background_background&quot;:&quot;classic&quot;}\">\n\t\t\t\t<div class=\"elementor-element elementor-element-3962ec8 elementor-widget elementor-widget-image\" data-id=\"3962ec8\" data-element_type=\"widget\" data-e-type=\"widget\" data-widget_type=\"image.default\">\n\t\t\t\t<div class=\"elementor-widget-container\">\n\t\t\t\t\t\t\t\t\t\t\t\t<figure class=\"wp-caption\">\n\t\t\t\t\t\t\t\t\t\t<img loading=\"lazy\" decoding=\"async\" width=\"640\" height=\"427\" src=\"https:\/\/jacareirugby.com.br\/wp-content\/uploads\/2024\/06\/28701589_1891978317500609_5098949252578439007_o_1891978317500609-1024x683.jpg\" class=\"attachment-large size-large wp-image-1319\" alt=\"\" srcset=\"https:\/\/jacareirugby.com.br\/wp-content\/uploads\/2024\/06\/28701589_1891978317500609_5098949252578439007_o_1891978317500609-1024x683.jpg 1024w, https:\/\/jacareirugby.com.br\/wp-content\/uploads\/2024\/06\/28701589_1891978317500609_5098949252578439007_o_1891978317500609-300x200.jpg 300w, https:\/\/jacareirugby.com.br\/wp-content\/uploads\/2024\/06\/28701589_1891978317500609_5098949252578439007_o_1891978317500609-768x512.jpg 768w, https:\/\/jacareirugby.com.br\/wp-content\/uploads\/2024\/06\/28701589_1891978317500609_5098949252578439007_o_1891978317500609.jpg 1296w\" sizes=\"(max-width: 640px) 100vw, 640px\" \/>\t\t\t\t\t\t\t\t\t\t\t<figcaption class=\"widget-image-caption wp-caption-text\">Vinicius Correa foi o Destaque M19 em 2017 - Foto Barbara Leite\/Jacarei Rugby<\/figcaption>\n\t\t\t\t\t\t\t\t\t\t<\/figure>\n\t\t\t\t\t\t\t\t\t<\/div>\n\t\t\t\t<\/div>\n\t\t\t\t<div class=\"elementor-element elementor-element-08308f3 elementor-widget elementor-widget-image\" data-id=\"08308f3\" data-element_type=\"widget\" data-e-type=\"widget\" data-widget_type=\"image.default\">\n\t\t\t\t<div class=\"elementor-widget-container\">\n\t\t\t\t\t\t\t\t\t\t\t\t<figure class=\"wp-caption\">\n\t\t\t\t\t\t\t\t\t\t<img loading=\"lazy\" decoding=\"async\" width=\"640\" height=\"427\" src=\"https:\/\/jacareirugby.com.br\/wp-content\/uploads\/2024\/06\/28422980_1891981627500278_8359059140644549392_o_1891981627500278-1024x683.jpg\" class=\"attachment-large size-large wp-image-1317\" alt=\"\" srcset=\"https:\/\/jacareirugby.com.br\/wp-content\/uploads\/2024\/06\/28422980_1891981627500278_8359059140644549392_o_1891981627500278-1024x683.jpg 1024w, https:\/\/jacareirugby.com.br\/wp-content\/uploads\/2024\/06\/28422980_1891981627500278_8359059140644549392_o_1891981627500278-300x200.jpg 300w, https:\/\/jacareirugby.com.br\/wp-content\/uploads\/2024\/06\/28422980_1891981627500278_8359059140644549392_o_1891981627500278-768x512.jpg 768w, https:\/\/jacareirugby.com.br\/wp-content\/uploads\/2024\/06\/28422980_1891981627500278_8359059140644549392_o_1891981627500278.jpg 1296w\" sizes=\"(max-width: 640px) 100vw, 640px\" \/>\t\t\t\t\t\t\t\t\t\t\t<figcaption class=\"widget-image-caption wp-caption-text\">Carlos Rafael Moura foi o Destaque M17 em 2017 - Foto Barbara Leite\/Jacarei Rugby<\/figcaption>\n\t\t\t\t\t\t\t\t\t\t<\/figure>\n\t\t\t\t\t\t\t\t\t<\/div>\n\t\t\t\t<\/div>\n\t\t\t\t<div class=\"elementor-element elementor-element-a4822f2 elementor-widget elementor-widget-image\" data-id=\"a4822f2\" data-element_type=\"widget\" data-e-type=\"widget\" data-widget_type=\"image.default\">\n\t\t\t\t<div class=\"elementor-widget-container\">\n\t\t\t\t\t\t\t\t\t\t\t\t<figure class=\"wp-caption\">\n\t\t\t\t\t\t\t\t\t\t<img loading=\"lazy\" decoding=\"async\" width=\"640\" height=\"427\" src=\"https:\/\/jacareirugby.com.br\/wp-content\/uploads\/2024\/06\/28515885_1891983694166738_6451731170717010057_o_1891983694166738-1024x683.jpg\" class=\"attachment-large size-large wp-image-1318\" alt=\"\" srcset=\"https:\/\/jacareirugby.com.br\/wp-content\/uploads\/2024\/06\/28515885_1891983694166738_6451731170717010057_o_1891983694166738-1024x683.jpg 1024w, https:\/\/jacareirugby.com.br\/wp-content\/uploads\/2024\/06\/28515885_1891983694166738_6451731170717010057_o_1891983694166738-300x200.jpg 300w, https:\/\/jacareirugby.com.br\/wp-content\/uploads\/2024\/06\/28515885_1891983694166738_6451731170717010057_o_1891983694166738-768x512.jpg 768w, https:\/\/jacareirugby.com.br\/wp-content\/uploads\/2024\/06\/28515885_1891983694166738_6451731170717010057_o_1891983694166738.jpg 1296w\" sizes=\"(max-width: 640px) 100vw, 640px\" \/>\t\t\t\t\t\t\t\t\t\t\t<figcaption class=\"widget-image-caption wp-caption-text\">Gabriel Oliveira foi o Atleta Revela\u00e7\u00e3o de 2017 - Foto Barbara Leite\/Jacarei Rugby<\/figcaption>\n\t\t\t\t\t\t\t\t\t\t<\/figure>\n\t\t\t\t\t\t\t\t\t<\/div>\n\t\t\t\t<\/div>\n\t\t\t\t<\/div>\n\t\t\t\t<\/div>\n\t\t<div class=\"elementor-element elementor-element-7efebe8 e-con-full e-flex e-con e-parent\" data-id=\"7efebe8\" data-element_type=\"container\" data-e-type=\"container\">\n\t\t<div class=\"elementor-element elementor-element-062fe30 e-con-full e-flex e-con e-child\" data-id=\"062fe30\" data-element_type=\"container\" data-e-type=\"container\">\n\t\t\t\t<div class=\"elementor-element elementor-element-f5532d1 elementor-widget__width-initial elementor-widget elementor-widget-text-editor\" data-id=\"f5532d1\" data-element_type=\"widget\" data-e-type=\"widget\" data-widget_type=\"text-editor.default\">\n\t\t\t\t<div class=\"elementor-widget-container\">\n\t\t\t\t\t\t\t\t\t<p><strong>Edi\u00e7\u00e3o 2018<\/strong><\/p>\t\t\t\t\t\t\t\t<\/div>\n\t\t\t\t<\/div>\n\t\t\t\t<div class=\"elementor-element elementor-element-04b5b9e elementor-widget__width-initial elementor-widget elementor-widget-text-editor\" data-id=\"04b5b9e\" data-element_type=\"widget\" data-e-type=\"widget\" data-widget_type=\"text-editor.default\">\n\t\t\t\t<div class=\"elementor-widget-container\">\n\t\t\t\t\t\t\t\t\t<p>Categoria Destaque<\/p><ul><li>M15 Masculino &#8211; <strong>Venceu<\/strong><\/li><li>M16 Feminino<\/li><li>M17 Masculino<\/li><\/ul><p>Destaque M15 Masculino<\/p><ul><li>Juan Carriel<\/li><li>Marcelo Henrique<\/li><li>Rodrigo Santos &#8211; <strong>Venceu<\/strong><\/li><\/ul><p>Atleta Destaque M16 Feminino<\/p><ul><li>All\u00edcia Isabel &#8211; <strong>Venceu<\/strong><\/li><li>Emily Caroline<\/li><li>Giovanna Oleg\u00e1rio<\/li><\/ul><p>Atleta Destaque M17 Masculino<\/p><ul><li>Andr\u00e9 Brand\u00e3o<\/li><li>Carlos Rafael Moura<\/li><li>Gabriel Oliveira &#8211; <strong>Venceu<\/strong><\/li><\/ul><p>Atleta Destaque M19 Feminino<\/p><ul><li>Thauany Drudi &#8211; <strong>Venceu<\/strong><\/li><li>Agatha Ara\u00fajo<\/li><\/ul><p>Atleta Destaque M19 Masculino<\/p><ul><li>Augusto Prado<\/li><li>Erick Guilherme &#8211; <strong>Venceu<\/strong><\/li><li>Jo\u00e3o Victor Neves<\/li><\/ul><p>Atleta Destaque Adulto Feminino<\/p><ul><li>Giulia Mota &#8211; <strong>Venceu<\/strong><\/li><li>Brenda Kimberly<\/li><\/ul><p>Atleta Destaque Adulto Masculino<\/p><ul><li>Lucas Drudi<\/li><li>Joel Ramirez &#8211; <strong>Venceu<\/strong><\/li><li>Matheus Rocha<\/li><\/ul><p>Atleta Revela\u00e7\u00e3o 2018<\/p><ul><li>Agatha Ara\u00fajo<\/li><li>Joel Ramirez &#8211; <strong>Venceu<\/strong><\/li><li>Kaique Santos<\/li><\/ul><p>Atleta Destaque 2018<\/p><ul><li>Carlos Rafael Moura<\/li><li>Lucas Drudi &#8211; <strong>Venceu<\/strong><\/li><li>Matheus Rocha<\/li><\/ul>\t\t\t\t\t\t\t\t<\/div>\n\t\t\t\t<\/div>\n\t\t\t\t<\/div>\n\t\t<div class=\"elementor-element elementor-element-f3d5980 e-con-full e-flex e-con e-child\" data-id=\"f3d5980\" data-element_type=\"container\" data-e-type=\"container\" data-settings=\"{&quot;background_background&quot;:&quot;classic&quot;}\">\n\t\t\t\t<div class=\"elementor-element elementor-element-9d310ad elementor-widget elementor-widget-image\" data-id=\"9d310ad\" data-element_type=\"widget\" data-e-type=\"widget\" data-widget_type=\"image.default\">\n\t\t\t\t<div class=\"elementor-widget-container\">\n\t\t\t\t\t\t\t\t\t\t\t\t<figure class=\"wp-caption\">\n\t\t\t\t\t\t\t\t\t\t<img loading=\"lazy\" decoding=\"async\" width=\"640\" height=\"237\" src=\"https:\/\/jacareirugby.com.br\/wp-content\/uploads\/2024\/06\/20181204-5-Premio-Romulo-Rambaldi-90-1024x379.jpg\" class=\"attachment-large size-large wp-image-1322\" alt=\"\" srcset=\"https:\/\/jacareirugby.com.br\/wp-content\/uploads\/2024\/06\/20181204-5-Premio-Romulo-Rambaldi-90-1024x379.jpg 1024w, https:\/\/jacareirugby.com.br\/wp-content\/uploads\/2024\/06\/20181204-5-Premio-Romulo-Rambaldi-90-300x111.jpg 300w, https:\/\/jacareirugby.com.br\/wp-content\/uploads\/2024\/06\/20181204-5-Premio-Romulo-Rambaldi-90-768x284.jpg 768w, https:\/\/jacareirugby.com.br\/wp-content\/uploads\/2024\/06\/20181204-5-Premio-Romulo-Rambaldi-90-1536x569.jpg 1536w, https:\/\/jacareirugby.com.br\/wp-content\/uploads\/2024\/06\/20181204-5-Premio-Romulo-Rambaldi-90-2048x759.jpg 2048w, https:\/\/jacareirugby.com.br\/wp-content\/uploads\/2024\/06\/20181204-5-Premio-Romulo-Rambaldi-90-1568x581.jpg 1568w\" sizes=\"(max-width: 640px) 100vw, 640px\" \/>\t\t\t\t\t\t\t\t\t\t\t<figcaption class=\"widget-image-caption wp-caption-text\">5\u00aa Edi\u00e7\u00e3o do Pr\u00eamio R\u00f4mulo Rambaldi - Foto Icaro Leal\/Jacare\u00ed Rugby<\/figcaption>\n\t\t\t\t\t\t\t\t\t\t<\/figure>\n\t\t\t\t\t\t\t\t\t<\/div>\n\t\t\t\t<\/div>\n\t\t\t\t<div class=\"elementor-element elementor-element-e288411 elementor-widget elementor-widget-image\" data-id=\"e288411\" data-element_type=\"widget\" data-e-type=\"widget\" data-widget_type=\"image.default\">\n\t\t\t\t<div class=\"elementor-widget-container\">\n\t\t\t\t\t\t\t\t\t\t\t\t<figure class=\"wp-caption\">\n\t\t\t\t\t\t\t\t\t\t<img loading=\"lazy\" decoding=\"async\" width=\"640\" height=\"427\" src=\"https:\/\/jacareirugby.com.br\/wp-content\/uploads\/2024\/06\/20181204-5-Premio-Romulo-Rambaldi-67-1024x683.jpg\" class=\"attachment-large size-large wp-image-1320\" alt=\"\" srcset=\"https:\/\/jacareirugby.com.br\/wp-content\/uploads\/2024\/06\/20181204-5-Premio-Romulo-Rambaldi-67-1024x683.jpg 1024w, https:\/\/jacareirugby.com.br\/wp-content\/uploads\/2024\/06\/20181204-5-Premio-Romulo-Rambaldi-67-300x200.jpg 300w, https:\/\/jacareirugby.com.br\/wp-content\/uploads\/2024\/06\/20181204-5-Premio-Romulo-Rambaldi-67-768x512.jpg 768w, https:\/\/jacareirugby.com.br\/wp-content\/uploads\/2024\/06\/20181204-5-Premio-Romulo-Rambaldi-67-1536x1024.jpg 1536w, https:\/\/jacareirugby.com.br\/wp-content\/uploads\/2024\/06\/20181204-5-Premio-Romulo-Rambaldi-67-2048x1365.jpg 2048w, https:\/\/jacareirugby.com.br\/wp-content\/uploads\/2024\/06\/20181204-5-Premio-Romulo-Rambaldi-67-1568x1045.jpg 1568w\" sizes=\"(max-width: 640px) 100vw, 640px\" \/>\t\t\t\t\t\t\t\t\t\t\t<figcaption class=\"widget-image-caption wp-caption-text\">Rodrigo Santos foi eleito o Atleta Destaque M15 Masculino em 2018 - Foto Icaro Leal\/Jacare\u00ed Rugby<\/figcaption>\n\t\t\t\t\t\t\t\t\t\t<\/figure>\n\t\t\t\t\t\t\t\t\t<\/div>\n\t\t\t\t<\/div>\n\t\t\t\t<div class=\"elementor-element elementor-element-612e423 elementor-widget elementor-widget-image\" data-id=\"612e423\" data-element_type=\"widget\" data-e-type=\"widget\" data-widget_type=\"image.default\">\n\t\t\t\t<div class=\"elementor-widget-container\">\n\t\t\t\t\t\t\t\t\t\t\t\t<figure class=\"wp-caption\">\n\t\t\t\t\t\t\t\t\t\t<img loading=\"lazy\" decoding=\"async\" width=\"640\" height=\"427\" src=\"https:\/\/jacareirugby.com.br\/wp-content\/uploads\/2024\/06\/20181204-5-Premio-Romulo-Rambaldi-78-1024x683.jpg\" class=\"attachment-large size-large wp-image-1321\" alt=\"\" srcset=\"https:\/\/jacareirugby.com.br\/wp-content\/uploads\/2024\/06\/20181204-5-Premio-Romulo-Rambaldi-78-1024x683.jpg 1024w, https:\/\/jacareirugby.com.br\/wp-content\/uploads\/2024\/06\/20181204-5-Premio-Romulo-Rambaldi-78-300x200.jpg 300w, https:\/\/jacareirugby.com.br\/wp-content\/uploads\/2024\/06\/20181204-5-Premio-Romulo-Rambaldi-78-768x512.jpg 768w, https:\/\/jacareirugby.com.br\/wp-content\/uploads\/2024\/06\/20181204-5-Premio-Romulo-Rambaldi-78-1536x1024.jpg 1536w, https:\/\/jacareirugby.com.br\/wp-content\/uploads\/2024\/06\/20181204-5-Premio-Romulo-Rambaldi-78-2048x1365.jpg 2048w, https:\/\/jacareirugby.com.br\/wp-content\/uploads\/2024\/06\/20181204-5-Premio-Romulo-Rambaldi-78-1568x1045.jpg 1568w\" sizes=\"(max-width: 640px) 100vw, 640px\" \/>\t\t\t\t\t\t\t\t\t\t\t<figcaption class=\"widget-image-caption wp-caption-text\">Lucas Drudi foi escolhido o Destaque do ano de 2018 - Foto Icaro Leal\/Jacare\u00ed Rugby<\/figcaption>\n\t\t\t\t\t\t\t\t\t\t<\/figure>\n\t\t\t\t\t\t\t\t\t<\/div>\n\t\t\t\t<\/div>\n\t\t\t\t<div class=\"elementor-element elementor-element-c6f5bb4 elementor-widget elementor-widget-image\" data-id=\"c6f5bb4\" data-element_type=\"widget\" data-e-type=\"widget\" data-widget_type=\"image.default\">\n\t\t\t\t<div class=\"elementor-widget-container\">\n\t\t\t\t\t\t\t\t\t\t\t\t<figure class=\"wp-caption\">\n\t\t\t\t\t\t\t\t\t\t<img loading=\"lazy\" decoding=\"async\" width=\"640\" height=\"427\" src=\"https:\/\/jacareirugby.com.br\/wp-content\/uploads\/2024\/06\/20181204-5-Premio-Romulo-Rambaldi-92-1024x683.jpg\" class=\"attachment-large size-large wp-image-1323\" alt=\"\" srcset=\"https:\/\/jacareirugby.com.br\/wp-content\/uploads\/2024\/06\/20181204-5-Premio-Romulo-Rambaldi-92-1024x683.jpg 1024w, https:\/\/jacareirugby.com.br\/wp-content\/uploads\/2024\/06\/20181204-5-Premio-Romulo-Rambaldi-92-300x200.jpg 300w, https:\/\/jacareirugby.com.br\/wp-content\/uploads\/2024\/06\/20181204-5-Premio-Romulo-Rambaldi-92-768x512.jpg 768w, https:\/\/jacareirugby.com.br\/wp-content\/uploads\/2024\/06\/20181204-5-Premio-Romulo-Rambaldi-92-1536x1024.jpg 1536w, https:\/\/jacareirugby.com.br\/wp-content\/uploads\/2024\/06\/20181204-5-Premio-Romulo-Rambaldi-92-2048x1365.jpg 2048w, https:\/\/jacareirugby.com.br\/wp-content\/uploads\/2024\/06\/20181204-5-Premio-Romulo-Rambaldi-92-1568x1045.jpg 1568w\" sizes=\"(max-width: 640px) 100vw, 640px\" \/>\t\t\t\t\t\t\t\t\t\t\t<figcaption class=\"widget-image-caption wp-caption-text\">Todos os vencedores do Pr\u00eamio R\u00f4mulo Rambaldi em 2018 - Foto Icaro Leal\/Jacare\u00ed Rugby<\/figcaption>\n\t\t\t\t\t\t\t\t\t\t<\/figure>\n\t\t\t\t\t\t\t\t\t<\/div>\n\t\t\t\t<\/div>\n\t\t\t\t<\/div>\n\t\t\t\t<\/div>\n\t\t<div class=\"elementor-element elementor-element-ef358a7 e-con-full e-flex e-con e-parent\" data-id=\"ef358a7\" data-element_type=\"container\" data-e-type=\"container\">\n\t\t<div class=\"elementor-element elementor-element-e8d3141 e-con-full e-flex e-con e-child\" data-id=\"e8d3141\" data-element_type=\"container\" data-e-type=\"container\">\n\t\t\t\t<div class=\"elementor-element elementor-element-708be8e elementor-widget__width-initial elementor-widget elementor-widget-text-editor\" data-id=\"708be8e\" data-element_type=\"widget\" data-e-type=\"widget\" data-widget_type=\"text-editor.default\">\n\t\t\t\t<div class=\"elementor-widget-container\">\n\t\t\t\t\t\t\t\t\t<p><strong>Edi\u00e7\u00e3o 2019<\/strong><\/p>\t\t\t\t\t\t\t\t<\/div>\n\t\t\t\t<\/div>\n\t\t\t\t<div class=\"elementor-element elementor-element-edc342e elementor-widget__width-initial elementor-widget elementor-widget-text-editor\" data-id=\"edc342e\" data-element_type=\"widget\" data-e-type=\"widget\" data-widget_type=\"text-editor.default\">\n\t\t\t\t<div class=\"elementor-widget-container\">\n\t\t\t\t\t\t\t\t\t<p>Categoria Destaque<\/p><ul><li>M16 Masculino &#8211; <strong>Venceu<\/strong><\/li><li>M14 Misto<\/li><li>Adulto Feminino<\/li><\/ul><p>Destaque M16 Masculino<\/p><ul><li>Juan Carriel &#8211; <strong>Venceu<\/strong><\/li><li>Nicolas Azevedo<\/li><li>Rodrigo Santos<\/li><\/ul><p>Atleta Destaque M16 Feminino<\/p><ul><li>Amanda Amaro &#8211; <strong>Venceu<\/strong><\/li><li>Vit\u00f3ria Gabrieli<\/li><li>Raquel Maria<\/li><\/ul><p>Atleta Destaque M18 Masculino<\/p><ul><li>Andr\u00e9 Brand\u00e3o &#8211; <strong>Venceu<\/strong><\/li><li>Gabriel Oliveira<\/li><li>Thiago Guimar\u00e3es<\/li><\/ul><p>Atleta Destaque M19 Feminino<\/p><ul><li>Agatha Ara\u00fajo &#8211; <strong>Venceu<\/strong><\/li><li>Daniela Morais<\/li><li>Mirella Prado<\/li><\/ul><p>Atleta Destaque M20 Masculino<\/p><ul><li>Carlos Eduardo Proen\u00e7a<\/li><li>Erick Guilherme &#8211; <strong>Venceu<\/strong><\/li><li>Thiago Richard<\/li><\/ul><p>Atleta Destaque Adulto Feminino<\/p><ul><li>Arielly Medeiros &#8211; <strong>Venceu<\/strong><\/li><li>Let\u00edcia Medeiros<\/li><li>Yasmin Maiara<\/li><\/ul><p>Atleta Destaque Adulto Masculino<\/p><ul><li>Jhonatan Dias &#8211; <strong>Venceu<\/strong><\/li><li>Joel Ramirez<\/li><li>Matheus Rocha<\/li><\/ul><p>Atleta Revela\u00e7\u00e3o 2019<\/p><ul><li>Agatha Ara\u00fajo<\/li><li>Carlos Rafael Moura<\/li><li>Gabriel Oliveira &#8211; <strong>Venceu<\/strong><\/li><\/ul><p>Atleta Destaque 2019<\/p><ul><li>Arielly Medeiros &#8211; <strong>Venceu<\/strong><\/li><li>Gabriel Oliveira<\/li><li>Matheus Rocha<\/li><\/ul>\t\t\t\t\t\t\t\t<\/div>\n\t\t\t\t<\/div>\n\t\t\t\t<\/div>\n\t\t<div class=\"elementor-element elementor-element-1117ed1 e-con-full e-flex e-con e-child\" data-id=\"1117ed1\" data-element_type=\"container\" data-e-type=\"container\" data-settings=\"{&quot;background_background&quot;:&quot;classic&quot;}\">\n\t\t\t\t<div class=\"elementor-element elementor-element-806fb0f elementor-widget elementor-widget-image\" data-id=\"806fb0f\" data-element_type=\"widget\" data-e-type=\"widget\" data-widget_type=\"image.default\">\n\t\t\t\t<div class=\"elementor-widget-container\">\n\t\t\t\t\t\t\t\t\t\t\t\t<figure class=\"wp-caption\">\n\t\t\t\t\t\t\t\t\t\t<img loading=\"lazy\" decoding=\"async\" width=\"640\" height=\"346\" src=\"https:\/\/jacareirugby.com.br\/wp-content\/uploads\/2024\/06\/20191213-Romulo-Rambaldi-Foto-Icaro-Leal-Jacarei-Rugby-77-1024x554.jpg\" class=\"attachment-large size-large wp-image-1328\" alt=\"\" srcset=\"https:\/\/jacareirugby.com.br\/wp-content\/uploads\/2024\/06\/20191213-Romulo-Rambaldi-Foto-Icaro-Leal-Jacarei-Rugby-77-1024x554.jpg 1024w, https:\/\/jacareirugby.com.br\/wp-content\/uploads\/2024\/06\/20191213-Romulo-Rambaldi-Foto-Icaro-Leal-Jacarei-Rugby-77-300x162.jpg 300w, https:\/\/jacareirugby.com.br\/wp-content\/uploads\/2024\/06\/20191213-Romulo-Rambaldi-Foto-Icaro-Leal-Jacarei-Rugby-77-768x416.jpg 768w, https:\/\/jacareirugby.com.br\/wp-content\/uploads\/2024\/06\/20191213-Romulo-Rambaldi-Foto-Icaro-Leal-Jacarei-Rugby-77-1536x832.jpg 1536w, https:\/\/jacareirugby.com.br\/wp-content\/uploads\/2024\/06\/20191213-Romulo-Rambaldi-Foto-Icaro-Leal-Jacarei-Rugby-77-2048x1109.jpg 2048w, https:\/\/jacareirugby.com.br\/wp-content\/uploads\/2024\/06\/20191213-Romulo-Rambaldi-Foto-Icaro-Leal-Jacarei-Rugby-77-1568x849.jpg 1568w\" sizes=\"(max-width: 640px) 100vw, 640px\" \/>\t\t\t\t\t\t\t\t\t\t\t<figcaption class=\"widget-image-caption wp-caption-text\">6\u00aa Edi\u00e7\u00e3o do Pr\u00eamio R\u00f4mulo Rambaldi - Foto Icaro Leal\/Jacare\u00ed Rugby<\/figcaption>\n\t\t\t\t\t\t\t\t\t\t<\/figure>\n\t\t\t\t\t\t\t\t\t<\/div>\n\t\t\t\t<\/div>\n\t\t\t\t<div class=\"elementor-element elementor-element-e87214f elementor-widget elementor-widget-image\" data-id=\"e87214f\" data-element_type=\"widget\" data-e-type=\"widget\" data-widget_type=\"image.default\">\n\t\t\t\t<div class=\"elementor-widget-container\">\n\t\t\t\t\t\t\t\t\t\t\t\t<figure class=\"wp-caption\">\n\t\t\t\t\t\t\t\t\t\t<img loading=\"lazy\" decoding=\"async\" width=\"640\" height=\"427\" src=\"https:\/\/jacareirugby.com.br\/wp-content\/uploads\/2024\/06\/20191213-Romulo-Rambaldi-Foto-Icaro-Leal-Jacarei-Rugby-56-1024x683.jpg\" class=\"attachment-large size-large wp-image-1327\" alt=\"\" srcset=\"https:\/\/jacareirugby.com.br\/wp-content\/uploads\/2024\/06\/20191213-Romulo-Rambaldi-Foto-Icaro-Leal-Jacarei-Rugby-56-1024x683.jpg 1024w, https:\/\/jacareirugby.com.br\/wp-content\/uploads\/2024\/06\/20191213-Romulo-Rambaldi-Foto-Icaro-Leal-Jacarei-Rugby-56-300x200.jpg 300w, https:\/\/jacareirugby.com.br\/wp-content\/uploads\/2024\/06\/20191213-Romulo-Rambaldi-Foto-Icaro-Leal-Jacarei-Rugby-56-768x512.jpg 768w, https:\/\/jacareirugby.com.br\/wp-content\/uploads\/2024\/06\/20191213-Romulo-Rambaldi-Foto-Icaro-Leal-Jacarei-Rugby-56-1536x1024.jpg 1536w, https:\/\/jacareirugby.com.br\/wp-content\/uploads\/2024\/06\/20191213-Romulo-Rambaldi-Foto-Icaro-Leal-Jacarei-Rugby-56-2048x1365.jpg 2048w, https:\/\/jacareirugby.com.br\/wp-content\/uploads\/2024\/06\/20191213-Romulo-Rambaldi-Foto-Icaro-Leal-Jacarei-Rugby-56-1568x1045.jpg 1568w\" sizes=\"(max-width: 640px) 100vw, 640px\" \/>\t\t\t\t\t\t\t\t\t\t\t<figcaption class=\"widget-image-caption wp-caption-text\">Arielly Medeiros venceu os Pr\u00eamios de Atleta Destaque Feminino e Destaque 2019 - Foto Icaro Leal\/Jacarei Rugby<\/figcaption>\n\t\t\t\t\t\t\t\t\t\t<\/figure>\n\t\t\t\t\t\t\t\t\t<\/div>\n\t\t\t\t<\/div>\n\t\t\t\t<div class=\"elementor-element elementor-element-bba37da elementor-widget elementor-widget-image\" data-id=\"bba37da\" data-element_type=\"widget\" data-e-type=\"widget\" data-widget_type=\"image.default\">\n\t\t\t\t<div class=\"elementor-widget-container\">\n\t\t\t\t\t\t\t\t\t\t\t\t<figure class=\"wp-caption\">\n\t\t\t\t\t\t\t\t\t\t<img loading=\"lazy\" decoding=\"async\" width=\"640\" height=\"427\" src=\"https:\/\/jacareirugby.com.br\/wp-content\/uploads\/2024\/06\/20191213-Romulo-Rambaldi-Foto-Icaro-Leal-Jacarei-Rugby-61-1024x683.jpg\" class=\"attachment-large size-large wp-image-1324\" alt=\"\" srcset=\"https:\/\/jacareirugby.com.br\/wp-content\/uploads\/2024\/06\/20191213-Romulo-Rambaldi-Foto-Icaro-Leal-Jacarei-Rugby-61-1024x683.jpg 1024w, https:\/\/jacareirugby.com.br\/wp-content\/uploads\/2024\/06\/20191213-Romulo-Rambaldi-Foto-Icaro-Leal-Jacarei-Rugby-61-300x200.jpg 300w, https:\/\/jacareirugby.com.br\/wp-content\/uploads\/2024\/06\/20191213-Romulo-Rambaldi-Foto-Icaro-Leal-Jacarei-Rugby-61-768x512.jpg 768w, https:\/\/jacareirugby.com.br\/wp-content\/uploads\/2024\/06\/20191213-Romulo-Rambaldi-Foto-Icaro-Leal-Jacarei-Rugby-61-1536x1024.jpg 1536w, https:\/\/jacareirugby.com.br\/wp-content\/uploads\/2024\/06\/20191213-Romulo-Rambaldi-Foto-Icaro-Leal-Jacarei-Rugby-61-2048x1365.jpg 2048w, https:\/\/jacareirugby.com.br\/wp-content\/uploads\/2024\/06\/20191213-Romulo-Rambaldi-Foto-Icaro-Leal-Jacarei-Rugby-61-1568x1045.jpg 1568w\" sizes=\"(max-width: 640px) 100vw, 640px\" \/>\t\t\t\t\t\t\t\t\t\t\t<figcaption class=\"widget-image-caption wp-caption-text\">M16 Masculino foi a categoria destaque 2019 - Foto Icaro Leal\/Jacarei Rugby<\/figcaption>\n\t\t\t\t\t\t\t\t\t\t<\/figure>\n\t\t\t\t\t\t\t\t\t<\/div>\n\t\t\t\t<\/div>\n\t\t\t\t<div class=\"elementor-element elementor-element-af9ce7f elementor-widget elementor-widget-image\" data-id=\"af9ce7f\" data-element_type=\"widget\" data-e-type=\"widget\" data-widget_type=\"image.default\">\n\t\t\t\t<div class=\"elementor-widget-container\">\n\t\t\t\t\t\t\t\t\t\t\t\t<figure class=\"wp-caption\">\n\t\t\t\t\t\t\t\t\t\t<img loading=\"lazy\" decoding=\"async\" width=\"640\" height=\"427\" src=\"https:\/\/jacareirugby.com.br\/wp-content\/uploads\/2024\/06\/20191213-Romulo-Rambaldi-Foto-Icaro-Leal-Jacarei-Rugby-48-1024x683.jpg\" class=\"attachment-large size-large wp-image-1326\" alt=\"\" srcset=\"https:\/\/jacareirugby.com.br\/wp-content\/uploads\/2024\/06\/20191213-Romulo-Rambaldi-Foto-Icaro-Leal-Jacarei-Rugby-48-1024x683.jpg 1024w, https:\/\/jacareirugby.com.br\/wp-content\/uploads\/2024\/06\/20191213-Romulo-Rambaldi-Foto-Icaro-Leal-Jacarei-Rugby-48-300x200.jpg 300w, https:\/\/jacareirugby.com.br\/wp-content\/uploads\/2024\/06\/20191213-Romulo-Rambaldi-Foto-Icaro-Leal-Jacarei-Rugby-48-768x512.jpg 768w, https:\/\/jacareirugby.com.br\/wp-content\/uploads\/2024\/06\/20191213-Romulo-Rambaldi-Foto-Icaro-Leal-Jacarei-Rugby-48-1536x1024.jpg 1536w, https:\/\/jacareirugby.com.br\/wp-content\/uploads\/2024\/06\/20191213-Romulo-Rambaldi-Foto-Icaro-Leal-Jacarei-Rugby-48-2048x1365.jpg 2048w, https:\/\/jacareirugby.com.br\/wp-content\/uploads\/2024\/06\/20191213-Romulo-Rambaldi-Foto-Icaro-Leal-Jacarei-Rugby-48-1568x1045.jpg 1568w\" sizes=\"(max-width: 640px) 100vw, 640px\" \/>\t\t\t\t\t\t\t\t\t\t\t<figcaption class=\"widget-image-caption wp-caption-text\">Amanda Amaro foi a Atleta Destaque M16 Feminino 2019 - Foto Icaro Leal\/Jacarei Rugby<\/figcaption>\n\t\t\t\t\t\t\t\t\t\t<\/figure>\n\t\t\t\t\t\t\t\t\t<\/div>\n\t\t\t\t<\/div>\n\t\t\t\t<\/div>\n\t\t\t\t<\/div>\n\t\t<div class=\"elementor-element elementor-element-6820655 e-con-full e-flex e-con e-parent\" data-id=\"6820655\" data-element_type=\"container\" data-e-type=\"container\">\n\t\t<div class=\"elementor-element elementor-element-cde0049 e-con-full e-flex e-con e-child\" data-id=\"cde0049\" data-element_type=\"container\" data-e-type=\"container\">\n\t\t\t\t<div class=\"elementor-element elementor-element-6ff8ed9 elementor-widget__width-initial elementor-widget elementor-widget-text-editor\" data-id=\"6ff8ed9\" data-element_type=\"widget\" data-e-type=\"widget\" data-widget_type=\"text-editor.default\">\n\t\t\t\t<div class=\"elementor-widget-container\">\n\t\t\t\t\t\t\t\t\t<p><strong>Edi\u00e7\u00e3o 2022<\/strong><\/p>\t\t\t\t\t\t\t\t<\/div>\n\t\t\t\t<\/div>\n\t\t\t\t<div class=\"elementor-element elementor-element-8b724a5 elementor-widget__width-initial elementor-widget elementor-widget-text-editor\" data-id=\"8b724a5\" data-element_type=\"widget\" data-e-type=\"widget\" data-widget_type=\"text-editor.default\">\n\t\t\t\t<div class=\"elementor-widget-container\">\n\t\t\t\t\t\t\t\t\t<p>Torcedor Destaque<\/p><ul><li>Ana Fl\u00e1via Reis<\/li><li>Nicolas Cunha<\/li><li>Rog\u00e9rio Cunha &#8211; <strong>Venceu<\/strong><\/li><\/ul><p>Categoria Destaque<\/p><ul><li>M15 Masculino &#8211; <strong>Venceu<\/strong><\/li><li>M18 Feminino<\/li><li>M21 Masculino<\/li><\/ul><p>Destaque M15 Masculino<\/p><ul><li>Cristhiam Ronald<\/li><li>Gustavo Gon\u00e7alves &#8211; <strong>Venceu<\/strong><\/li><li>Nicolas Cunha<\/li><\/ul><p>Atleta Destaque M18 Masculino<\/p><ul><li>Andrei Santana &#8211; <strong>Venceu<\/strong><\/li><li>Jo\u00e3o Guilherme Arraez<\/li><li>Nicolas Azevedo<\/li><\/ul><p>Atleta Destaque M18 Feminino<\/p><ul><li>Amanda Amaro &#8211; <strong>Venceu<\/strong><\/li><li>Ana Caroline Daniel<\/li><li>Vit\u00f3ria Gon\u00e7alves<\/li><\/ul><p>Atleta Destaque M21 Masculino<\/p><ul><li>Andr\u00e9 Brand\u00e3o<\/li><li>Jo\u00e3o Lucas Souza &#8211; <strong>Venceu<\/strong><\/li><li>Rodrigo Santos<\/li><\/ul><p>Atleta Destaque Adulto Masculino<\/p><ul><li>Carlos Rafael Moura<\/li><li>Leonardo Soares<\/li><li>Jhonatan Dias &#8211; <strong>Venceu<\/strong><\/li><\/ul><p>Atleta Destaque Adulto Feminino<\/p><ul><li>Dara Charife<\/li><li>Isabelle Cristinne &#8211; <strong>Venceu<\/strong><\/li><li>Mirella Prado<\/li><\/ul><p>Atleta Revela\u00e7\u00e3o 2022<\/p><ul><li>Andrei Santana<\/li><li>Maiki Lemes<\/li><li>Paloma Lima &#8211; <strong>Venceu<\/strong><\/li><\/ul><p>Atleta Destaque 2022<\/p><ul><li>Amanda Amaro<\/li><li>Carlos Rafael Moura &#8211; <strong>Venceu<\/strong><\/li><li>Leonardo Soares<\/li><\/ul>\t\t\t\t\t\t\t\t<\/div>\n\t\t\t\t<\/div>\n\t\t\t\t<\/div>\n\t\t<div class=\"elementor-element elementor-element-d57f986 e-con-full e-flex e-con e-child\" data-id=\"d57f986\" data-element_type=\"container\" data-e-type=\"container\" data-settings=\"{&quot;background_background&quot;:&quot;classic&quot;}\">\n\t\t\t\t<div class=\"elementor-element elementor-element-cf68712 elementor-widget elementor-widget-image\" data-id=\"cf68712\" data-element_type=\"widget\" data-e-type=\"widget\" data-widget_type=\"image.default\">\n\t\t\t\t<div class=\"elementor-widget-container\">\n\t\t\t\t\t\t\t\t\t\t\t\t<figure class=\"wp-caption\">\n\t\t\t\t\t\t\t\t\t\t<img loading=\"lazy\" decoding=\"async\" width=\"640\" height=\"480\" src=\"https:\/\/jacareirugby.com.br\/wp-content\/uploads\/2024\/06\/20230317_195556-1024x768.jpg\" class=\"attachment-large size-large wp-image-1333\" alt=\"\" srcset=\"https:\/\/jacareirugby.com.br\/wp-content\/uploads\/2024\/06\/20230317_195556-1024x768.jpg 1024w, https:\/\/jacareirugby.com.br\/wp-content\/uploads\/2024\/06\/20230317_195556-300x225.jpg 300w, https:\/\/jacareirugby.com.br\/wp-content\/uploads\/2024\/06\/20230317_195556-768x576.jpg 768w, https:\/\/jacareirugby.com.br\/wp-content\/uploads\/2024\/06\/20230317_195556-1536x1152.jpg 1536w, https:\/\/jacareirugby.com.br\/wp-content\/uploads\/2024\/06\/20230317_195556-2048x1536.jpg 2048w, https:\/\/jacareirugby.com.br\/wp-content\/uploads\/2024\/06\/20230317_195556-1568x1176.jpg 1568w\" sizes=\"(max-width: 640px) 100vw, 640px\" \/>\t\t\t\t\t\t\t\t\t\t\t<figcaption class=\"widget-image-caption wp-caption-text\">7\u00aa Edi\u00e7\u00e3o do Pr\u00eamio R\u00f4mulo Rambaldi - Foto Rog\u00e9rio Souza\/Jacare\u00ed Rugby<\/figcaption>\n\t\t\t\t\t\t\t\t\t\t<\/figure>\n\t\t\t\t\t\t\t\t\t<\/div>\n\t\t\t\t<\/div>\n\t\t\t\t<div class=\"elementor-element elementor-element-e4dd35f elementor-widget elementor-widget-image\" data-id=\"e4dd35f\" data-element_type=\"widget\" data-e-type=\"widget\" data-widget_type=\"image.default\">\n\t\t\t\t<div class=\"elementor-widget-container\">\n\t\t\t\t\t\t\t\t\t\t\t\t<figure class=\"wp-caption\">\n\t\t\t\t\t\t\t\t\t\t<img loading=\"lazy\" decoding=\"async\" width=\"640\" height=\"427\" src=\"https:\/\/jacareirugby.com.br\/wp-content\/uploads\/2024\/06\/IMG_2270-1024x683.jpg\" class=\"attachment-large size-large wp-image-1334\" alt=\"\" srcset=\"https:\/\/jacareirugby.com.br\/wp-content\/uploads\/2024\/06\/IMG_2270-1024x683.jpg 1024w, https:\/\/jacareirugby.com.br\/wp-content\/uploads\/2024\/06\/IMG_2270-300x200.jpg 300w, https:\/\/jacareirugby.com.br\/wp-content\/uploads\/2024\/06\/IMG_2270-768x512.jpg 768w, https:\/\/jacareirugby.com.br\/wp-content\/uploads\/2024\/06\/IMG_2270-1536x1024.jpg 1536w, https:\/\/jacareirugby.com.br\/wp-content\/uploads\/2024\/06\/IMG_2270-2048x1365.jpg 2048w, https:\/\/jacareirugby.com.br\/wp-content\/uploads\/2024\/06\/IMG_2270-1568x1045.jpg 1568w\" sizes=\"(max-width: 640px) 100vw, 640px\" \/>\t\t\t\t\t\t\t\t\t\t\t<figcaption class=\"widget-image-caption wp-caption-text\">Gustavo Gon\u00e7alves venceu como Atleta Destaque M15 Masculino - Foto Rog\u00e9rio Souza\/Jacare\u00ed Rugby<\/figcaption>\n\t\t\t\t\t\t\t\t\t\t<\/figure>\n\t\t\t\t\t\t\t\t\t<\/div>\n\t\t\t\t<\/div>\n\t\t\t\t<div class=\"elementor-element elementor-element-a045251 elementor-widget elementor-widget-image\" data-id=\"a045251\" data-element_type=\"widget\" data-e-type=\"widget\" data-widget_type=\"image.default\">\n\t\t\t\t<div class=\"elementor-widget-container\">\n\t\t\t\t\t\t\t\t\t\t\t\t<figure class=\"wp-caption\">\n\t\t\t\t\t\t\t\t\t\t<img loading=\"lazy\" decoding=\"async\" width=\"640\" height=\"427\" src=\"https:\/\/jacareirugby.com.br\/wp-content\/uploads\/2024\/06\/IMG_2280-1024x683.jpg\" class=\"attachment-large size-large wp-image-1335\" alt=\"\" srcset=\"https:\/\/jacareirugby.com.br\/wp-content\/uploads\/2024\/06\/IMG_2280-1024x683.jpg 1024w, https:\/\/jacareirugby.com.br\/wp-content\/uploads\/2024\/06\/IMG_2280-300x200.jpg 300w, https:\/\/jacareirugby.com.br\/wp-content\/uploads\/2024\/06\/IMG_2280-768x512.jpg 768w, https:\/\/jacareirugby.com.br\/wp-content\/uploads\/2024\/06\/IMG_2280-1536x1024.jpg 1536w, https:\/\/jacareirugby.com.br\/wp-content\/uploads\/2024\/06\/IMG_2280-2048x1365.jpg 2048w, https:\/\/jacareirugby.com.br\/wp-content\/uploads\/2024\/06\/IMG_2280-1568x1045.jpg 1568w\" sizes=\"(max-width: 640px) 100vw, 640px\" \/>\t\t\t\t\t\t\t\t\t\t\t<figcaption class=\"widget-image-caption wp-caption-text\">Andrei Santana venceu como Destaque M18 Masculino - Foto Rog\u00e9rio Souza\/Jacare\u00ed Rugby<\/figcaption>\n\t\t\t\t\t\t\t\t\t\t<\/figure>\n\t\t\t\t\t\t\t\t\t<\/div>\n\t\t\t\t<\/div>\n\t\t\t\t<div class=\"elementor-element elementor-element-4aaed01 elementor-widget elementor-widget-image\" data-id=\"4aaed01\" data-element_type=\"widget\" data-e-type=\"widget\" data-widget_type=\"image.default\">\n\t\t\t\t<div class=\"elementor-widget-container\">\n\t\t\t\t\t\t\t\t\t\t\t\t<figure class=\"wp-caption\">\n\t\t\t\t\t\t\t\t\t\t<img loading=\"lazy\" decoding=\"async\" width=\"640\" height=\"427\" src=\"https:\/\/jacareirugby.com.br\/wp-content\/uploads\/2024\/06\/IMG_2284-1024x683.jpg\" class=\"attachment-large size-large wp-image-1336\" alt=\"\" srcset=\"https:\/\/jacareirugby.com.br\/wp-content\/uploads\/2024\/06\/IMG_2284-1024x683.jpg 1024w, https:\/\/jacareirugby.com.br\/wp-content\/uploads\/2024\/06\/IMG_2284-300x200.jpg 300w, https:\/\/jacareirugby.com.br\/wp-content\/uploads\/2024\/06\/IMG_2284-768x512.jpg 768w, https:\/\/jacareirugby.com.br\/wp-content\/uploads\/2024\/06\/IMG_2284-1536x1024.jpg 1536w, https:\/\/jacareirugby.com.br\/wp-content\/uploads\/2024\/06\/IMG_2284-2048x1365.jpg 2048w, https:\/\/jacareirugby.com.br\/wp-content\/uploads\/2024\/06\/IMG_2284-1568x1045.jpg 1568w\" sizes=\"(max-width: 640px) 100vw, 640px\" \/>\t\t\t\t\t\t\t\t\t\t\t<figcaption class=\"widget-image-caption wp-caption-text\">Isabelle Cristinne venceu como Atleta Destaque Adulto Feminino - Foto Rog\u00e9rio Souza\/Jacare\u00ed Rugby<\/figcaption>\n\t\t\t\t\t\t\t\t\t\t<\/figure>\n\t\t\t\t\t\t\t\t\t<\/div>\n\t\t\t\t<\/div>\n\t\t\t\t<\/div>\n\t\t\t\t<\/div>\n\t\t<div class=\"elementor-element elementor-element-64ced32 e-con-full e-flex e-con e-parent\" data-id=\"64ced32\" data-element_type=\"container\" data-e-type=\"container\">\n\t\t<div class=\"elementor-element elementor-element-92e4c66 e-con-full e-flex e-con e-child\" data-id=\"92e4c66\" data-element_type=\"container\" data-e-type=\"container\">\n\t\t\t\t<div class=\"elementor-element elementor-element-967482c elementor-widget__width-initial elementor-widget elementor-widget-text-editor\" data-id=\"967482c\" data-element_type=\"widget\" data-e-type=\"widget\" data-widget_type=\"text-editor.default\">\n\t\t\t\t<div class=\"elementor-widget-container\">\n\t\t\t\t\t\t\t\t\t<p><strong>Edi\u00e7\u00e3o 2024<\/strong><\/p>\t\t\t\t\t\t\t\t<\/div>\n\t\t\t\t<\/div>\n\t\t\t\t<div class=\"elementor-element elementor-element-f68dabe elementor-widget__width-initial elementor-widget elementor-widget-text-editor\" data-id=\"f68dabe\" data-element_type=\"widget\" data-e-type=\"widget\" data-widget_type=\"text-editor.default\">\n\t\t\t\t<div class=\"elementor-widget-container\">\n\t\t\t\t\t\t\t\t\t<p>Torcedor Destaque<\/p><ul><li>Ana Fl\u00e1via Reis\u00a0&#8211; <strong>Venceu<\/strong><\/li><li>Edis Abrantes<\/li><li>J\u00fanior Mota<\/li><\/ul><p>Categoria Destaque<\/p><ul><li>Adulto Feminino<\/li><li>Adulto Masculino\u00a0&#8211; <strong>Venceu<\/strong><\/li><li>M16 Feminino<\/li><\/ul><p>Destaque M14 Misto<\/p><ul><li>Anna J\u00falia Souto<\/li><li>Luiz Fernando Angelotti<\/li><li>Maria Luiza Ribeiro &#8211; <strong>Venceu<\/strong><\/li><\/ul><p>Atleta Destaque M16 Masculino<\/p><ul><li>Cau\u00e3 Oliveira<\/li><li>Cau\u00e3 Ten\u00f3rio<\/li><li>Vin\u00edcius Correa\u00a0&#8211; <strong>Venceu<\/strong><\/li><\/ul><p>Atleta Destaque M16 Feminino<\/p><ul><li>Ingrid Tournoys<\/li><li>Maria Fernanda Martins<\/li><li>Maria Gabriela Santana\u00a0&#8211; <strong>Venceu<\/strong><\/li><\/ul><p>Atleta Destaque M19 Masculino<\/p><ul><li>Andrei Santana<\/li><li>Brayan Carriel &#8211; <strong>Venceu<\/strong><\/li><li>Jo\u00e3o Guilherme Arraez<\/li><\/ul><p>Atleta Destaque M19 Feminino<\/p><ul><li>Ana Caroline Ara\u00fajo &#8211; <strong>Venceu<\/strong><\/li><li>J\u00falia Luchezi<\/li><li>Vit\u00f3ria Gon\u00e7alves<\/li><\/ul><p>Atleta Destaque Adulto Masculino<\/p><ul><li>Leonardo Soares\u00a0&#8211; <strong>Venceu<\/strong><\/li><li>Maiki Lemes<\/li><li>Piero Pozzi<\/li><\/ul><p>Atleta Destaque Adulto Feminino<\/p><ul><li>Amanda Amaro &#8211; <strong>Venceu<\/strong><\/li><li>Isabelle Cristinne<\/li><li>Mariana Moreira<\/li><\/ul><p>Atleta Revela\u00e7\u00e3o 2024<\/p><ul><li>Brayan Carriel<\/li><li>Raphaely Oliveira &#8211; <strong>Venceu<\/strong><\/li><li>Renato Carvalho<\/li><\/ul><p>Atleta do Ano<\/p><ul><li>Felipe Silva<\/li><li>J\u00falia Luchezi<\/li><li>Leonardo Soares &#8211; <strong>Venceu<\/strong><\/li><\/ul>\t\t\t\t\t\t\t\t<\/div>\n\t\t\t\t<\/div>\n\t\t\t\t<\/div>\n\t\t<div class=\"elementor-element elementor-element-10b574e e-con-full e-flex e-con e-child\" data-id=\"10b574e\" data-element_type=\"container\" data-e-type=\"container\" data-settings=\"{&quot;background_background&quot;:&quot;classic&quot;}\">\n\t\t\t\t<div class=\"elementor-element elementor-element-68d9851 elementor-widget elementor-widget-image\" data-id=\"68d9851\" data-element_type=\"widget\" data-e-type=\"widget\" data-widget_type=\"image.default\">\n\t\t\t\t<div class=\"elementor-widget-container\">\n\t\t\t\t\t\t\t\t\t\t\t\t<figure class=\"wp-caption\">\n\t\t\t\t\t\t\t\t\t\t<img loading=\"lazy\" decoding=\"async\" width=\"640\" height=\"317\" src=\"https:\/\/jacareirugby.com.br\/wp-content\/uploads\/2025\/04\/20250312_211016-scaled-e1744921258910-1024x507.jpg\" class=\"attachment-large size-large wp-image-1639\" alt=\"\" srcset=\"https:\/\/jacareirugby.com.br\/wp-content\/uploads\/2025\/04\/20250312_211016-scaled-e1744921258910-1024x507.jpg 1024w, https:\/\/jacareirugby.com.br\/wp-content\/uploads\/2025\/04\/20250312_211016-scaled-e1744921258910-300x148.jpg 300w, https:\/\/jacareirugby.com.br\/wp-content\/uploads\/2025\/04\/20250312_211016-scaled-e1744921258910-768x380.jpg 768w, https:\/\/jacareirugby.com.br\/wp-content\/uploads\/2025\/04\/20250312_211016-scaled-e1744921258910-1536x760.jpg 1536w, https:\/\/jacareirugby.com.br\/wp-content\/uploads\/2025\/04\/20250312_211016-scaled-e1744921258910-2048x1014.jpg 2048w, https:\/\/jacareirugby.com.br\/wp-content\/uploads\/2025\/04\/20250312_211016-scaled-e1744921258910-1568x776.jpg 1568w\" sizes=\"(max-width: 640px) 100vw, 640px\" \/>\t\t\t\t\t\t\t\t\t\t\t<figcaption class=\"widget-image-caption wp-caption-text\">8\u00aa Edi\u00e7\u00e3o Pr\u00eamio R\u00f4mulo Rambaldi - Foto: \u00cdcaro Leal\/Jacare\u00ed Rugby<\/figcaption>\n\t\t\t\t\t\t\t\t\t\t<\/figure>\n\t\t\t\t\t\t\t\t\t<\/div>\n\t\t\t\t<\/div>\n\t\t\t\t<div class=\"elementor-element elementor-element-a2604db elementor-widget elementor-widget-image\" data-id=\"a2604db\" data-element_type=\"widget\" data-e-type=\"widget\" data-widget_type=\"image.default\">\n\t\t\t\t<div class=\"elementor-widget-container\">\n\t\t\t\t\t\t\t\t\t\t\t\t<figure class=\"wp-caption\">\n\t\t\t\t\t\t\t\t\t\t<img loading=\"lazy\" decoding=\"async\" width=\"640\" height=\"480\" src=\"https:\/\/jacareirugby.com.br\/wp-content\/uploads\/2025\/04\/20250312_202808-1024x768.jpg\" class=\"attachment-large size-large wp-image-1640\" alt=\"\" srcset=\"https:\/\/jacareirugby.com.br\/wp-content\/uploads\/2025\/04\/20250312_202808-1024x768.jpg 1024w, https:\/\/jacareirugby.com.br\/wp-content\/uploads\/2025\/04\/20250312_202808-300x225.jpg 300w, https:\/\/jacareirugby.com.br\/wp-content\/uploads\/2025\/04\/20250312_202808-768x576.jpg 768w, https:\/\/jacareirugby.com.br\/wp-content\/uploads\/2025\/04\/20250312_202808-1536x1152.jpg 1536w, https:\/\/jacareirugby.com.br\/wp-content\/uploads\/2025\/04\/20250312_202808-2048x1536.jpg 2048w, https:\/\/jacareirugby.com.br\/wp-content\/uploads\/2025\/04\/20250312_202808-1568x1176.jpg 1568w\" sizes=\"(max-width: 640px) 100vw, 640px\" \/>\t\t\t\t\t\t\t\t\t\t\t<figcaption class=\"widget-image-caption wp-caption-text\">Maria Luiza Ribeiro foi a vencedora no M14 Misto - Foto: \u00cdcaro Leal\/Jacare\u00ed Rugby<\/figcaption>\n\t\t\t\t\t\t\t\t\t\t<\/figure>\n\t\t\t\t\t\t\t\t\t<\/div>\n\t\t\t\t<\/div>\n\t\t\t\t<div class=\"elementor-element elementor-element-ff83ba6 elementor-widget elementor-widget-image\" data-id=\"ff83ba6\" data-element_type=\"widget\" data-e-type=\"widget\" data-widget_type=\"image.default\">\n\t\t\t\t<div class=\"elementor-widget-container\">\n\t\t\t\t\t\t\t\t\t\t\t\t<figure class=\"wp-caption\">\n\t\t\t\t\t\t\t\t\t\t<img loading=\"lazy\" decoding=\"async\" width=\"640\" height=\"480\" src=\"https:\/\/jacareirugby.com.br\/wp-content\/uploads\/2025\/04\/20250312_203044-1024x768.jpg\" class=\"attachment-large size-large wp-image-1641\" alt=\"\" srcset=\"https:\/\/jacareirugby.com.br\/wp-content\/uploads\/2025\/04\/20250312_203044-1024x768.jpg 1024w, https:\/\/jacareirugby.com.br\/wp-content\/uploads\/2025\/04\/20250312_203044-300x225.jpg 300w, https:\/\/jacareirugby.com.br\/wp-content\/uploads\/2025\/04\/20250312_203044-768x576.jpg 768w, https:\/\/jacareirugby.com.br\/wp-content\/uploads\/2025\/04\/20250312_203044-1536x1152.jpg 1536w, https:\/\/jacareirugby.com.br\/wp-content\/uploads\/2025\/04\/20250312_203044-2048x1536.jpg 2048w, https:\/\/jacareirugby.com.br\/wp-content\/uploads\/2025\/04\/20250312_203044-1568x1176.jpg 1568w\" sizes=\"(max-width: 640px) 100vw, 640px\" \/>\t\t\t\t\t\t\t\t\t\t\t<figcaption class=\"widget-image-caption wp-caption-text\">Vin\u00edcius Correa foi o vencedor da categoria M16 Masculino - Foto: \u00cdcaro Leal\/Jacare\u00ed Rugby<\/figcaption>\n\t\t\t\t\t\t\t\t\t\t<\/figure>\n\t\t\t\t\t\t\t\t\t<\/div>\n\t\t\t\t<\/div>\n\t\t\t\t<div class=\"elementor-element elementor-element-96247d9 elementor-widget elementor-widget-image\" data-id=\"96247d9\" data-element_type=\"widget\" data-e-type=\"widget\" data-widget_type=\"image.default\">\n\t\t\t\t<div class=\"elementor-widget-container\">\n\t\t\t\t\t\t\t\t\t\t\t\t<figure class=\"wp-caption\">\n\t\t\t\t\t\t\t\t\t\t<img loading=\"lazy\" decoding=\"async\" width=\"640\" height=\"480\" src=\"https:\/\/jacareirugby.com.br\/wp-content\/uploads\/2025\/04\/20250312_203654-1024x768.jpg\" class=\"attachment-large size-large wp-image-1643\" alt=\"\" srcset=\"https:\/\/jacareirugby.com.br\/wp-content\/uploads\/2025\/04\/20250312_203654-1024x768.jpg 1024w, https:\/\/jacareirugby.com.br\/wp-content\/uploads\/2025\/04\/20250312_203654-300x225.jpg 300w, https:\/\/jacareirugby.com.br\/wp-content\/uploads\/2025\/04\/20250312_203654-768x576.jpg 768w, https:\/\/jacareirugby.com.br\/wp-content\/uploads\/2025\/04\/20250312_203654-1536x1152.jpg 1536w, https:\/\/jacareirugby.com.br\/wp-content\/uploads\/2025\/04\/20250312_203654-2048x1536.jpg 2048w, https:\/\/jacareirugby.com.br\/wp-content\/uploads\/2025\/04\/20250312_203654-1568x1176.jpg 1568w\" sizes=\"(max-width: 640px) 100vw, 640px\" \/>\t\t\t\t\t\t\t\t\t\t\t<figcaption class=\"widget-image-caption wp-caption-text\">Ana Caroline Ara\u00fajo, vencedora da categoria M19 Feminino - Foto: \u00cdcaro Leal\/Jacare\u00ed Rugby<\/figcaption>\n\t\t\t\t\t\t\t\t\t\t<\/figure>\n\t\t\t\t\t\t\t\t\t<\/div>\n\t\t\t\t<\/div>\n\t\t\t\t<div class=\"elementor-element elementor-element-230dd79 elementor-widget elementor-widget-image\" data-id=\"230dd79\" data-element_type=\"widget\" data-e-type=\"widget\" data-widget_type=\"image.default\">\n\t\t\t\t<div class=\"elementor-widget-container\">\n\t\t\t\t\t\t\t\t\t\t\t\t<figure class=\"wp-caption\">\n\t\t\t\t\t\t\t\t\t\t<img loading=\"lazy\" decoding=\"async\" width=\"640\" height=\"359\" src=\"https:\/\/jacareirugby.com.br\/wp-content\/uploads\/2025\/04\/20250312_211715-scaled-e1744921847950-1024x574.jpg\" class=\"attachment-large size-large wp-image-1644\" alt=\"\" srcset=\"https:\/\/jacareirugby.com.br\/wp-content\/uploads\/2025\/04\/20250312_211715-scaled-e1744921847950-1024x574.jpg 1024w, https:\/\/jacareirugby.com.br\/wp-content\/uploads\/2025\/04\/20250312_211715-scaled-e1744921847950-300x168.jpg 300w, https:\/\/jacareirugby.com.br\/wp-content\/uploads\/2025\/04\/20250312_211715-scaled-e1744921847950-768x430.jpg 768w, https:\/\/jacareirugby.com.br\/wp-content\/uploads\/2025\/04\/20250312_211715-scaled-e1744921847950-1536x860.jpg 1536w, https:\/\/jacareirugby.com.br\/wp-content\/uploads\/2025\/04\/20250312_211715-scaled-e1744921847950-2048x1147.jpg 2048w, https:\/\/jacareirugby.com.br\/wp-content\/uploads\/2025\/04\/20250312_211715-scaled-e1744921847950-1568x878.jpg 1568w\" sizes=\"(max-width: 640px) 100vw, 640px\" \/>\t\t\t\t\t\t\t\t\t\t\t<figcaption class=\"widget-image-caption wp-caption-text\">Leonardo Soares venceu dois pr\u00eamios nesta edi\u00e7\u00e3o - Foto: \u00cdcaro Leal\/Jacare\u00ed Rugby<\/figcaption>\n\t\t\t\t\t\t\t\t\t\t<\/figure>\n\t\t\t\t\t\t\t\t\t<\/div>\n\t\t\t\t<\/div>\n\t\t\t\t<\/div>\n\t\t\t\t<\/div>\n\t\t<div class=\"elementor-element elementor-element-ce7c753 e-con-full e-flex e-con e-parent\" data-id=\"ce7c753\" data-element_type=\"container\" data-e-type=\"container\">\n\t\t<div class=\"elementor-element elementor-element-ceea199 e-con-full e-flex e-con e-child\" data-id=\"ceea199\" data-element_type=\"container\" data-e-type=\"container\">\n\t\t\t\t<div class=\"elementor-element elementor-element-24c8c84 elementor-widget__width-initial elementor-widget elementor-widget-heading\" data-id=\"24c8c84\" data-element_type=\"widget\" data-e-type=\"widget\" data-widget_type=\"heading.default\">\n\t\t\t\t<div class=\"elementor-widget-container\">\n\t\t\t\t\t<h1 class=\"elementor-heading-title elementor-size-default\">Golden Caps<\/h1>\t\t\t\t<\/div>\n\t\t\t\t<\/div>\n\t\t\t\t<div class=\"elementor-element elementor-element-538a017 elementor-widget__width-initial elementor-widget elementor-widget-text-editor\" data-id=\"538a017\" data-element_type=\"widget\" data-e-type=\"widget\" data-widget_type=\"text-editor.default\">\n\t\t\t\t<div class=\"elementor-widget-container\">\n\t\t\t\t\t\t\t\t\t<p>Evento criado em 2019 com o intuito de Premiar os Atletas com mais jogos pelo Jacare\u00ed Rugby.\u00a0<\/p><p>A primeira edi\u00e7\u00e3o do evento aconteceu de forma independente. A partir das seguintes, dentro da Premia\u00e7\u00e3o R\u00f4mulo Rambaldi.<\/p><p>\u00a0<\/p>\t\t\t\t\t\t\t\t<\/div>\n\t\t\t\t<\/div>\n\t\t\t\t<\/div>\n\t\t<div class=\"elementor-element elementor-element-7d30501 e-con-full e-flex e-con e-child\" data-id=\"7d30501\" data-element_type=\"container\" data-e-type=\"container\" data-settings=\"{&quot;background_background&quot;:&quot;classic&quot;}\">\n\t\t\t\t<div class=\"elementor-element elementor-element-1635427 elementor-widget elementor-widget-image\" data-id=\"1635427\" data-element_type=\"widget\" data-e-type=\"widget\" data-widget_type=\"image.default\">\n\t\t\t\t<div class=\"elementor-widget-container\">\n\t\t\t\t\t\t\t\t\t\t\t\t<figure class=\"wp-caption\">\n\t\t\t\t\t\t\t\t\t\t<img loading=\"lazy\" decoding=\"async\" width=\"640\" height=\"427\" src=\"https:\/\/jacareirugby.com.br\/wp-content\/uploads\/2024\/06\/20190221-Golden-Caps-Icaro-Leal-JR-57-1024x683.jpg\" class=\"attachment-large size-large wp-image-1337\" alt=\"\" srcset=\"https:\/\/jacareirugby.com.br\/wp-content\/uploads\/2024\/06\/20190221-Golden-Caps-Icaro-Leal-JR-57-1024x683.jpg 1024w, https:\/\/jacareirugby.com.br\/wp-content\/uploads\/2024\/06\/20190221-Golden-Caps-Icaro-Leal-JR-57-300x200.jpg 300w, https:\/\/jacareirugby.com.br\/wp-content\/uploads\/2024\/06\/20190221-Golden-Caps-Icaro-Leal-JR-57-768x512.jpg 768w, https:\/\/jacareirugby.com.br\/wp-content\/uploads\/2024\/06\/20190221-Golden-Caps-Icaro-Leal-JR-57-1536x1024.jpg 1536w, https:\/\/jacareirugby.com.br\/wp-content\/uploads\/2024\/06\/20190221-Golden-Caps-Icaro-Leal-JR-57-2048x1366.jpg 2048w, https:\/\/jacareirugby.com.br\/wp-content\/uploads\/2024\/06\/20190221-Golden-Caps-Icaro-Leal-JR-57-1568x1046.jpg 1568w\" sizes=\"(max-width: 640px) 100vw, 640px\" \/>\t\t\t\t\t\t\t\t\t\t\t<figcaption class=\"widget-image-caption wp-caption-text\">Veteranos do Jacare\u00ed Rugby no Golden Caps - Foto Icaro Leal\/Jacare\u00ed Rugby<\/figcaption>\n\t\t\t\t\t\t\t\t\t\t<\/figure>\n\t\t\t\t\t\t\t\t\t<\/div>\n\t\t\t\t<\/div>\n\t\t\t\t<\/div>\n\t\t\t\t<\/div>\n\t\t<div class=\"elementor-element elementor-element-c22aa8d e-con-full e-flex e-con e-parent\" data-id=\"c22aa8d\" data-element_type=\"container\" data-e-type=\"container\">\n\t\t<div class=\"elementor-element elementor-element-d62c4a8 e-con-full e-flex e-con e-child\" data-id=\"d62c4a8\" data-element_type=\"container\" data-e-type=\"container\">\n\t\t\t\t<div class=\"elementor-element elementor-element-ee3f7df elementor-widget__width-initial elementor-widget elementor-widget-text-editor\" data-id=\"ee3f7df\" data-element_type=\"widget\" data-e-type=\"widget\" data-widget_type=\"text-editor.default\">\n\t\t\t\t<div class=\"elementor-widget-container\">\n\t\t\t\t\t\t\t\t\t<p><strong>Golden Caps &#8211; 1\u00aa Edi\u00e7\u00e3o &#8211; 2019<\/strong><\/p>\t\t\t\t\t\t\t\t<\/div>\n\t\t\t\t<\/div>\n\t\t\t\t<div class=\"elementor-element elementor-element-eb87a7a elementor-widget__width-initial elementor-widget elementor-widget-text-editor\" data-id=\"eb87a7a\" data-element_type=\"widget\" data-e-type=\"widget\" data-widget_type=\"text-editor.default\">\n\t\t\t\t<div class=\"elementor-widget-container\">\n\t\t\t\t\t\t\t\t\t<p>Completaram 50 Caps<\/p><ul><li>Luiz Gustavo Andreoti<\/li><li>Luan Almeida<\/li><li>Augusto Cambuzano<\/li><li>J\u00falio Faria<\/li><li>Felipe Silva<\/li><li>Lucas Drudi<\/li><li>Matheus Daniel<\/li><li>Rafael Goes<\/li><li>Warlen J\u00fanior<\/li><li>Helder Garcia<\/li><li>Pedro Andreoti<\/li><li>Jhonatan Dias<\/li><\/ul><div>\u00a0<\/div>\t\t\t\t\t\t\t\t<\/div>\n\t\t\t\t<\/div>\n\t\t\t\t<\/div>\n\t\t<div class=\"elementor-element elementor-element-23fbd84 e-con-full e-flex e-con e-child\" data-id=\"23fbd84\" data-element_type=\"container\" data-e-type=\"container\" data-settings=\"{&quot;background_background&quot;:&quot;classic&quot;}\">\n\t\t\t\t<div class=\"elementor-element elementor-element-05f9db9 elementor-widget elementor-widget-image\" data-id=\"05f9db9\" data-element_type=\"widget\" data-e-type=\"widget\" data-widget_type=\"image.default\">\n\t\t\t\t<div class=\"elementor-widget-container\">\n\t\t\t\t\t\t\t\t\t\t\t\t<figure class=\"wp-caption\">\n\t\t\t\t\t\t\t\t\t\t<img loading=\"lazy\" decoding=\"async\" width=\"640\" height=\"427\" src=\"https:\/\/jacareirugby.com.br\/wp-content\/uploads\/2024\/06\/20190221-Golden-Caps-Icaro-Leal-JR-97-1024x683.jpg\" class=\"attachment-large size-large wp-image-1338\" alt=\"\" srcset=\"https:\/\/jacareirugby.com.br\/wp-content\/uploads\/2024\/06\/20190221-Golden-Caps-Icaro-Leal-JR-97-1024x683.jpg 1024w, https:\/\/jacareirugby.com.br\/wp-content\/uploads\/2024\/06\/20190221-Golden-Caps-Icaro-Leal-JR-97-300x200.jpg 300w, https:\/\/jacareirugby.com.br\/wp-content\/uploads\/2024\/06\/20190221-Golden-Caps-Icaro-Leal-JR-97-768x512.jpg 768w, https:\/\/jacareirugby.com.br\/wp-content\/uploads\/2024\/06\/20190221-Golden-Caps-Icaro-Leal-JR-97-1536x1024.jpg 1536w, https:\/\/jacareirugby.com.br\/wp-content\/uploads\/2024\/06\/20190221-Golden-Caps-Icaro-Leal-JR-97-2048x1365.jpg 2048w, https:\/\/jacareirugby.com.br\/wp-content\/uploads\/2024\/06\/20190221-Golden-Caps-Icaro-Leal-JR-97-1568x1045.jpg 1568w\" sizes=\"(max-width: 640px) 100vw, 640px\" \/>\t\t\t\t\t\t\t\t\t\t\t<figcaption class=\"widget-image-caption wp-caption-text\">Atletas que completaram 50 jogos at\u00e9 2018 e receberam homenagens - Foto \u00cdcaro Leal\/Jacare\u00ed Rugby<\/figcaption>\n\t\t\t\t\t\t\t\t\t\t<\/figure>\n\t\t\t\t\t\t\t\t\t<\/div>\n\t\t\t\t<\/div>\n\t\t\t\t<\/div>\n\t\t\t\t<\/div>\n\t\t<div class=\"elementor-element elementor-element-c555910 e-flex e-con-boxed e-con e-parent\" data-id=\"c555910\" data-element_type=\"container\" data-e-type=\"container\">\n\t\t\t\t\t<div class=\"e-con-inner\">\n\t\t<div class=\"elementor-element elementor-element-0cd2326 e-con-full e-flex e-con e-child\" data-id=\"0cd2326\" data-element_type=\"container\" data-e-type=\"container\">\n\t\t\t\t<div class=\"elementor-element elementor-element-a56930d elementor-widget__width-initial elementor-widget elementor-widget-text-editor\" data-id=\"a56930d\" data-element_type=\"widget\" data-e-type=\"widget\" data-widget_type=\"text-editor.default\">\n\t\t\t\t<div class=\"elementor-widget-container\">\n\t\t\t\t\t\t\t\t\t<p><strong>Golden Caps &#8211; 2\u00aa Edi\u00e7\u00e3o &#8211; 2019<\/strong><\/p>\t\t\t\t\t\t\t\t<\/div>\n\t\t\t\t<\/div>\n\t\t\t\t<div class=\"elementor-element elementor-element-0d0c914 elementor-widget__width-initial elementor-widget elementor-widget-text-editor\" data-id=\"0d0c914\" data-element_type=\"widget\" data-e-type=\"widget\" data-widget_type=\"text-editor.default\">\n\t\t\t\t<div class=\"elementor-widget-container\">\n\t\t\t\t\t\t\t\t\t<p>Completaram 50 caps<\/p><div><ul><li>Bruno Garcia<\/li><li>Matheus Cruz<\/li><li>Rafael Fraz\u00e3o<\/li><li>Vin\u00edcius Gon\u00e7alves<\/li><\/ul><p>Completaram 100 caps<\/p><ul><li>Luiz Gustavo Andreoti<\/li><\/ul><\/div>\t\t\t\t\t\t\t\t<\/div>\n\t\t\t\t<\/div>\n\t\t\t\t<\/div>\n\t\t<div class=\"elementor-element elementor-element-732affb e-con-full e-flex e-con e-child\" data-id=\"732affb\" data-element_type=\"container\" data-e-type=\"container\" data-settings=\"{&quot;background_background&quot;:&quot;classic&quot;}\">\n\t\t\t\t<div class=\"elementor-element elementor-element-f17a3f1 elementor-widget elementor-widget-image\" data-id=\"f17a3f1\" data-element_type=\"widget\" data-e-type=\"widget\" data-widget_type=\"image.default\">\n\t\t\t\t<div class=\"elementor-widget-container\">\n\t\t\t\t\t\t\t\t\t\t\t\t<figure class=\"wp-caption\">\n\t\t\t\t\t\t\t\t\t\t<img loading=\"lazy\" decoding=\"async\" width=\"640\" height=\"427\" src=\"https:\/\/jacareirugby.com.br\/wp-content\/uploads\/2024\/06\/20191213-Romulo-Rambaldi-Foto-Icaro-Leal-Jacarei-Rugby-37-1024x683.jpg\" class=\"attachment-large size-large wp-image-1339\" alt=\"\" srcset=\"https:\/\/jacareirugby.com.br\/wp-content\/uploads\/2024\/06\/20191213-Romulo-Rambaldi-Foto-Icaro-Leal-Jacarei-Rugby-37-1024x683.jpg 1024w, https:\/\/jacareirugby.com.br\/wp-content\/uploads\/2024\/06\/20191213-Romulo-Rambaldi-Foto-Icaro-Leal-Jacarei-Rugby-37-300x200.jpg 300w, https:\/\/jacareirugby.com.br\/wp-content\/uploads\/2024\/06\/20191213-Romulo-Rambaldi-Foto-Icaro-Leal-Jacarei-Rugby-37-768x512.jpg 768w, https:\/\/jacareirugby.com.br\/wp-content\/uploads\/2024\/06\/20191213-Romulo-Rambaldi-Foto-Icaro-Leal-Jacarei-Rugby-37-1536x1024.jpg 1536w, https:\/\/jacareirugby.com.br\/wp-content\/uploads\/2024\/06\/20191213-Romulo-Rambaldi-Foto-Icaro-Leal-Jacarei-Rugby-37-2048x1365.jpg 2048w, https:\/\/jacareirugby.com.br\/wp-content\/uploads\/2024\/06\/20191213-Romulo-Rambaldi-Foto-Icaro-Leal-Jacarei-Rugby-37-1568x1045.jpg 1568w\" sizes=\"(max-width: 640px) 100vw, 640px\" \/>\t\t\t\t\t\t\t\t\t\t\t<figcaption class=\"widget-image-caption wp-caption-text\">Rafael Fraz\u00e3o foi um dos homenageados em 2019 - Foto \u00cdcaro Leal\/Jacare\u00ed Rugby<\/figcaption>\n\t\t\t\t\t\t\t\t\t\t<\/figure>\n\t\t\t\t\t\t\t\t\t<\/div>\n\t\t\t\t<\/div>\n\t\t\t\t<\/div>\n\t\t\t\t\t<\/div>\n\t\t\t\t<\/div>\n\t\t<div class=\"elementor-element elementor-element-5cf36f3 e-con-full e-flex e-con e-parent\" data-id=\"5cf36f3\" data-element_type=\"container\" data-e-type=\"container\">\n\t\t<div class=\"elementor-element elementor-element-e9ba0f4 e-con-full e-flex e-con e-child\" data-id=\"e9ba0f4\" data-element_type=\"container\" data-e-type=\"container\">\n\t\t\t\t<div class=\"elementor-element elementor-element-ec6e14b elementor-widget__width-initial elementor-widget elementor-widget-text-editor\" data-id=\"ec6e14b\" data-element_type=\"widget\" data-e-type=\"widget\" data-widget_type=\"text-editor.default\">\n\t\t\t\t<div class=\"elementor-widget-container\">\n\t\t\t\t\t\t\t\t\t<p><strong>Golden Caps &#8211; 3\u00aa Edi\u00e7\u00e3o &#8211; 2022<\/strong><\/p>\t\t\t\t\t\t\t\t<\/div>\n\t\t\t\t<\/div>\n\t\t\t\t<div class=\"elementor-element elementor-element-dbe26fb elementor-widget__width-initial elementor-widget elementor-widget-text-editor\" data-id=\"dbe26fb\" data-element_type=\"widget\" data-e-type=\"widget\" data-widget_type=\"text-editor.default\">\n\t\t\t\t<div class=\"elementor-widget-container\">\n\t\t\t\t\t\t\t\t\t<p>Completaram 50 caps<\/p><div><ul><li>Pedro Nicolas Rivero<\/li><li>Leonardo Ceccarelli<\/li><li>Eduardo Garcia<\/li><\/ul><\/div>\t\t\t\t\t\t\t\t<\/div>\n\t\t\t\t<\/div>\n\t\t\t\t<\/div>\n\t\t<div class=\"elementor-element elementor-element-0a834a7 e-con-full e-flex e-con e-child\" data-id=\"0a834a7\" data-element_type=\"container\" data-e-type=\"container\" data-settings=\"{&quot;background_background&quot;:&quot;classic&quot;}\">\n\t\t\t\t<div class=\"elementor-element elementor-element-4d1f253 elementor-widget elementor-widget-image\" data-id=\"4d1f253\" data-element_type=\"widget\" data-e-type=\"widget\" data-widget_type=\"image.default\">\n\t\t\t\t<div class=\"elementor-widget-container\">\n\t\t\t\t\t\t\t\t\t\t\t\t<figure class=\"wp-caption\">\n\t\t\t\t\t\t\t\t\t\t<img loading=\"lazy\" decoding=\"async\" width=\"640\" height=\"480\" src=\"https:\/\/jacareirugby.com.br\/wp-content\/uploads\/2024\/06\/20230317_201142-1024x768.jpg\" class=\"attachment-large size-large wp-image-1340\" alt=\"\" srcset=\"https:\/\/jacareirugby.com.br\/wp-content\/uploads\/2024\/06\/20230317_201142-1024x768.jpg 1024w, https:\/\/jacareirugby.com.br\/wp-content\/uploads\/2024\/06\/20230317_201142-300x225.jpg 300w, https:\/\/jacareirugby.com.br\/wp-content\/uploads\/2024\/06\/20230317_201142-768x576.jpg 768w, https:\/\/jacareirugby.com.br\/wp-content\/uploads\/2024\/06\/20230317_201142-1536x1152.jpg 1536w, https:\/\/jacareirugby.com.br\/wp-content\/uploads\/2024\/06\/20230317_201142-2048x1536.jpg 2048w, https:\/\/jacareirugby.com.br\/wp-content\/uploads\/2024\/06\/20230317_201142-1568x1176.jpg 1568w\" sizes=\"(max-width: 640px) 100vw, 640px\" \/>\t\t\t\t\t\t\t\t\t\t\t<figcaption class=\"widget-image-caption wp-caption-text\">Eduardo Garcia foi um dos homenagedos no Golden Caps 2022 - Foto \u00cdcaro Leal\/Jacare\u00ed Rugby<\/figcaption>\n\t\t\t\t\t\t\t\t\t\t<\/figure>\n\t\t\t\t\t\t\t\t\t<\/div>\n\t\t\t\t<\/div>\n\t\t\t\t<\/div>\n\t\t\t\t<\/div>\n\t\t<div class=\"elementor-element elementor-element-a462b30 e-con-full e-flex e-con e-parent\" data-id=\"a462b30\" data-element_type=\"container\" data-e-type=\"container\">\n\t\t<div class=\"elementor-element elementor-element-823a360 e-con-full e-flex e-con e-child\" data-id=\"823a360\" data-element_type=\"container\" data-e-type=\"container\">\n\t\t\t\t<div class=\"elementor-element elementor-element-42fb86c elementor-widget__width-initial elementor-widget elementor-widget-text-editor\" data-id=\"42fb86c\" data-element_type=\"widget\" data-e-type=\"widget\" data-widget_type=\"text-editor.default\">\n\t\t\t\t<div class=\"elementor-widget-container\">\n\t\t\t\t\t\t\t\t\t<p><strong>Golden Caps &#8211; 4\u00aa Edi\u00e7\u00e3o &#8211; 2024<\/strong><\/p>\t\t\t\t\t\t\t\t<\/div>\n\t\t\t\t<\/div>\n\t\t\t\t<div class=\"elementor-element elementor-element-561b3d2 elementor-widget__width-initial elementor-widget elementor-widget-text-editor\" data-id=\"561b3d2\" data-element_type=\"widget\" data-e-type=\"widget\" data-widget_type=\"text-editor.default\">\n\t\t\t\t<div class=\"elementor-widget-container\">\n\t\t\t\t\t\t\t\t\t<p>Completaram 50 caps<\/p><div><ul><li>Jo\u00e3o Victor Sales<\/li><li>Leonardo Soares<\/li><li>Matheus Augusto<\/li><li>Renato Costa<\/li><\/ul><p>Completaram 100 caps<\/p><div><ul><li>Felipe Silva<\/li><li>Lucas Drudi<\/li><li>Matheus Cruz<\/li><\/ul><\/div><\/div>\t\t\t\t\t\t\t\t<\/div>\n\t\t\t\t<\/div>\n\t\t\t\t<\/div>\n\t\t<div class=\"elementor-element elementor-element-8cf30b3 e-con-full e-flex e-con e-child\" data-id=\"8cf30b3\" data-element_type=\"container\" data-e-type=\"container\" data-settings=\"{&quot;background_background&quot;:&quot;classic&quot;}\">\n\t\t\t\t<div class=\"elementor-element elementor-element-0b0bffa elementor-widget elementor-widget-image\" data-id=\"0b0bffa\" data-element_type=\"widget\" data-e-type=\"widget\" data-widget_type=\"image.default\">\n\t\t\t\t<div class=\"elementor-widget-container\">\n\t\t\t\t\t\t\t\t\t\t\t\t<figure class=\"wp-caption\">\n\t\t\t\t\t\t\t\t\t\t<img loading=\"lazy\" decoding=\"async\" width=\"640\" height=\"524\" src=\"https:\/\/jacareirugby.com.br\/wp-content\/uploads\/2025\/04\/IMG_9251-scaled-e1744922925756-1024x839.jpg\" class=\"attachment-large size-large wp-image-1645\" alt=\"\" srcset=\"https:\/\/jacareirugby.com.br\/wp-content\/uploads\/2025\/04\/IMG_9251-scaled-e1744922925756-1024x839.jpg 1024w, https:\/\/jacareirugby.com.br\/wp-content\/uploads\/2025\/04\/IMG_9251-scaled-e1744922925756-300x246.jpg 300w, https:\/\/jacareirugby.com.br\/wp-content\/uploads\/2025\/04\/IMG_9251-scaled-e1744922925756-768x630.jpg 768w, https:\/\/jacareirugby.com.br\/wp-content\/uploads\/2025\/04\/IMG_9251-scaled-e1744922925756-1536x1259.jpg 1536w, https:\/\/jacareirugby.com.br\/wp-content\/uploads\/2025\/04\/IMG_9251-scaled-e1744922925756-1568x1285.jpg 1568w, https:\/\/jacareirugby.com.br\/wp-content\/uploads\/2025\/04\/IMG_9251-scaled-e1744922925756.jpg 1920w\" sizes=\"(max-width: 640px) 100vw, 640px\" \/>\t\t\t\t\t\t\t\t\t\t\t<figcaption class=\"widget-image-caption wp-caption-text\">Jogadores que completaram 100 jogos pelo Jacare\u00ed Rugby - Foto: B\u00e1rbara Leite<\/figcaption>\n\t\t\t\t\t\t\t\t\t\t<\/figure>\n\t\t\t\t\t\t\t\t\t<\/div>\n\t\t\t\t<\/div>\n\t\t\t\t<\/div>\n\t\t\t\t<\/div>\n\t\t\t\t<\/div>\n\t\t","protected":false},"excerpt":{"rendered":"<p>Pr\u00eamio R\u00f4mulo Rambaldi O Pr\u00eamio R\u00f4mulo Rambaldi \u00e9 um evento criado pelo Jacare\u00ed Rugby para reconhecimento dos melhores atletas da Associa\u00e7\u00e3o Esportiva Jacare\u00ed Rugby durante o ano. A primeira edi\u00e7\u00e3o do evento aconteceu em 2014. Confira todos os indicados e vencedores. 6\u00aa Edi\u00e7\u00e3o do Pr\u00eamio R\u00f4mulo Rambaldi &#8211; Foto Icaro Leal\/Jacarei Rugby Edi\u00e7\u00e3o 2014 Atleta &hellip; <\/p>\n<p class=\"link-more\"><a href=\"https:\/\/jacareirugby.com.br\/?page_id=1305\" class=\"more-link\">Continue lendo<span class=\"screen-reader-text\"> &#8220;Premia\u00e7\u00f5es do Clube&#8221;<\/span><\/a><\/p>\n","protected":false},"author":2,"featured_media":0,"parent":0,"menu_order":0,"comment_status":"closed","ping_status":"closed","template":"","meta":{"footnotes":""},"class_list":["post-1305","page","type-page","status-publish","hentry","entry"],"_links":{"self":[{"href":"https:\/\/jacareirugby.com.br\/index.php?rest_route=\/wp\/v2\/pages\/1305","targetHints":{"allow":["GET"]}}],"collection":[{"href":"https:\/\/jacareirugby.com.br\/index.php?rest_route=\/wp\/v2\/pages"}],"about":[{"href":"https:\/\/jacareirugby.com.br\/index.php?rest_route=\/wp\/v2\/types\/page"}],"author":[{"embeddable":true,"href":"https:\/\/jacareirugby.com.br\/index.php?rest_route=\/wp\/v2\/users\/2"}],"replies":[{"embeddable":true,"href":"https:\/\/jacareirugby.com.br\/index.php?rest_route=%2Fwp%2Fv2%2Fcomments&post=1305"}],"version-history":[{"count":14,"href":"https:\/\/jacareirugby.com.br\/index.php?rest_route=\/wp\/v2\/pages\/1305\/revisions"}],"predecessor-version":[{"id":1648,"href":"https:\/\/jacareirugby.com.br\/index.php?rest_route=\/wp\/v2\/pages\/1305\/revisions\/1648"}],"wp:attachment":[{"href":"https:\/\/jacareirugby.com.br\/index.php?rest_route=%2Fwp%2Fv2%2Fmedia&parent=1305"}],"curies":[{"name":"wp","href":"https:\/\/api.w.org\/{rel}","templated":true}]}}